{"id":111,"date":"2022-07-01T17:33:35","date_gmt":"2022-07-01T15:33:35","guid":{"rendered":"https:\/\/www.bs-hof.de\/?page_id=111"},"modified":"2025-04-29T08:41:06","modified_gmt":"2025-04-29T06:41:06","slug":"blockplaene-erster-schultag","status":"publish","type":"page","link":"https:\/\/www.bs-hof.de\/index.php\/blockplaene-erster-schultag\/","title":{"rendered":"Blockpl\u00e4ne \/ Erster Schultag"},"content":{"rendered":"<p>[et_pb_section fb_built=&#8220;1&#8243; admin_label=&#8220;Gr\u00fcner Balken&#8220; _builder_version=&#8220;4.17.4&#8243; _module_preset=&#8220;default&#8220; background_color=&#8220;#A7C520&#8243; height=&#8220;3vh&#8220; custom_margin=&#8220;0px|0px|0px|0px|false|false&#8220; custom_padding=&#8220;0px|0px|0px|0px|false|false&#8220; da_disable_devices=&#8220;off|off|off&#8220; collapsed=&#8220;on&#8220; global_colors_info=&#8220;{}&#8220; da_is_popup=&#8220;off&#8220; da_exit_intent=&#8220;off&#8220; da_has_close=&#8220;on&#8220; da_alt_close=&#8220;off&#8220; da_dark_close=&#8220;off&#8220; da_not_modal=&#8220;on&#8220; da_is_singular=&#8220;off&#8220; da_with_loader=&#8220;off&#8220; da_has_shadow=&#8220;on&#8220;][\/et_pb_section][et_pb_section fb_built=&#8220;1&#8243; make_equal=&#8220;on&#8220; specialty=&#8220;on&#8220; admin_label=&#8220;Titel&#8220; _builder_version=&#8220;4.17.4&#8243; _module_preset=&#8220;default&#8220; use_background_color_gradient=&#8220;on&#8220; background_color_gradient_type=&#8220;elliptical&#8220; background_color_gradient_direction_radial=&#8220;top right&#8220; background_color_gradient_stops=&#8220;#f5f6d4 31%|#f5f6f8 59%|#dce8a7 87%&#8220; background_color_gradient_overlays_image=&#8220;on&#8220; background_color_gradient_start=&#8220;rgba(40,40,40,0.79)&#8220; background_color_gradient_end=&#8220;rgba(40,40,40,0.86)&#8220; background_enable_image=&#8220;off&#8220; background_enable_pattern_style=&#8220;on&#8220; background_pattern_style=&#8220;honeycomb&#8220; background_pattern_color=&#8220;rgba(0,0,0,0.05)&#8220; background_pattern_size=&#8220;custom&#8220; background_pattern_width=&#8220;53px&#8220; width=&#8220;100%&#8220; inner_width=&#8220;100%&#8220; inner_max_width=&#8220;80vw&#8220; custom_margin=&#8220;||||false&#8220; custom_padding=&#8220;1vw||1vw||true|false&#8220; da_disable_devices=&#8220;off|off|off&#8220; collapsed=&#8220;on&#8220; global_colors_info=&#8220;{}&#8220; da_is_popup=&#8220;off&#8220; da_exit_intent=&#8220;off&#8220; da_has_close=&#8220;on&#8220; da_alt_close=&#8220;off&#8220; da_dark_close=&#8220;off&#8220; da_not_modal=&#8220;on&#8220; da_is_singular=&#8220;off&#8220; da_with_loader=&#8220;off&#8220; da_has_shadow=&#8220;on&#8220;][et_pb_column type=&#8220;2_3&#8243; specialty_columns=&#8220;2&#8243; _builder_version=&#8220;4.16&#8243; custom_padding=&#8220;|||&#8220; global_colors_info=&#8220;{}&#8220; custom_padding__hover=&#8220;|||&#8220;][et_pb_row_inner _builder_version=&#8220;4.17.4&#8243; _module_preset=&#8220;default&#8220; width=&#8220;80%&#8220; global_colors_info=&#8220;{}&#8220;][et_pb_column_inner saved_specialty_column_type=&#8220;2_3&#8243; _builder_version=&#8220;4.17.4&#8243; _module_preset=&#8220;default&#8220; global_colors_info=&#8220;{}&#8220;][et_pb_text _builder_version=&#8220;4.18.0&#8243; _module_preset=&#8220;default&#8220; header_font=&#8220;|800|||||||&#8220; header_text_color=&#8220;#493F0B&#8220; header_font_size=&#8220;5em&#8220; header_font_size_tablet=&#8220;5em&#8220; header_font_size_phone=&#8220;3em&#8220; header_font_size_last_edited=&#8220;on|phone&#8220; global_colors_info=&#8220;{}&#8220;]<\/p>\n<h1>Blockpl\u00e4ne \/ Erster Schultag<\/h1>\n<p>[\/et_pb_text][\/et_pb_column_inner][\/et_pb_row_inner][\/et_pb_column][et_pb_column type=&#8220;1_3&#8243; _builder_version=&#8220;4.16&#8243; custom_padding=&#8220;|||&#8220; global_colors_info=&#8220;{}&#8220; custom_padding__hover=&#8220;|||&#8220;][\/et_pb_column][\/et_pb_section][et_pb_section fb_built=&#8220;1&#8243; admin_label=&#8220;Fachbereiche&#8220; _builder_version=&#8220;4.16&#8243; _module_preset=&#8220;default&#8220; custom_padding=&#8220;|||&#8220; animation_style=&#8220;slide&#8220; animation_direction=&#8220;top&#8220; animation_intensity_slide=&#8220;10%&#8220; da_disable_devices=&#8220;off|off|off&#8220; box_shadow_style=&#8220;preset3&#8243; box_shadow_vertical=&#8220;10px&#8220; box_shadow_blur=&#8220;105px&#8220; box_shadow_spread=&#8220;0px&#8220; box_shadow_color=&#8220;rgba(0,0,0,0.12)&#8220; collapsed=&#8220;on&#8220; global_colors_info=&#8220;{}&#8220; da_is_popup=&#8220;off&#8220; da_exit_intent=&#8220;off&#8220; da_has_close=&#8220;on&#8220; da_alt_close=&#8220;off&#8220; da_dark_close=&#8220;off&#8220; da_not_modal=&#8220;on&#8220; da_is_singular=&#8220;off&#8220; da_with_loader=&#8220;off&#8220; da_has_shadow=&#8220;on&#8220;][et_pb_row _builder_version=&#8220;4.17.4&#8243; _module_preset=&#8220;default&#8220; global_colors_info=&#8220;{}&#8220;][et_pb_column type=&#8220;4_4&#8243; _builder_version=&#8220;4.17.4&#8243; _module_preset=&#8220;default&#8220; global_colors_info=&#8220;{}&#8220;][et_pb_text _builder_version=&#8220;4.27.3&#8243; _module_preset=&#8220;default&#8220; text_font=&#8220;||||||||&#8220; header_font=&#8220;||||||||&#8220; header_2_font=&#8220;Rubik|700|||||||&#8220; header_2_text_color=&#8220;#A7C520&#8243; header_2_font_size=&#8220;42px&#8220; header_2_line_height=&#8220;1.2em&#8220; module_alignment=&#8220;center&#8220; custom_margin=&#8220;|||&#8220; custom_padding=&#8220;|||&#8220; hover_enabled=&#8220;0&#8243; header_2_font_size_tablet=&#8220;&#8220; header_2_font_size_phone=&#8220;36px&#8220; header_2_font_size_last_edited=&#8220;on|phone&#8220; locked=&#8220;off&#8220; global_colors_info=&#8220;{}&#8220; sticky_enabled=&#8220;0&#8243;]<\/p>\n<h2><span>1. Schultag f\u00fcr das Schuljahr 2025\/26<\/span><\/h2>\n<p>[\/et_pb_text][\/et_pb_column][\/et_pb_row][et_pb_row make_equal=&#8220;on&#8220; _builder_version=&#8220;4.27.3&#8243; _module_preset=&#8220;default&#8220; background_color=&#8220;#ffffff&#8220; max_width=&#8220;80%&#8220; custom_margin=&#8220;|||&#8220; hover_enabled=&#8220;0&#8243; use_custom_width=&#8220;on&#8220; width_unit=&#8220;off&#8220; global_colors_info=&#8220;{}&#8220; sticky_enabled=&#8220;0&#8243;][et_pb_column type=&#8220;4_4&#8243; _builder_version=&#8220;4.16&#8243; _module_preset=&#8220;default&#8220; custom_padding=&#8220;|||&#8220; global_colors_info=&#8220;{}&#8220; custom_padding__hover=&#8220;|||&#8220;][et_pb_text _builder_version=&#8220;4.27.3&#8243; _module_preset=&#8220;default&#8220; text_text_color=&#8220;#000000&#8243; text_font_size=&#8220;19px&#8220; text_letter_spacing=&#8220;1px&#8220; text_line_height=&#8220;1.1em&#8220; hover_enabled=&#8220;0&#8243; global_colors_info=&#8220;{}&#8220; sticky_enabled=&#8220;0&#8243;]<\/p>\n<p class=\"bodytext\">Hier werden bis<b> Ende Juli<\/b> die Blockpl\u00e4ne und die ersten Schultage der Klassen bekanntgegeben.<\/p>\n<p class=\"bodytext\">Bitte beachten Sie: Bei der Online-Anmeldung werden Sie automatisch in die Klasse 10a eingeteilt. Sollte aufgrund der Sch\u00fclerzahlen eine Klassenteilung m\u00f6glich sein, werden Sie informiert, in welche Klasse (a,b oder c) Sie kommen. Sollten Sie keine Informationen bekommen, k\u00f6nnen Sie ab Montag, den 08.09.\u00a0 im jeweiligen Sekretariat nachfragen.<\/p>\n<p>[\/et_pb_text][et_pb_code _builder_version=&#8220;4.17.4&#8243; _module_preset=&#8220;default&#8220; global_module=&#8220;618&#8243; global_colors_info=&#8220;{}&#8220;]\n<table id=\"tablepress-1\" class=\"tablepress tablepress-id-1\">\n<thead>\n<tr class=\"row-1\">\n\t<th class=\"column-1\">Beruf<\/th><th class=\"column-2\">Klassen-Bezeichnung<\/th><th class=\"column-3\">1. Schultag<\/th><th class=\"column-4\">Datum<\/th><th class=\"column-5\">Uhrzeit<\/th><th class=\"column-6\">Schulort<\/th><th class=\"column-7\">Raum<\/th><th class=\"column-8\">Links zum Blockplan und weiteren Infos<\/th>\n<\/tr>\n<\/thead>\n<tbody class=\"row-striping row-hover\">\n<tr class=\"row-2\">\n\t<td class=\"column-1\">Anlagenmechaniker Sanit\u00e4r, Heizung, Klima<\/td><td class=\"column-2\">MSH10<br \/>\nMSH11<br \/>\nMSH12<br \/>\nMSH13<\/td><td class=\"column-3\">Dienstag<br \/>\nMontag<br \/>\nMontag<br \/>\nMontag<\/td><td class=\"column-4\">16.09.25<br \/>\n29.09.25<br \/>\n08.12.25<br \/>\n13.10.25<\/td><td class=\"column-5\">jeweils 08:00 Uhr<\/td><td class=\"column-6\">Hof<\/td><td class=\"column-7\">Ho202<\/td><td class=\"column-8\"><a href=\"https:\/\/www.bs-hof.de\/wp-content\/uploads\/2025\/09\/Blockplan-Metall-II-2025_2026-MSH-1.pdf\">Blockplan MSH<\/a><\/td>\n<\/tr>\n<tr class=\"row-3\">\n\t<td class=\"column-1\">Automobilkaufleute<\/td><td class=\"column-2\">WAK 10A<\/td><td class=\"column-3\">Dienstag<\/td><td class=\"column-4\">16.09.25<\/td><td class=\"column-5\">08:00 Uhr<\/td><td class=\"column-6\">M\u00fcnchberg<\/td><td class=\"column-7\">M\u00fc129T<\/td><td class=\"column-8\"><\/td>\n<\/tr>\n<tr class=\"row-4\">\n\t<td class=\"column-1\">Automobilkaufleute<\/td><td class=\"column-2\">WAK 10B<\/td><td class=\"column-3\">Dienstag<\/td><td class=\"column-4\">16.09.25<\/td><td class=\"column-5\">08:00 Uhr<\/td><td class=\"column-6\">M\u00fcnchberg<\/td><td class=\"column-7\">M\u00fc211<\/td><td class=\"column-8\"><\/td>\n<\/tr>\n<tr class=\"row-5\">\n\t<td class=\"column-1\">Automobilkaufleute<\/td><td class=\"column-2\">WAK 11A<\/td><td class=\"column-3\">Mittwoch<\/td><td class=\"column-4\">17.09.25<\/td><td class=\"column-5\">08:00 Uhr<\/td><td class=\"column-6\">M\u00fcnchberg<\/td><td class=\"column-7\">M\u00fc129T<\/td><td class=\"column-8\"><\/td>\n<\/tr>\n<tr class=\"row-6\">\n\t<td class=\"column-1\">Automobilkaufleute<\/td><td class=\"column-2\">WAK 11B<\/td><td class=\"column-3\">Mittwoch<\/td><td class=\"column-4\">17.09.25<\/td><td class=\"column-5\">08:00 Uhr<\/td><td class=\"column-6\">M\u00fcnchberg<\/td><td class=\"column-7\">M\u00fc211<\/td><td class=\"column-8\"><\/td>\n<\/tr>\n<tr class=\"row-7\">\n\t<td class=\"column-1\">Automobilkaufleute<\/td><td class=\"column-2\">WAK 12A<\/td><td class=\"column-3\">Donnerstag<br \/>\n<\/td><td class=\"column-4\">18.09.25<br \/>\n<\/td><td class=\"column-5\">08:00 Uhr<\/td><td class=\"column-6\">M\u00fcnchberg<\/td><td class=\"column-7\">M\u00fc129T<\/td><td class=\"column-8\"><\/td>\n<\/tr>\n<tr class=\"row-8\">\n\t<td class=\"column-1\">B\u00e4cker*innen<\/td><td class=\"column-2\">NBA10A<br \/>\nNBA10B<\/td><td class=\"column-3\">Mittwoch<br \/>\nMittwoch<\/td><td class=\"column-4\">17.09.25<br \/>\n17.09.25<\/td><td class=\"column-5\">08:00 Uhr<\/td><td class=\"column-6\">Hof<\/td><td class=\"column-7\">HoE5<\/td><td class=\"column-8\"><\/td>\n<\/tr>\n<tr class=\"row-9\">\n\t<td class=\"column-1\">B\u00e4cker*innen<\/td><td class=\"column-2\">NBB 11<\/td><td class=\"column-3\">Montag<\/td><td class=\"column-4\">22.09.25<\/td><td class=\"column-5\">08:00 Uhr<\/td><td class=\"column-6\">Hof<\/td><td class=\"column-7\">HoE5<\/td><td class=\"column-8\"><\/td>\n<\/tr>\n<tr class=\"row-10\">\n\t<td class=\"column-1\">B\u00e4cker*innen<\/td><td class=\"column-2\">NBB 12<\/td><td class=\"column-3\">Dienstag<\/td><td class=\"column-4\">16.09.25<\/td><td class=\"column-5\">08:00 Uhr<\/td><td class=\"column-6\">Hof<\/td><td class=\"column-7\">HoE5<\/td><td class=\"column-8\"><\/td>\n<\/tr>\n<tr class=\"row-11\">\n\t<td class=\"column-1\">B\u00e4ckereifachverk\u00e4ufer*innen<\/td><td class=\"column-2\">NBA10A<br \/>\nNBA10B<\/td><td class=\"column-3\">Mittwoch<br \/>\nMittwoch<\/td><td class=\"column-4\">17.09.25<br \/>\n17.09.25<\/td><td class=\"column-5\">08:00 Uhr <\/td><td class=\"column-6\">Hof<\/td><td class=\"column-7\">HoE5<\/td><td class=\"column-8\"><\/td>\n<\/tr>\n<tr class=\"row-12\">\n\t<td class=\"column-1\">B\u00e4ckereifachverk\u00e4ufer*innen<\/td><td class=\"column-2\">NBB 11<\/td><td class=\"column-3\">Montag<\/td><td class=\"column-4\">22.09.25<\/td><td class=\"column-5\">08:00 Uhr<\/td><td class=\"column-6\">Hof<\/td><td class=\"column-7\">HoE5<\/td><td class=\"column-8\"><\/td>\n<\/tr>\n<tr class=\"row-13\">\n\t<td class=\"column-1\">B\u00e4ckereifachverk\u00e4ufer*innen<\/td><td class=\"column-2\">NBB 12<\/td><td class=\"column-3\">Dienstag<\/td><td class=\"column-4\">16.09.25<\/td><td class=\"column-5\">08:00 Uhr<\/td><td class=\"column-6\">Hof<\/td><td class=\"column-7\">HoE5<\/td><td class=\"column-8\"><\/td>\n<\/tr>\n<tr class=\"row-14\">\n\t<td class=\"column-1\">Berufsintegration<\/td><td class=\"column-2\">JBIKa<\/td><td class=\"column-3\">Montag<\/td><td class=\"column-4\">22.09.25<\/td><td class=\"column-5\">08:00 Uhr<\/td><td class=\"column-6\">Hof<\/td><td class=\"column-7\">HoE6<\/td><td class=\"column-8\"><\/td>\n<\/tr>\n<tr class=\"row-15\">\n\t<td class=\"column-1\">Berufsintegration<\/td><td class=\"column-2\">JBIKb<\/td><td class=\"column-3\">Montag<\/td><td class=\"column-4\">22.09.25<\/td><td class=\"column-5\">08:00 Uhr<\/td><td class=\"column-6\">Hof<\/td><td class=\"column-7\">HoE3<\/td><td class=\"column-8\"><\/td>\n<\/tr>\n<tr class=\"row-16\">\n\t<td class=\"column-1\">Berufsintegrations-Vorklasse<\/td><td class=\"column-2\">JBIKVa<\/td><td class=\"column-3\">Montag<\/td><td class=\"column-4\">22.09.25<\/td><td class=\"column-5\">08:45 Uhr<\/td><td class=\"column-6\">Hof<\/td><td class=\"column-7\">HoE1<\/td><td class=\"column-8\"><\/td>\n<\/tr>\n<tr class=\"row-17\">\n\t<td class=\"column-1\">Berufsintegrations-Vorklasse<\/td><td class=\"column-2\">JBIKVb<\/td><td class=\"column-3\">Montag<\/td><td class=\"column-4\">22.09.25<\/td><td class=\"column-5\">08:45 Uhr<\/td><td class=\"column-6\">Hof<\/td><td class=\"column-7\">Flachbau Maler FLB4<\/td><td class=\"column-8\"><\/td>\n<\/tr>\n<tr class=\"row-18\">\n\t<td class=\"column-1\">Berufsintegrations-Vorklasse<\/td><td class=\"column-2\">JBIKVc<\/td><td class=\"column-3\">Montag<\/td><td class=\"column-4\">22.09.25<\/td><td class=\"column-5\">08:45 Uhr<\/td><td class=\"column-6\">Hof<\/td><td class=\"column-7\">HoU3<\/td><td class=\"column-8\"><\/td>\n<\/tr>\n<tr class=\"row-19\">\n\t<td class=\"column-1\">Berufsintegrations-Vorklasse<\/td><td class=\"column-2\">JBIKVd<\/td><td class=\"column-3\">Montag<\/td><td class=\"column-4\">22.09.25<\/td><td class=\"column-5\">08:45 Uhr<\/td><td class=\"column-6\">Rehau<\/td><td class=\"column-7\">RE2<\/td><td class=\"column-8\"><\/td>\n<\/tr>\n<tr class=\"row-20\">\n\t<td class=\"column-1\">BGJ Agrarwirtschaft<\/td><td class=\"column-2\">ATL10<br \/>\nATL11<br \/>\nATL12<\/td><td class=\"column-3\">Dienstag<br \/>\nMontag<br \/>\nDonnerstag<\/td><td class=\"column-4\">16.09.25<br \/>\n22.09.25<br \/>\n18.09.25<\/td><td class=\"column-5\">jeweils 08:00 Uhr<\/td><td class=\"column-6\">M\u00fcnchberg<\/td><td class=\"column-7\">M\u00fc105<br \/>\nM\u00fc101<br \/>\nM\u00fc101<\/td><td class=\"column-8\"><\/td>\n<\/tr>\n<tr class=\"row-21\">\n\t<td class=\"column-1\">BGJ Holztechnik<\/td><td class=\"column-2\">HTE10<\/td><td class=\"column-3\">Dienstag<\/td><td class=\"column-4\">16.09.25<\/td><td class=\"column-5\">08:00 Uhr<\/td><td class=\"column-6\">M\u00fcnchberg<\/td><td class=\"column-7\">M\u00fc219<\/td><td class=\"column-8\"><\/td>\n<\/tr>\n<tr class=\"row-22\">\n\t<td class=\"column-1\">Einzelhandelskaufmann\/-frau, Verk\u00e4ufer(in)<\/td><td class=\"column-2\">WEH10A<br \/>\nWEH10B<br \/>\nWEH11A<br \/>\nWEH11B<br \/>\nWEH12<br \/>\n<\/td><td class=\"column-3\">Mittwoch<br \/>\nDienstag<br \/>\nMontag<br \/>\nDienstag<br \/>\nMittwoch<\/td><td class=\"column-4\">17.09.25<br \/>\n16.09.25<br \/>\n22.09.25<br \/>\n16.09.25<br \/>\n17.09.25<\/td><td class=\"column-5\">jeweils 08:00 Uhr<\/td><td class=\"column-6\">Hof<\/td><td class=\"column-7\">Ho107<br \/>\nHo108<br \/>\nHo108<br \/>\nHo108<br \/>\nHo109<\/td><td class=\"column-8\"><\/td>\n<\/tr>\n<tr class=\"row-23\">\n\t<td class=\"column-1\">Fachlagerist\/in, Fachkraft Lagerlogistik<\/td><td class=\"column-2\">WLA 10 A<\/td><td class=\"column-3\">Dienstag<\/td><td class=\"column-4\">16.09.25<\/td><td class=\"column-5\">08:00 Uhr<\/td><td class=\"column-6\">Hof<\/td><td class=\"column-7\">Ho 205<\/td><td class=\"column-8\">Die Einteilung der Auszubildenden erfolgt nach R\u00fccksprache mit den Betrieben voraussichtlich Anfang September<\/td>\n<\/tr>\n<tr class=\"row-24\">\n\t<td class=\"column-1\">Fachlagerist\/in, Fachkraft Lagerlogistik<\/td><td class=\"column-2\">WLA 10 B<\/td><td class=\"column-3\">Donnerstag<\/td><td class=\"column-4\">18.09.25<\/td><td class=\"column-5\">08:00 Uhr<\/td><td class=\"column-6\">Hof<\/td><td class=\"column-7\">Ho 205<\/td><td class=\"column-8\">Die Einteilung der Auszubildenden erfolgt nach R\u00fccksprache mit den Betrieben voraussichtlich Anfang September<\/td>\n<\/tr>\n<tr class=\"row-25\">\n\t<td class=\"column-1\">Fachlagerist\/in, Fachkraft Lagerlogistik<\/td><td class=\"column-2\">WLA 11 A<\/td><td class=\"column-3\">Montag<\/td><td class=\"column-4\">22.09.25<\/td><td class=\"column-5\">08:00 Uhr<\/td><td class=\"column-6\">Hof<\/td><td class=\"column-7\">Ho 204<\/td><td class=\"column-8\"><\/td>\n<\/tr>\n<tr class=\"row-26\">\n\t<td class=\"column-1\">Fachlagerist\/in, Fachkraft Lagerlogistik<\/td><td class=\"column-2\">WLA 11 B<\/td><td class=\"column-3\">Freitag<\/td><td class=\"column-4\">19.09.25<\/td><td class=\"column-5\">08:00 Uhr<\/td><td class=\"column-6\">Hof<\/td><td class=\"column-7\">Ho 203<\/td><td class=\"column-8\"><\/td>\n<\/tr>\n<tr class=\"row-27\">\n\t<td class=\"column-1\">Fachlagerist\/in, Fachkraft Lagerlogistik<\/td><td class=\"column-2\">WLA 12<\/td><td class=\"column-3\">Mittwoch<\/td><td class=\"column-4\">17.09.25<\/td><td class=\"column-5\">08:00 Uhr<\/td><td class=\"column-6\">Hof<\/td><td class=\"column-7\">Ho 205<\/td><td class=\"column-8\"><\/td>\n<\/tr>\n<tr class=\"row-28\">\n\t<td class=\"column-1\">Fl\u00fcchtlinge und Migranten mit Sprachf\u00f6rderbedarf<\/td><td class=\"column-2\">JDK-B<\/td><td class=\"column-3\"><\/td><td class=\"column-4\"><\/td><td class=\"column-5\">08:00 Uhr<\/td><td class=\"column-6\">Hof (bfz)<\/td><td class=\"column-7\"><\/td><td class=\"column-8\"><\/td>\n<\/tr>\n<tr class=\"row-29\">\n\t<td class=\"column-1\">Industriekaufleute 2,5- und 3-j\u00e4hrige Ausbildung<\/td><td class=\"column-2\">WIN 10A<br \/>\nWIN 11A<br \/>\nWIN 11B<br \/>\nWIN 12A<br \/>\nWIN 12B<\/td><td class=\"column-3\">Donnerstag<br \/>\nDienstag<br \/>\nMittwoch<br \/>\nMittwoch<br \/>\nDonnerstag<\/td><td class=\"column-4\">18.09.25<br \/>\n16.09.25<br \/>\n17.09.25<br \/>\n17.09.25<br \/>\n18.09.25<\/td><td class=\"column-5\">jeweils 08:00 Uhr<\/td><td class=\"column-6\">M\u00fcnchberg<\/td><td class=\"column-7\">M\u00fc114<br \/>\nM\u00fc114<br \/>\nM\u00fc108<br \/>\nM\u00fc114<br \/>\nM\u00fc211<\/td><td class=\"column-8\"><a href=\"https:\/\/www.bs-hof.de\/wp-content\/uploads\/2025\/07\/Industrieplan-2025_26.pdf\" target=\"_blank\">14-t\u00e4giger Unterricht<\/a><\/td>\n<\/tr>\n<tr class=\"row-30\">\n\t<td class=\"column-1\">Industriekaufleute (Ukraine)<\/td><td class=\"column-2\">WIN 10U<\/td><td class=\"column-3\">Mittwoch<\/td><td class=\"column-4\">17.09.25<\/td><td class=\"column-5\">08.00 Uhr<\/td><td class=\"column-6\">Hof<\/td><td class=\"column-7\">HoE9<\/td><td class=\"column-8\"><a href=\"https:\/\/www.bs-hof.de\/wp-content\/uploads\/2025\/07\/Blockplaene-Industrie-Klassen-2025-2026-002.pdf\" target=\"_blank\">Unterrichtstage<\/a><\/td>\n<\/tr>\n<tr class=\"row-31\">\n\t<td class=\"column-1\">Industriekaufleute Dual und 2-j\u00e4hrige Ausbildung sprachlich<\/td><td class=\"column-2\">WID 10A<\/td><td class=\"column-3\">Montag<\/td><td class=\"column-4\">29.09.25<\/td><td class=\"column-5\">08:00 Uhr<\/td><td class=\"column-6\">Hof<\/td><td class=\"column-7\">noch offen<\/td><td class=\"column-8\"><a href=\"https:\/\/www.bs-hof.de\/wp-content\/uploads\/2025\/07\/Blockplaene-Industrie-Klassen-2025-2026-002.pdf\" target=\"_blank\">Unterrichtstage<\/a><\/td>\n<\/tr>\n<tr class=\"row-32\">\n\t<td class=\"column-1\">Industriekaufleute Dual und 2-j\u00e4hrige Ausbildung sprachlich<\/td><td class=\"column-2\">WID 11A<\/td><td class=\"column-3\">Mittwoch<br \/>\nMontag<\/td><td class=\"column-4\">17.09.25 (spr. Vertief.)<br \/>\n22.09.25 (dual)<\/td><td class=\"column-5\">08:00 Uhr<\/td><td class=\"column-6\">Hof<\/td><td class=\"column-7\">HoE9<\/td><td class=\"column-8\"><a href=\"https:\/\/www.bs-hof.de\/wp-content\/uploads\/2025\/07\/Blockplaene-Industrie-Klassen-2025-2026-002.pdf\" target=\"_blank\">Unterrichtstage<\/a><\/td>\n<\/tr>\n<tr class=\"row-33\">\n\t<td class=\"column-1\">Industriemechaniker<\/td><td class=\"column-2\">MBG 11<\/td><td class=\"column-3\">Dienstag<\/td><td class=\"column-4\">16.09.25<\/td><td class=\"column-5\">08:00 Uhr<\/td><td class=\"column-6\">Hof<\/td><td class=\"column-7\">Ho206<\/td><td class=\"column-8\"><a href=\"https:\/\/www.bs-hof.de\/wp-content\/uploads\/2025\/07\/Wechseltage-Metall-II-2025_2026-Entwurf-1.pdf\" target=\"_blank\">Wechseltage<\/a><\/td>\n<\/tr>\n<tr class=\"row-34\">\n\t<td class=\"column-1\">Industriemechaniker<\/td><td class=\"column-2\">MBG 13A<\/td><td class=\"column-3\">Freitag<\/td><td class=\"column-4\">19.09.25<\/td><td class=\"column-5\">08:00 Uhr<\/td><td class=\"column-6\">Hof<\/td><td class=\"column-7\">Ho206<\/td><td class=\"column-8\"><\/td>\n<\/tr>\n<tr class=\"row-35\">\n\t<td class=\"column-1\">Industriemechaniker(in) <br \/>\n(Berufsgruppe)<\/td><td class=\"column-2\">MBG 12<\/td><td class=\"column-3\">Donnerstag<\/td><td class=\"column-4\">18.09.25<\/td><td class=\"column-5\">08:00 Uhr<\/td><td class=\"column-6\">Rehau<\/td><td class=\"column-7\">RU3<\/td><td class=\"column-8\"><\/td>\n<\/tr>\n<tr class=\"row-36\">\n\t<td class=\"column-1\">Jugendliche ohne Ausbildung<br \/>\nBerufs-Vorbereitungjahr<\/td><td class=\"column-2\">BVJ<\/td><td class=\"column-3\"><\/td><td class=\"column-4\"><\/td><td class=\"column-5\"><\/td><td class=\"column-6\">Hof<\/td><td class=\"column-7\"><\/td><td class=\"column-8\"><\/td>\n<\/tr>\n<tr class=\"row-37\">\n\t<td class=\"column-1\">Kaufleute f\u00fcr B\u00fcromanagment<\/td><td class=\"column-2\">WKB 10A<\/td><td class=\"column-3\">Freitag<\/td><td class=\"column-4\">19.09.25<\/td><td class=\"column-5\">08:00 Uhr<\/td><td class=\"column-6\">M\u00fcnchberg<\/td><td class=\"column-7\">M\u00fc211<\/td><td class=\"column-8\"><\/td>\n<\/tr>\n<tr class=\"row-38\">\n\t<td class=\"column-1\">Kaufleute f\u00fcr B\u00fcromanagment<\/td><td class=\"column-2\">WKB 10B<\/td><td class=\"column-3\">Mittwoch<\/td><td class=\"column-4\">17.09.25<\/td><td class=\"column-5\">08:00 Uhr<\/td><td class=\"column-6\">M\u00fcnchberg<\/td><td class=\"column-7\">M\u00fc112<\/td><td class=\"column-8\"><\/td>\n<\/tr>\n<tr class=\"row-39\">\n\t<td class=\"column-1\">Kaufleute f\u00fcr B\u00fcromanagment<\/td><td class=\"column-2\">WKB 11A<\/td><td class=\"column-3\">Dienstag<\/td><td class=\"column-4\">16.09.25<\/td><td class=\"column-5\">08:00 Uhr<\/td><td class=\"column-6\">M\u00fcnchberg<\/td><td class=\"column-7\">M\u00fc108<\/td><td class=\"column-8\"><\/td>\n<\/tr>\n<tr class=\"row-40\">\n\t<td class=\"column-1\">Kaufleute f\u00fcr B\u00fcromanagment<\/td><td class=\"column-2\">WKB 11B<\/td><td class=\"column-3\">Donnerstag<\/td><td class=\"column-4\">18.09.25<\/td><td class=\"column-5\">08:00 Uhr<\/td><td class=\"column-6\">M\u00fcnchberg<\/td><td class=\"column-7\">M\u00fc108<\/td><td class=\"column-8\"><\/td>\n<\/tr>\n<tr class=\"row-41\">\n\t<td class=\"column-1\">Kaufleute f\u00fcr B\u00fcromanagment<\/td><td class=\"column-2\">WKB 12A<\/td><td class=\"column-3\">Dienstag<\/td><td class=\"column-4\">16.09.25<\/td><td class=\"column-5\">08:00 Uhr<\/td><td class=\"column-6\">M\u00fcnchberg<\/td><td class=\"column-7\">M\u00fc112<\/td><td class=\"column-8\"><\/td>\n<\/tr>\n<tr class=\"row-42\">\n\t<td class=\"column-1\">Kaufleute f\u00fcr B\u00fcromanagment<\/td><td class=\"column-2\">WKB 12B<\/td><td class=\"column-3\">Donnerstag<\/td><td class=\"column-4\">18.09.25<\/td><td class=\"column-5\">08:00 Uhr<\/td><td class=\"column-6\">M\u00fcnchberg<\/td><td class=\"column-7\">M\u00fc112<br \/>\n<\/td><td class=\"column-8\"><\/td>\n<\/tr>\n<tr class=\"row-43\">\n\t<td class=\"column-1\">Kaufleute f\u00fcr Gro\u00df- und Au\u00dfenhandeslmanagment (FR: Gro\u00dfhandel)<\/td><td class=\"column-2\">WGH 10A<\/td><td class=\"column-3\">Donnerstag<\/td><td class=\"column-4\">18.09.25<\/td><td class=\"column-5\">08:00 Uhr<\/td><td class=\"column-6\">Hof<\/td><td class=\"column-7\">Ho 102<\/td><td class=\"column-8\"><\/td>\n<\/tr>\n<tr class=\"row-44\">\n\t<td class=\"column-1\">Kaufleute f\u00fcr Gro\u00df- und Au\u00dfenhandeslmanagment (FR: Gro\u00dfhandel)<\/td><td class=\"column-2\">WGH 11A<\/td><td class=\"column-3\">Dienstag<\/td><td class=\"column-4\">16.09.25<\/td><td class=\"column-5\">08:00 Uhr<\/td><td class=\"column-6\">Hof<\/td><td class=\"column-7\">Ho 102<\/td><td class=\"column-8\"><\/td>\n<\/tr>\n<tr class=\"row-45\">\n\t<td class=\"column-1\">Kaufleute im Gro\u00df- und Au\u00dfenhandel (FR: Gro\u00dfhandel)<\/td><td class=\"column-2\">WGH 12A<\/td><td class=\"column-3\">Mittwoch<\/td><td class=\"column-4\">17.09.25<\/td><td class=\"column-5\">08:00 Uhr<\/td><td class=\"column-6\">Hof<\/td><td class=\"column-7\">Ho 102<\/td><td class=\"column-8\"><\/td>\n<\/tr>\n<tr class=\"row-46\">\n\t<td class=\"column-1\">Kaufleute f\u00fcr Spedition und Logistikdienstleistung<\/td><td class=\"column-2\">WKS10A<br \/>\nWKS10B (?)<br \/>\nWKS11A<br \/>\nWKS12A<br \/>\nWKS12B<\/td><td class=\"column-3\">Dienstag<br \/>\nDonnerstag<br \/>\nMontag<br \/>\nDienstag<br \/>\nFretag<br \/>\n<\/td><td class=\"column-4\">16.09.25<br \/>\n18.09.25<br \/>\n22.09.25<br \/>\n16.09.25<br \/>\n19.09.25<br \/>\n<\/td><td class=\"column-5\">jeweils 08:00 Uhr<\/td><td class=\"column-6\">Hof<\/td><td class=\"column-7\">Ho204<br \/>\nHo204<br \/>\nHo203<br \/>\nHo203<br \/>\nHo103<\/td><td class=\"column-8\">Zus\u00e4tzlicher Hinweis f\u00fcr WKS10A\/B:<br \/>\nDie Einteilung der Auszubildenden erfolgt nach R\u00fccksprache mit den Betrieben voraussichtlich Anfang September<\/td>\n<\/tr>\n<tr class=\"row-47\">\n\t<td class=\"column-1\">Konstruktionsmechaniker<\/td><td class=\"column-2\">MKM11<br \/>\nMKM12<br \/>\nMKM13<\/td><td class=\"column-3\">Montag<br \/>\nMontag<br \/>\nMontag<\/td><td class=\"column-4\">20.10.25<br \/>\n29.09.25<br \/>\n13.10.25<\/td><td class=\"column-5\">jeweils 8:00 Uhr<br \/>\n<\/td><td class=\"column-6\">Hof<\/td><td class=\"column-7\">Ho201<\/td><td class=\"column-8\"><a href=\"https:\/\/www.bs-hof.de\/wp-content\/uploads\/2025\/07\/Blockplan-Metall-II-2025_2026-MKM-Entwurf.pdf\">Blockplan MKM<\/a><\/td>\n<\/tr>\n<tr class=\"row-48\">\n\t<td class=\"column-1\">K\u00f6rperpflege <br \/>\nFriseure\/Friseurinnen<\/td><td class=\"column-2\">KFR10<br \/>\nKFR11<br \/>\nKFR12<\/td><td class=\"column-3\">Montag<br \/>\nMontag<br \/>\nDienstag<\/td><td class=\"column-4\">22.09.25<br \/>\n29.09.25<br \/>\n16.09.25<\/td><td class=\"column-5\">jeweils 8:00 Uhr<\/td><td class=\"column-6\">Hof<\/td><td class=\"column-7\">HoE7<br \/>\nHoE7<br \/>\nHoE7<\/td><td class=\"column-8\"><a href=\"https:\/\/www.bs-hof.de\/wp-content\/uploads\/2025\/07\/Blockplan-Friseure-2025-26.pdf\" target=\"_blank\">Blockplan Friseure\/-innen<\/a><\/td>\n<\/tr>\n<tr class=\"row-49\">\n\t<td class=\"column-1\">Kraftfahrzeugmechatroniker<\/td><td class=\"column-2\">FZT10A<br \/>\nFZT10B<br \/>\nFZT10C(?)<br \/>\nFMS 11A<br \/>\nFMS 11B<br \/>\nFMP 12A<br \/>\nFMP 12B<br \/>\nFMP 13A<br \/>\nFMP 13B<\/td><td class=\"column-3\">Montag<br \/>\nMontag<br \/>\nMontag<br \/>\nMontag<br \/>\nMontag<br \/>\nDienstag<br \/>\nMontag<br \/>\nMontag<br \/>\nMontag<\/td><td class=\"column-4\">22.09.25<br \/>\n29.09.25<br \/>\n06.10.25<br \/>\n22.09.25<br \/>\n06.10.25<br \/>\n16.09.25<br \/>\n29.09.25<br \/>\n22.09.25<br \/>\n06.10.25<\/td><td class=\"column-5\">jeweils 08:00 Uhr<\/td><td class=\"column-6\">M\u00fcnchberg<\/td><td class=\"column-7\">M\u00fc218<br \/>\nM\u00fc218<br \/>\nM\u00fc218<br \/>\nM\u00fc212<br \/>\nM\u00fc212<br \/>\nM\u00fc214<br \/>\nM\u00fc214<br \/>\nM\u00fc214<br \/>\nM\u00fc214<\/td><td class=\"column-8\"><a href=\"https:\/\/www.bs-hof.de\/wp-content\/uploads\/2025\/07\/blockplan_25_26_Kfz_3_2_2_bloecke_entwurf_V2_20250604_oeffentlich.pdf\">Blockplan Kfz M\u00fcnchberg<\/a><\/td>\n<\/tr>\n<tr class=\"row-50\">\n\t<td class=\"column-1\">Maler, Lackierer, Fahrzeuglackierer<\/td><td class=\"column-2\">RML10<\/td><td class=\"column-3\">Donnerstag<\/td><td class=\"column-4\">18.09.25<\/td><td class=\"column-5\">08:00 Uhr<\/td><td class=\"column-6\">Hof<\/td><td class=\"column-7\">HoE6<\/td><td class=\"column-8\"><\/td>\n<\/tr>\n<tr class=\"row-51\">\n\t<td class=\"column-1\">Medizinische Fachangestellte(r)<\/td><td class=\"column-2\">GMF10A<br \/>\nGMF10B<br \/>\nGMF11A<br \/>\nGMF11B<br \/>\nGMF12A<br \/>\nGMF12B<\/td><td class=\"column-3\">Freitag<br \/>\nMittwoch<br \/>\nDienstag<br \/>\nDonnerstag<br \/>\nDienstag<br \/>\nDonnerstag<\/td><td class=\"column-4\">19.09.25<br \/>\n17.09.25<br \/>\n16.09.25<br \/>\n18.09.25<br \/>\n16.09.25<br \/>\n18.09.25<\/td><td class=\"column-5\">jeweils 08:00 Uhr<\/td><td class=\"column-6\">Hof<\/td><td class=\"column-7\">Ho208<br \/>\nHo208<br \/>\nHo210<br \/>\nHo210<br \/>\nHo208<br \/>\nHo208<br \/>\n<br \/>\n<\/td><td class=\"column-8\"><\/td>\n<\/tr>\n<tr class=\"row-52\">\n\t<td class=\"column-1\">Metall-Grundklasse<\/td><td class=\"column-2\">MGK10A<\/td><td class=\"column-3\">Mittwoch<\/td><td class=\"column-4\">17.09.25<\/td><td class=\"column-5\">08:00 Uhr<\/td><td class=\"column-6\">Hof<\/td><td class=\"column-7\">Ho206<\/td><td class=\"column-8\"><a href=\"https:\/\/www.bs-hof.de\/wp-content\/uploads\/2025\/07\/Wechseltage-Metall-II-2025_2026-Entwurf-1.pdf\" target=\"_blank\">Wechseltage<\/a><\/td>\n<\/tr>\n<tr class=\"row-53\">\n\t<td class=\"column-1\">Metall- Grundklasse<\/td><td class=\"column-2\">MGK10B<\/td><td class=\"column-3\">Dienstag<\/td><td class=\"column-4\">16.09.25<\/td><td class=\"column-5\">08:00 Uhr<\/td><td class=\"column-6\">Hof<\/td><td class=\"column-7\">Ho201<\/td><td class=\"column-8\"><a href=\"https:\/\/www.bs-hof.de\/wp-content\/uploads\/2025\/07\/Blockplan-Metall-II-2025_2026-MKM-Entwurf.pdf\" target=\"_blank\">Blockplan<\/a><\/td>\n<\/tr>\n<tr class=\"row-54\">\n\t<td class=\"column-1\">Steuerfachangestellte (r)<\/td><td class=\"column-2\">WSF10A<br \/>\nWSF10B <br \/>\nWSF11A<br \/>\nWSF11B<br \/>\nWSF12A<br \/>\nWSF12B<\/td><td class=\"column-3\">Donnerstag<br \/>\nDonnerstag<br \/>\nDienstag<br \/>\nMontag<br \/>\nMittwoch<br \/>\nMittwoch<\/td><td class=\"column-4\">18.09.25<br \/>\n18.09.25<br \/>\n16.09.25<br \/>\n22.09.25<br \/>\n17.09.25<br \/>\n17.09.25<\/td><td class=\"column-5\">jeweils 8:45 Uhr<\/td><td class=\"column-6\">Hof<\/td><td class=\"column-7\">HoE2<br \/>\nHoE2<br \/>\nHoE2<br \/>\nHoE2<br \/>\nHoE2<br \/>\nHoE8a<\/td><td class=\"column-8\">Klasseneinteilung erfolgt am ersten Schultag<\/td>\n<\/tr>\n<tr class=\"row-55\">\n\t<td class=\"column-1\">Technische Systemplaner<br \/>\nStahl- und Metallbau<\/td><td class=\"column-2\">XSS11<br \/>\nXSS12<br \/>\nXSS13<\/td><td class=\"column-3\">Montag<br \/>\nMontag<br \/>\nMontag<\/td><td class=\"column-4\">22.09.25<br \/>\n29.09.25<br \/>\n13.10.25<\/td><td class=\"column-5\">jeweils 08:00 Uhr<\/td><td class=\"column-6\">Hof<\/td><td class=\"column-7\">Ho207<\/td><td class=\"column-8\"><a href=\"https:\/\/www.bs-hof.de\/wp-content\/uploads\/2025\/07\/Blockplan-Metall-II-2025_2026-XSS-Entwurf.pdf\">Blockplan Techn. Systemplaner<\/a><\/td>\n<\/tr>\n<tr class=\"row-56\">\n\t<td class=\"column-1\">Kunststofftechnologen und -innen Dual<\/td><td class=\"column-2\">10. Klasse<br \/>\n11.\/12.Klasse<\/td><td class=\"column-3\">--<br \/>\nMontag<\/td><td class=\"column-4\">--<br \/>\n06.10.25<\/td><td class=\"column-5\">08:45 Uhr<\/td><td class=\"column-6\">Rehau<\/td><td class=\"column-7\">--<br \/>\nRO5<\/td><td class=\"column-8\"><a href=\"https:\/\/www.bs-hof.de\/wp-content\/uploads\/2025\/07\/Blockplan-25_26-WZM.pdf\" target=\"_blank\">Unterrichtstage<\/a><\/td>\n<\/tr>\n<tr class=\"row-57\">\n\t<td class=\"column-1\">Kunststoff- und Kautschuktechnologe\/in<br \/>\n<\/td><td class=\"column-2\">VMK10A<br \/>\nVMK10B<br \/>\nVMK11A<br \/>\nVMK11B<br \/>\nVMK11C<br \/>\nVMH12A<br \/>\nVMF12C<br \/>\nVMF12D<br \/>\n<\/td><td class=\"column-3\">Dienstag<br \/>\nMontag<br \/>\nDienstag<br \/>\nMontag<br \/>\nMontag<br \/>\nMontag<br \/>\nDienstag<br \/>\nMontag<\/td><td class=\"column-4\">16.09.25<br \/>\n22.09.25<br \/>\n16.09.25<br \/>\n06.10.25<br \/>\n29.09.25<br \/>\n22.09.25<br \/>\n16.09.25<br \/>\n22.09.25<\/td><td class=\"column-5\">jeweils 08:00 Uhr<\/td><td class=\"column-6\">Rehau<\/td><td class=\"column-7\">RE1<br \/>\nRE1<br \/>\nRO2<br \/>\nRO2<br \/>\nRO4<br \/>\nRO2<br \/>\nRO4<br \/>\nRO4<br \/>\n<br \/>\n<br \/>\n<\/td><td class=\"column-8\"><a href=\"https:\/\/www.bs-hof.de\/wp-content\/uploads\/2025\/07\/Blockplan-25_26-V1a.pdf\" target=\"_blank\">Blockplan Kunststofftechnologe\/in<\/a><\/td>\n<\/tr>\n<tr class=\"row-58\">\n\t<td class=\"column-1\">Werkzeugmechaniker<\/td><td class=\"column-2\">MBG 11 B<\/td><td class=\"column-3\">Dienstag<\/td><td class=\"column-4\">16.09.25<\/td><td class=\"column-5\">08:00 Uhr<\/td><td class=\"column-6\">Rehau<\/td><td class=\"column-7\">RU1<\/td><td class=\"column-8\"><a href=\"https:\/\/www.bs-hof.de\/wp-content\/uploads\/2025\/07\/Blockplan-25_26-WZM.pdf\" target=\"_blank\">Wechseltage<\/a><\/td>\n<\/tr>\n<tr class=\"row-59\">\n\t<td class=\"column-1\">Werkzeugmechaniker<\/td><td class=\"column-2\">MGB13B<\/td><td class=\"column-3\">Freitag<\/td><td class=\"column-4\">19.09.25<\/td><td class=\"column-5\">08:00 Uhr<\/td><td class=\"column-6\">Rehau<\/td><td class=\"column-7\">RU1<\/td><td class=\"column-8\"><a href=\"https:\/\/www.bs-hof.de\/wp-content\/uploads\/2025\/07\/Blockplan-25_26-WZM.pdf\" target=\"_blank\">Unterrichtstage<\/a><\/td>\n<\/tr>\n<tr class=\"row-60\">\n\t<td class=\"column-1\">Werkzeugmechaniker<br \/>\n(Berufsgruppe)<\/td><td class=\"column-2\">MBG 12<\/td><td class=\"column-3\">Donnerstag<\/td><td class=\"column-4\">18.09.25<\/td><td class=\"column-5\">08:00 Uhr<\/td><td class=\"column-6\">Rehau<\/td><td class=\"column-7\">RU1<\/td><td class=\"column-8\"><\/td>\n<\/tr>\n<tr class=\"row-61\">\n\t<td class=\"column-1\">Zahnmedizinische Fachangestellte(r)<\/td><td class=\"column-2\">GZF10<br \/>\nGZF11<br \/>\nGZF12<\/td><td class=\"column-3\">Mittwoch<br \/>\nFreitag<br \/>\nMittwoch<\/td><td class=\"column-4\">17.09.25<br \/>\n19.09.25<br \/>\n17.09.25<\/td><td class=\"column-5\">jeweils 08:00 Uhr<\/td><td class=\"column-6\">Hof<\/td><td class=\"column-7\">Ho209<br \/>\nHo209<br \/>\nHo210<br \/>\n<\/td><td class=\"column-8\"><\/td>\n<\/tr>\n<\/tbody>\n<\/table>\n<!-- #tablepress-1 from cache -->[\/et_pb_code][\/et_pb_column][\/et_pb_row][\/et_pb_section]<\/p>\n","protected":false},"excerpt":{"rendered":"<p>Blockpl\u00e4ne \/ Erster Schultag1. Schultag f\u00fcr das Schuljahr 2025\/26Hier werden bis Ende Juli die Blockpl\u00e4ne und die ersten Schultage der Klassen bekanntgegeben. Bitte beachten Sie: Bei der Online-Anmeldung werden Sie automatisch in die Klasse 10a eingeteilt. Sollte aufgrund der Sch\u00fclerzahlen eine Klassenteilung m\u00f6glich sein, werden Sie informiert, in welche Klasse (a,b oder c) Sie kommen. [&hellip;]<\/p>\n","protected":false},"author":1,"featured_media":0,"parent":0,"menu_order":0,"comment_status":"closed","ping_status":"closed","template":"","meta":{"_et_pb_use_builder":"on","_et_pb_old_content":"<!-- wp:divi\/placeholder \/-->","_et_gb_content_width":"","inline_featured_image":false,"footnotes":""},"class_list":["post-111","page","type-page","status-publish","hentry"],"_links":{"self":[{"href":"https:\/\/www.bs-hof.de\/index.php\/wp-json\/wp\/v2\/pages\/111","targetHints":{"allow":["GET"]}}],"collection":[{"href":"https:\/\/www.bs-hof.de\/index.php\/wp-json\/wp\/v2\/pages"}],"about":[{"href":"https:\/\/www.bs-hof.de\/index.php\/wp-json\/wp\/v2\/types\/page"}],"author":[{"embeddable":true,"href":"https:\/\/www.bs-hof.de\/index.php\/wp-json\/wp\/v2\/users\/1"}],"replies":[{"embeddable":true,"href":"https:\/\/www.bs-hof.de\/index.php\/wp-json\/wp\/v2\/comments?post=111"}],"version-history":[{"count":13,"href":"https:\/\/www.bs-hof.de\/index.php\/wp-json\/wp\/v2\/pages\/111\/revisions"}],"predecessor-version":[{"id":3200,"href":"https:\/\/www.bs-hof.de\/index.php\/wp-json\/wp\/v2\/pages\/111\/revisions\/3200"}],"wp:attachment":[{"href":"https:\/\/www.bs-hof.de\/index.php\/wp-json\/wp\/v2\/media?parent=111"}],"curies":[{"name":"wp","href":"https:\/\/api.w.org\/{rel}","templated":true}]}}