{"id":468,"date":"2022-08-18T01:59:55","date_gmt":"2022-08-17T23:59:55","guid":{"rendered":"https:\/\/www.bs-hof.de\/?page_id=468"},"modified":"2023-02-14T15:45:18","modified_gmt":"2023-02-14T14:45:18","slug":"einzelhandel","status":"publish","type":"page","link":"https:\/\/www.bs-hof.de\/index.php\/berufs-und-fachschulen\/berufsschule-fachbereiche\/wirtschaft-und-verwaltung\/einzelhandel\/","title":{"rendered":"Einzelhandel"},"content":{"rendered":"<p>[et_pb_section fb_built=&#8220;1&#8243; admin_label=&#8220;Gr\u00fcner Balken&#8220; _builder_version=&#8220;4.17.4&#8243; _module_preset=&#8220;default&#8220; background_color=&#8220;#A7C520&#8243; height=&#8220;3vh&#8220; custom_margin=&#8220;0px|0px|0px|0px|false|false&#8220; custom_padding=&#8220;0px|0px|0px|0px|false|false&#8220; collapsed=&#8220;on&#8220; global_colors_info=&#8220;{}&#8220;][\/et_pb_section][et_pb_section fb_built=&#8220;1&#8243; make_equal=&#8220;on&#8220; specialty=&#8220;on&#8220; admin_label=&#8220;Titel&#8220; _builder_version=&#8220;4.17.4&#8243; _module_preset=&#8220;default&#8220; use_background_color_gradient=&#8220;on&#8220; background_color_gradient_type=&#8220;elliptical&#8220; background_color_gradient_direction_radial=&#8220;bottom right&#8220; background_color_gradient_stops=&#8220;#f5f6f8 10%|#dce8a7 47%|#f5f6d4 72%&#8220; background_color_gradient_overlays_image=&#8220;on&#8220; background_color_gradient_start=&#8220;rgba(40,40,40,0.79)&#8220; background_color_gradient_end=&#8220;rgba(40,40,40,0.86)&#8220; background_enable_image=&#8220;off&#8220; background_enable_pattern_style=&#8220;on&#8220; background_pattern_style=&#8220;crosses&#8220; background_pattern_color=&#8220;rgba(0,0,0,0.05)&#8220; background_pattern_size=&#8220;custom&#8220; background_pattern_width=&#8220;53px&#8220; width=&#8220;100%&#8220; inner_width=&#8220;100%&#8220; inner_max_width=&#8220;80vw&#8220; custom_margin=&#8220;||||false&#8220; custom_padding=&#8220;1vw||1vw||true|false&#8220; collapsed=&#8220;on&#8220; global_colors_info=&#8220;{}&#8220;][et_pb_column type=&#8220;2_3&#8243; specialty_columns=&#8220;2&#8243; _builder_version=&#8220;4.16&#8243; custom_padding=&#8220;|||&#8220; global_colors_info=&#8220;{}&#8220; custom_padding__hover=&#8220;|||&#8220;][et_pb_row_inner _builder_version=&#8220;4.17.4&#8243; _module_preset=&#8220;default&#8220; width=&#8220;80%&#8220; global_colors_info=&#8220;{}&#8220;][et_pb_column_inner saved_specialty_column_type=&#8220;2_3&#8243; _builder_version=&#8220;4.17.4&#8243; _module_preset=&#8220;default&#8220; global_colors_info=&#8220;{}&#8220;][et_pb_text _builder_version=&#8220;4.18.0&#8243; _module_preset=&#8220;default&#8220; header_font=&#8220;|800|||||||&#8220; header_text_color=&#8220;#493F0B&#8220; header_font_size=&#8220;5em&#8220; global_colors_info=&#8220;{}&#8220;]<\/p>\n<h1>Einzel<br class=\"b-brk\" \/>handel<\/h1>\n<p>[\/et_pb_text][\/et_pb_column_inner][\/et_pb_row_inner][\/et_pb_column][et_pb_column type=&#8220;1_3&#8243; _builder_version=&#8220;4.16&#8243; custom_padding=&#8220;|||&#8220; global_colors_info=&#8220;{}&#8220; custom_padding__hover=&#8220;|||&#8220;][\/et_pb_column][\/et_pb_section][et_pb_section fb_built=&#8220;1&#8243; _builder_version=&#8220;4.17.4&#8243; _module_preset=&#8220;default&#8220; background_color=&#8220;#F5F6F8&#8243; position_origin_f=&#8220;top_center&#8220; z_index=&#8220;500&#8243; custom_padding=&#8220;0px||0px||false|false&#8220; sticky_position=&#8220;top&#8220; custom_css_main_element=&#8220;position: sticky;||top: 30px;&#8220; global_colors_info=&#8220;{}&#8220;][et_pb_row column_structure=&#8220;1_5,1_5,1_5,1_5,1_5&#8243; custom_padding_last_edited=&#8220;on|phone&#8220; _builder_version=&#8220;4.18.0&#8243; _module_preset=&#8220;default&#8220; custom_padding_tablet=&#8220;&#8220; custom_padding_phone=&#8220;5px||5px||false|false&#8220; global_colors_info=&#8220;{}&#8220;][et_pb_column type=&#8220;1_5&#8243; _builder_version=&#8220;4.17.4&#8243; _module_preset=&#8220;default&#8220; global_colors_info=&#8220;{}&#8220;][et_pb_text _builder_version=&#8220;4.18.0&#8243; _module_preset=&#8220;default&#8220; text_line_height_tablet=&#8220;&#8220; text_line_height_phone=&#8220;1em&#8220; text_line_height_last_edited=&#8220;on|phone&#8220; global_colors_info=&#8220;{}&#8220;]<\/p>\n<p style=\"text-align: center;\"><strong><a href=\"#Einzelhandel\">Kaufmann\/-frau im Einzelhandel<\/a><\/strong><\/p>\n<p>[\/et_pb_text][\/et_pb_column][et_pb_column type=&#8220;1_5&#8243; _builder_version=&#8220;4.17.4&#8243; _module_preset=&#8220;default&#8220; global_colors_info=&#8220;{}&#8220;][et_pb_text _builder_version=&#8220;4.17.4&#8243; _module_preset=&#8220;default&#8220; text_line_height_tablet=&#8220;&#8220; text_line_height_phone=&#8220;1em&#8220; text_line_height_last_edited=&#8220;on|phone&#8220; global_colors_info=&#8220;{}&#8220;]<\/p>\n<p style=\"text-align: center;\"><strong><a href=\"#Verk\u00e4ufer\">Verk\u00e4ufer\/in im Einzelhandel<\/a><\/strong><\/p>\n<p>[\/et_pb_text][\/et_pb_column][et_pb_column type=&#8220;1_5&#8243; _builder_version=&#8220;4.17.4&#8243; _module_preset=&#8220;default&#8220; global_colors_info=&#8220;{}&#8220;][et_pb_text _builder_version=&#8220;4.17.4&#8243; _module_preset=&#8220;default&#8220; text_line_height_tablet=&#8220;&#8220; text_line_height_phone=&#8220;1em&#8220; text_line_height_last_edited=&#8220;on|phone&#8220; global_colors_info=&#8220;{}&#8220;]<\/p>\n<p style=\"text-align: center;\"><a href=\"#eh_lehr\"><b>Abteilungsleiter und Lehrkr\u00e4fte<\/b><\/a><\/p>\n<p>[\/et_pb_text][\/et_pb_column][et_pb_column type=&#8220;1_5&#8243; _builder_version=&#8220;4.17.4&#8243; _module_preset=&#8220;default&#8220; global_colors_info=&#8220;{}&#8220;][et_pb_text _builder_version=&#8220;4.17.4&#8243; _module_preset=&#8220;default&#8220; text_line_height_tablet=&#8220;&#8220; text_line_height_phone=&#8220;1em&#8220; text_line_height_last_edited=&#8220;on|phone&#8220; global_colors_info=&#8220;{}&#8220;]<\/p>\n<p style=\"text-align: center;\"><strong><a href=\"#eh_aktuelles\">Aktuelles und Termine<\/a><\/strong><\/p>\n<p>[\/et_pb_text][\/et_pb_column][et_pb_column type=&#8220;1_5&#8243; _builder_version=&#8220;4.17.4&#8243; _module_preset=&#8220;default&#8220; global_colors_info=&#8220;{}&#8220;][et_pb_text _builder_version=&#8220;4.17.4&#8243; _module_preset=&#8220;default&#8220; text_line_height_tablet=&#8220;&#8220; text_line_height_phone=&#8220;1em&#8220; text_line_height_last_edited=&#8220;on|phone&#8220; global_colors_info=&#8220;{}&#8220;]<\/p>\n<p style=\"text-align: center;\"><strong><a href=\"#eh_projekte\">Projekte<\/a><\/strong><\/p>\n<p>[\/et_pb_text][\/et_pb_column][\/et_pb_row][\/et_pb_section][et_pb_section fb_built=&#8220;1&#8243; admin_label=&#8220;Fachbereiche&#8220; _builder_version=&#8220;4.16&#8243; _module_preset=&#8220;default&#8220; custom_padding=&#8220;|||&#8220; animation_style=&#8220;slide&#8220; animation_direction=&#8220;top&#8220; animation_intensity_slide=&#8220;10%&#8220; box_shadow_style=&#8220;preset3&#8243; box_shadow_vertical=&#8220;10px&#8220; box_shadow_blur=&#8220;105px&#8220; box_shadow_spread=&#8220;0px&#8220; box_shadow_color=&#8220;rgba(0,0,0,0.12)&#8220; collapsed=&#8220;on&#8220; global_colors_info=&#8220;{}&#8220;][et_pb_row _builder_version=&#8220;4.17.4&#8243; _module_preset=&#8220;default&#8220; global_colors_info=&#8220;{}&#8220;][et_pb_column type=&#8220;4_4&#8243; _builder_version=&#8220;4.17.4&#8243; _module_preset=&#8220;default&#8220; global_colors_info=&#8220;{}&#8220;][et_pb_text module_id=&#8220;abt_lehr_aktuelles&#8220; _builder_version=&#8220;4.17.4&#8243; _module_preset=&#8220;default&#8220; text_font=&#8220;||||||||&#8220; header_font=&#8220;||||||||&#8220; header_2_font=&#8220;Rubik|700|||||||&#8220; header_2_text_color=&#8220;#A7C520&#8243; header_2_font_size=&#8220;42px&#8220; header_2_line_height=&#8220;1.2em&#8220; module_alignment=&#8220;center&#8220; custom_margin=&#8220;|||&#8220; custom_padding=&#8220;|||&#8220; header_2_font_size_tablet=&#8220;&#8220; header_2_font_size_phone=&#8220;36px&#8220; header_2_font_size_last_edited=&#8220;on|phone&#8220; locked=&#8220;off&#8220; global_colors_info=&#8220;{}&#8220;]<\/p>\n<h2><span>Willkommen zu Ihrem Start in eine erfolgreiche Zukunft<\/span><\/h2>\n<p>[\/et_pb_text][et_pb_text _builder_version=&#8220;4.17.4&#8243; _module_preset=&#8220;default&#8220; custom_padding=&#8220;|||80px||&#8220; global_colors_info=&#8220;{}&#8220;]<\/p>\n<p class=\"bodytext\"><span>Diese schulischen Ausbildungen finden in den Fachr\u00e4umen des Beruflichen Schulzentrums Hof in Teilzeit \u00fcber alle Ausbildungsjahre statt:<\/span><\/p>\n<ul>\n<li><b>Kaufmann\/-frau im Einzelhandel<\/b><\/li>\n<li><b>Verk\u00e4ufer\/-in im Einzelhandel<\/b><\/li>\n<\/ul>\n<p>[\/et_pb_text][et_pb_image src=&#8220;https:\/\/www.bs-hof.de\/wp-content\/uploads\/2022\/07\/91c5ea64d8.jpg&#8220; title_text=&#8220;91c5ea64d8&#8243; _builder_version=&#8220;4.17.4&#8243; _module_preset=&#8220;default&#8220; global_colors_info=&#8220;{}&#8220;][\/et_pb_image][et_pb_text module_id=&#8220;abt_lehr_aktuelles&#8220; _builder_version=&#8220;4.17.4&#8243; _module_preset=&#8220;default&#8220; text_font=&#8220;||||||||&#8220; header_font=&#8220;||||||||&#8220; header_2_font=&#8220;Rubik|700|||||||&#8220; header_2_text_color=&#8220;#A7C520&#8243; header_2_font_size=&#8220;42px&#8220; header_2_line_height=&#8220;1.2em&#8220; module_alignment=&#8220;center&#8220; custom_margin=&#8220;|||&#8220; custom_padding=&#8220;|||&#8220; header_2_font_size_tablet=&#8220;&#8220; header_2_font_size_phone=&#8220;36px&#8220; header_2_font_size_last_edited=&#8220;on|phone&#8220; locked=&#8220;off&#8220; global_colors_info=&#8220;{}&#8220;]<\/p>\n<h2>Vielf\u00e4ltige &amp; interessante Aufgabengebiete warten auf euch:<\/h2>\n<p>[\/et_pb_text][\/et_pb_column][\/et_pb_row][et_pb_row column_structure=&#8220;1_3,1_3,1_3&#8243; _builder_version=&#8220;4.17.4&#8243; _module_preset=&#8220;default&#8220; global_colors_info=&#8220;{}&#8220;][et_pb_column type=&#8220;1_3&#8243; _builder_version=&#8220;4.17.4&#8243; _module_preset=&#8220;default&#8220; global_colors_info=&#8220;{}&#8220;][et_pb_image src=&#8220;https:\/\/www.bs-hof.de\/wp-content\/uploads\/2022\/07\/e9f56b4de9.jpg&#8220; title_text=&#8220;e9f56b4de9&#8243; _builder_version=&#8220;4.17.4&#8243; _module_preset=&#8220;default&#8220; global_colors_info=&#8220;{}&#8220;][\/et_pb_image][\/et_pb_column][et_pb_column type=&#8220;1_3&#8243; _builder_version=&#8220;4.17.4&#8243; _module_preset=&#8220;default&#8220; global_colors_info=&#8220;{}&#8220;][et_pb_image src=&#8220;https:\/\/www.bs-hof.de\/wp-content\/uploads\/2022\/07\/b287e1dfe6.jpg&#8220; title_text=&#8220;b287e1dfe6&#8243; _builder_version=&#8220;4.17.4&#8243; _module_preset=&#8220;default&#8220; global_colors_info=&#8220;{}&#8220;][\/et_pb_image][\/et_pb_column][et_pb_column type=&#8220;1_3&#8243; _builder_version=&#8220;4.17.4&#8243; _module_preset=&#8220;default&#8220; global_colors_info=&#8220;{}&#8220;][et_pb_image src=&#8220;https:\/\/www.bs-hof.de\/wp-content\/uploads\/2022\/07\/b61c960c1f.jpg&#8220; title_text=&#8220;b61c960c1f&#8220; _builder_version=&#8220;4.17.4&#8243; _module_preset=&#8220;default&#8220; global_colors_info=&#8220;{}&#8220;][\/et_pb_image][\/et_pb_column][\/et_pb_row][\/et_pb_section][et_pb_section fb_built=&#8220;1&#8243; admin_label=&#8220;Fachbereiche&#8220; _builder_version=&#8220;4.16&#8243; _module_preset=&#8220;default&#8220; custom_padding=&#8220;|||&#8220; animation_style=&#8220;slide&#8220; animation_direction=&#8220;top&#8220; animation_intensity_slide=&#8220;10%&#8220; box_shadow_style=&#8220;preset3&#8243; box_shadow_vertical=&#8220;10px&#8220; box_shadow_blur=&#8220;105px&#8220; box_shadow_spread=&#8220;0px&#8220; box_shadow_color=&#8220;rgba(0,0,0,0.12)&#8220; collapsed=&#8220;on&#8220; global_colors_info=&#8220;{}&#8220;][et_pb_row module_id=&#8220;Einzelhandel&#8220; _builder_version=&#8220;4.17.4&#8243; _module_preset=&#8220;default&#8220; global_colors_info=&#8220;{}&#8220;][et_pb_column type=&#8220;4_4&#8243; _builder_version=&#8220;4.17.4&#8243; _module_preset=&#8220;default&#8220; global_colors_info=&#8220;{}&#8220;][et_pb_text module_id=&#8220;Einzelhandel&#8220; _builder_version=&#8220;4.17.4&#8243; _module_preset=&#8220;default&#8220; text_font=&#8220;||||||||&#8220; header_font=&#8220;||||||||&#8220; header_2_font=&#8220;Rubik|700|||||||&#8220; header_2_text_color=&#8220;#A7C520&#8243; header_2_font_size=&#8220;42px&#8220; header_2_line_height=&#8220;1.2em&#8220; module_alignment=&#8220;center&#8220; custom_margin=&#8220;|||&#8220; custom_padding=&#8220;|||&#8220; header_2_font_size_tablet=&#8220;&#8220; header_2_font_size_phone=&#8220;36px&#8220; header_2_font_size_last_edited=&#8220;on|phone&#8220; locked=&#8220;off&#8220; global_colors_info=&#8220;{}&#8220;]<\/p>\n<h2>Kaufmann\/-frau im Einzelhandel<\/h2>\n<p>[\/et_pb_text][\/et_pb_column][\/et_pb_row][et_pb_row column_structure=&#8220;1_2,1_2&#8243; make_equal=&#8220;on&#8220; _builder_version=&#8220;4.17.4&#8243; _module_preset=&#8220;default&#8220; background_color=&#8220;#ffffff&#8220; max_width=&#8220;80%&#8220; custom_margin=&#8220;|||&#8220; use_custom_width=&#8220;on&#8220; width_unit=&#8220;off&#8220; global_colors_info=&#8220;{}&#8220;][et_pb_column type=&#8220;1_2&#8243; _builder_version=&#8220;4.16&#8243; _module_preset=&#8220;default&#8220; custom_padding=&#8220;|||&#8220; global_colors_info=&#8220;{}&#8220; custom_padding__hover=&#8220;|||&#8220;][et_pb_text module_id=&#8220;abt_lehr_aktuelles&#8220; _builder_version=&#8220;4.17.4&#8243; _module_preset=&#8220;default&#8220; text_font=&#8220;||||||||&#8220; header_font=&#8220;||||||||&#8220; header_2_font=&#8220;Rubik|700|||||||&#8220; header_2_text_color=&#8220;#A7C520&#8243; header_2_font_size=&#8220;42px&#8220; header_2_line_height=&#8220;1.2em&#8220; module_alignment=&#8220;center&#8220; custom_margin=&#8220;|||&#8220; custom_padding=&#8220;|||&#8220; header_2_font_size_tablet=&#8220;&#8220; header_2_font_size_phone=&#8220;36px&#8220; header_2_font_size_last_edited=&#8220;on|phone&#8220; locked=&#8220;off&#8220; global_colors_info=&#8220;{}&#8220;]<\/p>\n<h2>Berufsbild<\/h2>\n<p>[\/et_pb_text][et_pb_text _builder_version=&#8220;4.17.4&#8243; _module_preset=&#8220;default&#8220; global_colors_info=&#8220;{}&#8220;]<\/p>\n<p class=\"bodytext\">Kaufleute im Einzelhandel\u2026<\/p>\n<p class=\"bodytext\">&#8211; beraten und bedienen ihre Kunden,<\/p>\n<p class=\"bodytext\">&#8211; haben branchenspezifische Warenkenntnisse,<\/p>\n<p class=\"bodytext\">&#8211; stellen ein zielgruppengerechtes Sortiment zusammen,<\/p>\n<p class=\"bodytext\">&#8211; planen den Einkauf, bestellen Waren und nehmen Lieferungen entgegen,<\/p>\n<p class=\"bodytext\">&#8211; lagern die Ware fachgerecht und \u00fcberwachen den Lagerbestand,<\/p>\n<p class=\"bodytext\">&#8211; planen Ma\u00dfnahmen der Werbung, Verkaufsf\u00f6rderung und Warenpr\u00e4sentation,<\/p>\n<p class=\"bodytext\">&#8211; haben Kenntnisse in der Handelskalkulation, im Rechnungs- und Personalwesen,<\/p>\n<p class=\"bodytext\">&#8211; sind gewandt im Umgang mit moderner Technik, wie Computer und Scannerkassen.<\/p>\n<p class=\"bodytext\">Voraussetzung:<\/p>\n<p class=\"bodytext\">F\u00fcr die 3-j\u00e4hrige Ausbildung zum\/r Kaufmann\/-frau im Einzelhandel wird in der Regel ein guter Hauptschulabschluss oder die mittlere Reife vorausgesetzt.<\/p>\n<p>[\/et_pb_text][et_pb_text module_id=&#8220;abt_lehr_aktuelles&#8220; _builder_version=&#8220;4.19.4&#8243; _module_preset=&#8220;default&#8220; text_font=&#8220;||||||||&#8220; header_font=&#8220;||||||||&#8220; header_2_font=&#8220;Rubik|700|||||||&#8220; header_2_text_color=&#8220;#A7C520&#8243; header_2_font_size=&#8220;42px&#8220; header_2_line_height=&#8220;1.2em&#8220; module_alignment=&#8220;center&#8220; custom_margin=&#8220;|||&#8220; custom_padding=&#8220;|||&#8220; header_2_font_size_tablet=&#8220;&#8220; header_2_font_size_phone=&#8220;32px&#8220; header_2_font_size_last_edited=&#8220;on|phone&#8220; locked=&#8220;off&#8220; global_colors_info=&#8220;{}&#8220;]<\/p>\n<h2>Ausbildungsdauer<\/h2>\n<p>[\/et_pb_text][et_pb_text _builder_version=&#8220;4.17.4&#8243; _module_preset=&#8220;default&#8220; global_colors_info=&#8220;{}&#8220;]<\/p>\n<p class=\"bodytext\">Die Regelausbildungsdauer betr\u00e4gt im Ausbildungsbereich Kaufmann\/-frau im Einzelhandel 3 Jahre. Der Berufsschulunterricht findet nicht w\u00e4hrend der Ferienzeit statt.<\/p>\n<p class=\"bodytext\">Der Unterricht gliedert sich in diesen 3 Ausbildungsjahren wie folgt:<\/p>\n<p>[\/et_pb_text][et_pb_text _builder_version=&#8220;4.17.4&#8243; _module_preset=&#8220;default&#8220; global_colors_info=&#8220;{}&#8220;]<\/p>\n<table cellpadding=\"0\" cellspacing=\"0\" border=\"0\" height=\"313\" width=\"870\" class=\"contenttable\">\n<tbody>\n<tr height=\"42\">\n<td class=\"xl67\" height=\"42\" style=\"width: 188.219px;\"><b>Fach<\/b><\/td>\n<td class=\"xl67\" style=\"width: 300.344px;\"><b>\u00a0\u00a0\u00a0\u00a0\u00a0\u00a0\u00a0\u00a0\u00a0\u00a0\u00a010. Klasse<br \/>1.Ausbildungsjahr<\/b><\/td>\n<td class=\"xl67\" style=\"width: 183.203px;\"><b>\u00a0\u00a0\u00a0\u00a0\u00a0\u00a0\u00a011. Klasse<span> <\/span>2.\u00a0Ausbildungsjahr<\/b><\/td>\n<td class=\"xl67\" style=\"width: 188.234px;\"><b>\u00a0\u00a0\u00a0\u00a0\u00a0\u00a0\u00a012. Klasse<span>\u00a0 <\/span>3.\u00a0Ausbildungsjahr<\/b><\/td>\n<\/tr>\n<tr height=\"21\">\n<td class=\"xl68\" height=\"21\" style=\"width: 188.219px;\">Einzelhandelsprozesse<\/td>\n<td class=\"xl69\" style=\"width: 300.344px;\">\u00a0 \u00a0\u00a0\u00a0\u00a0\u00a0\u00a0\u00a0\u00a0\u00a0 \u00a0\u00a0 6 Std.<\/td>\n<td class=\"xl69\" style=\"width: 183.203px;\">\u00a0\u00a0\u00a0 \u00a0 \u00a0\u00a0\u00a0\u00a02 Std.<\/td>\n<td class=\"xl69\" style=\"width: 188.234px;\">\u00a0\u00a0\u00a0\u00a0\u00a0 \u00a0 \u00a0\u00a02 Std.<\/td>\n<\/tr>\n<tr height=\"42\">\n<td class=\"xl70\" height=\"42\" style=\"width: 188.219px;\">Kundenorientiertes Verkaufen<\/td>\n<td class=\"xl67\" style=\"width: 300.344px;\">\u00a0\u00a0\u00a0\u00a0 \u00a0\u00a0\u00a0\u00a0\u00a0\u00a0 \u00a0 \u00a03 Std.<\/td>\n<td class=\"xl67\" style=\"width: 183.203px;\">\u00a0\u00a0\u00a0 \u00a0 \u00a0\u00a0\u00a0\u00a02 Std.<\/td>\n<td class=\"xl67\" style=\"width: 188.234px;\">\u00a0\u00a0\u00a0\u00a0 \u00a0\u00a0\u00a0\u00a0\u00a0\u00a0\u00a0 _<\/td>\n<\/tr>\n<tr height=\"43\">\n<td class=\"xl70\" height=\"43\" style=\"width: 188.219px;\">Kaufm\u00e4nnische Steuerung und Kontrolle<\/td>\n<td class=\"xl71\" style=\"width: 300.344px;\">\u00a0\u00a0\u00a0 \u00a0 \u00a0 \u00a0 \u00a0 \u00a0 \u00a02<span>\u00a0<\/span>Std.<\/td>\n<td class=\"xl71\" style=\"width: 183.203px;\">\u00a0\u00a0\u00a0 \u00a0 \u00a0 \u00a0 1 Std.<\/td>\n<td class=\"xl71\" style=\"width: 188.234px;\">\u00a0\u00a0\u00a0\u00a0\u00a0\u00a0\u00a0\u00a0 \u00a03 Std.<\/td>\n<\/tr>\n<tr height=\"21\">\n<td class=\"xl70\" height=\"21\" style=\"width: 188.219px;\">Sozialkunde<\/td>\n<td class=\"xl69\" style=\"width: 300.344px;\">\u00a0\u00a0\u00a0 \u00a0 \u00a0 \u00a0 \u00a0 \u00a0\u00a0 1 Std.<\/td>\n<td class=\"xl69\" style=\"width: 183.203px;\">\u00a0\u00a0\u00a0\u00a0 \u00a0 \u00a0 \u00a01 Std.<\/td>\n<td class=\"xl69\" style=\"width: 188.234px;\">\u00a0\u00a0\u00a0\u00a0\u00a0\u00a0\u00a0\u00a0\u00a0\u00a01 Std.<\/td>\n<\/tr>\n<tr height=\"21\">\n<td class=\"xl70\" height=\"21\" style=\"width: 188.219px;\">Deutsch<\/td>\n<td class=\"xl69\" style=\"width: 300.344px;\">\u00a0\u00a0\u00a0\u00a0\u00a0\u00a0\u00a0\u00a0\u00a0\u00a0\u00a0\u00a0\u00a0\u00a0\u00a01 Std.<\/td>\n<td class=\"xl69\" style=\"width: 183.203px;\">\u00a0\u00a0\u00a0 \u00a0 \u00a0 \u00a0 1 Std.<\/td>\n<td class=\"xl69\" style=\"width: 188.234px;\">\u00a0\u00a0\u00a0\u00a0\u00a0\u00a0\u00a0\u00a0\u00a0\u00a01 Std.<\/td>\n<\/tr>\n<tr height=\"21\">\n<td class=\"xl70\" height=\"21\" style=\"width: 188.219px;\">Religion\/Ethik<\/td>\n<td class=\"xl69\" style=\"width: 300.344px;\">\u00a0\u00a0\u00a0\u00a0\u00a0\u00a0\u00a0\u00a0\u00a0\u00a0\u00a0\u00a0\u00a0\u00a0 1 Std.<\/td>\n<td class=\"xl69\" style=\"width: 183.203px;\">\u00a0\u00a0\u00a0\u00a0\u00a0\u00a0\u00a0\u00a0\u00a0 1 Std.<\/td>\n<td class=\"xl69\" style=\"width: 188.234px;\">\u00a0\u00a0\u00a0\u00a0\u00a0\u00a0\u00a0\u00a0\u00a0\u00a01 Std.<\/td>\n<\/tr>\n<tr height=\"21\">\n<td class=\"xl70\" height=\"21\" style=\"width: 188.219px;\">Englisch<\/td>\n<td class=\"xl69\" style=\"width: 300.344px;\">\u00a0\u00a0\u00a0\u00a0\u00a0\u00a0\u00a0\u00a0\u00a0\u00a0\u00a0\u00a0\u00a0\u00a0\u00a01 Std.<\/td>\n<td class=\"xl69\" style=\"width: 183.203px;\">\u00a0\u00a0\u00a0\u00a0\u00a0 \u00a0 \u00a0 1 Std.<\/td>\n<td class=\"xl69\" style=\"width: 188.234px;\">\u00a0\u00a0\u00a0\u00a0\u00a0\u00a0\u00a0\u00a0\u00a0\u00a01 Std.<\/td>\n<\/tr>\n<tr height=\"21\">\n<td class=\"xl70\" height=\"21\" style=\"width: 188.219px;\"><b>Summe<\/b><\/td>\n<td class=\"xl69\" style=\"width: 300.344px;\">\u00a0\u00a0\u00a0\u00a0\u00a0\u00a0\u00a0\u00a0\u00a0\u00a0\u00a0\u00a0\u00a0<b>15 Std.\u00a0<\/b><\/td>\n<td class=\"xl69\" style=\"width: 183.203px;\">\u00a0\u00a0\u00a0\u00a0\u00a0\u00a0\u00a0\u00a0\u00a0\u00a0<b>9 Std.<\/b><\/td>\n<td class=\"xl69\" style=\"width: 188.234px;\">\u00a0\u00a0\u00a0\u00a0\u00a0\u00a0\u00a0\u00a0\u00a0\u00a0<b>9 Std.<\/b><\/td>\n<\/tr>\n<tr height=\"21\">\n<td class=\"xl70\" height=\"21\" style=\"width: 188.219px;\"><i>Schultage<\/i><\/td>\n<td class=\"xl69\" style=\"width: 300.344px;\"><i>1<span>\u00a0\u00a0<\/span>1\/2 Tage w\u00f6chentlich<\/i><\/td>\n<td class=\"xl69\" style=\"width: 183.203px;\"><b><i><\/i><\/b><i>1 Tag w\u00f6chentlich<\/i><b><i><\/i><\/b><\/td>\n<td class=\"xl69\" style=\"width: 188.234px;\"><b><i><\/i><\/b><i>1 Tag w\u00f6chentlich<\/i><\/td>\n<\/tr>\n<\/tbody>\n<\/table>\n<p>[\/et_pb_text][et_pb_text module_id=&#8220;abt_lehr_aktuelles&#8220; _builder_version=&#8220;4.17.4&#8243; _module_preset=&#8220;default&#8220; text_font=&#8220;||||||||&#8220; header_font=&#8220;||||||||&#8220; header_2_font=&#8220;Rubik|700|||||||&#8220; header_2_text_color=&#8220;#A7C520&#8243; header_2_font_size=&#8220;42px&#8220; header_2_line_height=&#8220;1.2em&#8220; module_alignment=&#8220;center&#8220; custom_margin=&#8220;|||&#8220; custom_padding=&#8220;|||&#8220; header_2_font_size_tablet=&#8220;&#8220; header_2_font_size_phone=&#8220;36px&#8220; header_2_font_size_last_edited=&#8220;on|phone&#8220; locked=&#8220;off&#8220; global_colors_info=&#8220;{}&#8220;]<\/p>\n<h2>Lernfelder<\/h2>\n<p>[\/et_pb_text][et_pb_text _builder_version=&#8220;4.17.4&#8243; _module_preset=&#8220;default&#8220; global_colors_info=&#8220;{}&#8220;]<\/p>\n<p class=\"bodytext\">Einzelhandelsprozesse (EHP)<\/p>\n<p class=\"bodytext\">Kundenorientiertes Verkaufen (KOV)<\/p>\n<p class=\"bodytext\">Kaufm\u00e4nnische Steuerung und Kontrolle (KSK)<\/p>\n<p>[\/et_pb_text][et_pb_text _builder_version=&#8220;4.17.4&#8243; _module_preset=&#8220;default&#8220; global_colors_info=&#8220;{}&#8220;]<\/p>\n<table summary=\"\">\n<thead>\n<tr>\n<th scope=\"col\">Lernfeld \u00a0 \u00a0<\/th>\n<th scope=\"col\" class=\"align-center\">\u00a0Fach \u00a0 \u00a0 \u00a0\u00a0<\/th>\n<th scope=\"col\" class=\"align-center\">\u00a0 \u00a0 \u00a0 \u00a0 \u00a0 \u00a0 \u00a0 \u00a0 \u00a0 \u00a0 \u00a0\u00a0Inhalt \u00a0 \u00a0 \u00a0 \u00a0 \u00a0 \u00a0 \u00a0 \u00a0 \u00a0 \u00a0 \u00a0 \u00a0 \u00a0 \u00a0 \u00a0 \u00a0 \u00a0 \u00a0 \u00a0 \u00a0 \u00a0 \u00a0 \u00a0 \u00a0 \u00a0 \u00a0<\/th>\n<th scope=\"col\">Klasse \u00a0\u00a0<\/th>\n<th scope=\"col\">Schulstunden \u00a0\u00a0<\/th>\n<\/tr>\n<\/thead>\n<tbody>\n<tr>\n<td class=\"align-center\">1<\/td>\n<td class=\"align-center\">EHP<\/td>\n<td>Das Einzelhandelsunternehmen repr\u00e4sentieren<\/td>\n<td class=\"align-center\">10<\/td>\n<td class=\"align-center\">80<\/td>\n<\/tr>\n<tr>\n<td class=\"align-center\">2<\/td>\n<td class=\"align-center\">KOV<\/td>\n<td>Verkaufsgespr\u00e4che kundenorientiert f\u00fchren<\/td>\n<td class=\"align-center\">10<\/td>\n<td class=\"align-center\">80<\/td>\n<\/tr>\n<tr>\n<td class=\"align-center\">3<\/td>\n<td class=\"align-center\">KSK<\/td>\n<td>Kunden im Servicebereich Kasse betreuen<\/td>\n<td class=\"align-center\">10<\/td>\n<td class=\"align-center\">80<\/td>\n<\/tr>\n<tr>\n<td class=\"align-center\">4<\/td>\n<td class=\"align-center\">KOV<\/td>\n<td>Waren pr\u00e4sentieren<\/td>\n<td class=\"align-center\">10<\/td>\n<td class=\"align-center\">40<\/td>\n<\/tr>\n<tr>\n<td class=\"align-center\">5<\/td>\n<td class=\"align-center\">EHP<\/td>\n<td>Werben und den Verkauf f\u00f6rdern<\/td>\n<td class=\"align-center\">10<\/td>\n<td class=\"align-center\">40<\/td>\n<\/tr>\n<tr>\n<td class=\"align-center\">6<\/td>\n<td class=\"align-center\">EHP<\/td>\n<td>Waren beschaffen<\/td>\n<td class=\"align-center\">10<\/td>\n<td class=\"align-center\">60<\/td>\n<\/tr>\n<tr>\n<td class=\"align-center\">7<\/td>\n<td class=\"align-center\">EHP<\/td>\n<td>Waren annehmen, lagern und pflegen<\/td>\n<td class=\"align-center\">10<\/td>\n<td class=\"align-center\">60<\/td>\n<\/tr>\n<tr>\n<td class=\"align-center\">8<\/td>\n<td class=\"align-center\">KSK<\/td>\n<td>Gesch\u00e4ftsprozesse erfassen und kontrollieren<\/td>\n<td class=\"align-center\">11<\/td>\n<td class=\"align-center\">40<\/td>\n<\/tr>\n<tr>\n<td class=\"align-center\">9<\/td>\n<td class=\"align-center\">EHP<\/td>\n<td>Preispolitische Ma\u00dfnahmen vorbereiten und durchf\u00fchren<\/td>\n<td class=\"align-center\">11<\/td>\n<td class=\"align-center\">40<\/td>\n<\/tr>\n<tr>\n<td class=\"align-center\">10<\/td>\n<td class=\"align-center\">KOV<\/td>\n<td>Besondere Verkaufssituationen bew\u00e4ltigen<\/td>\n<td class=\"align-center\">11<\/td>\n<td class=\"align-center\">80<\/td>\n<\/tr>\n<tr>\n<td class=\"align-center\">11<\/td>\n<td class=\"align-center\">KSK<\/td>\n<td>Gesch\u00e4ftsprozesse erfolgsorientiert steuern<\/td>\n<td class=\"align-center\">12<\/td>\n<td class=\"align-center\">120<\/td>\n<\/tr>\n<tr>\n<td class=\"align-center\">12<\/td>\n<td class=\"align-center\">EHP<\/td>\n<td>Mit Marketingkonzepten Kunden gewinnen und binden<\/td>\n<td class=\"align-center\">11<\/td>\n<td class=\"align-center\">40<\/td>\n<\/tr>\n<tr>\n<td class=\"align-center\">13<\/td>\n<td class=\"align-center\">EHP<\/td>\n<td>Personaleinsatz planen und Mitarbeiter f\u00fchren<\/td>\n<td class=\"align-center\">12<\/td>\n<td class=\"align-center\">40<\/td>\n<\/tr>\n<tr>\n<td class=\"align-center\">14<\/td>\n<td class=\"align-center\">EHP<\/td>\n<td>Ein Einzelhandelsunternehmen leiten und entwickeln<\/td>\n<td class=\"align-center\">12<\/td>\n<td class=\"align-center\">40<\/td>\n<\/tr>\n<\/tbody>\n<\/table>\n<p class=\"bodytext\">[\/et_pb_text][et_pb_text module_id=&#8220;abt_lehr_aktuelles&#8220; _builder_version=&#8220;4.17.4&#8243; _module_preset=&#8220;default&#8220; text_font=&#8220;||||||||&#8220; header_font=&#8220;||||||||&#8220; header_2_font=&#8220;Rubik|700|||||||&#8220; header_2_text_color=&#8220;#A7C520&#8243; header_2_font_size=&#8220;42px&#8220; header_2_line_height=&#8220;1.2em&#8220; module_alignment=&#8220;center&#8220; custom_margin=&#8220;|||&#8220; custom_padding=&#8220;|||&#8220; header_2_font_size_tablet=&#8220;&#8220; header_2_font_size_phone=&#8220;36px&#8220; header_2_font_size_last_edited=&#8220;on|phone&#8220; locked=&#8220;off&#8220; global_colors_info=&#8220;{}&#8220;]<\/p>\n<h2>Unterricht<\/h2>\n<p>[\/et_pb_text][\/et_pb_column][et_pb_column type=&#8220;1_2&#8243; _builder_version=&#8220;4.16&#8243; _module_preset=&#8220;default&#8220; custom_padding=&#8220;|||&#8220; global_colors_info=&#8220;{}&#8220; custom_padding__hover=&#8220;|||&#8220;][et_pb_image src=&#8220;https:\/\/www.bs-hof.de\/wp-content\/uploads\/2022\/07\/2400953c91.jpg&#8220; title_text=&#8220;2400953c91&#8243; _builder_version=&#8220;4.17.4&#8243; _module_preset=&#8220;default&#8220; global_colors_info=&#8220;{}&#8220;][\/et_pb_image][\/et_pb_column][\/et_pb_row][et_pb_row column_structure=&#8220;1_2,1_2&#8243; _builder_version=&#8220;4.17.4&#8243; _module_preset=&#8220;default&#8220; global_colors_info=&#8220;{}&#8220;][et_pb_column type=&#8220;1_2&#8243; _builder_version=&#8220;4.17.4&#8243; _module_preset=&#8220;default&#8220; global_colors_info=&#8220;{}&#8220;][et_pb_image src=&#8220;https:\/\/www.bs-hof.de\/wp-content\/uploads\/2022\/07\/Unbenannt.jpg&#8220; title_text=&#8220;Unbenannt&#8220; _builder_version=&#8220;4.17.4&#8243; _module_preset=&#8220;default&#8220; global_colors_info=&#8220;{}&#8220;][\/et_pb_image][et_pb_text _builder_version=&#8220;4.17.4&#8243; _module_preset=&#8220;default&#8220; global_colors_info=&#8220;{}&#8220;]<\/p>\n<p class=\"bodytext\"><span>Viel Raum, ergonomische Schulm\u00f6bel und moderne PC&#8217;s schaffen eine optimale Lernatmosph\u00e4re.<\/span><\/p>\n<p>[\/et_pb_text][\/et_pb_column][et_pb_column type=&#8220;1_2&#8243; _builder_version=&#8220;4.17.4&#8243; _module_preset=&#8220;default&#8220; global_colors_info=&#8220;{}&#8220;][et_pb_text _builder_version=&#8220;4.17.4&#8243; _module_preset=&#8220;default&#8220; global_colors_info=&#8220;{}&#8220;]<\/p>\n<p class=\"bodytext\"><span>Der Unterricht im Einzelhandel findet in eigens f\u00fcr diesen Bereich neu gestalteten R\u00e4umen statt. Dabei wurde viel Wert auf eine zeitgem\u00e4\u00dfe Ausstattung gelegt.<\/span><\/p>\n<p>[\/et_pb_text][et_pb_image src=&#8220;https:\/\/www.bs-hof.de\/wp-content\/uploads\/2022\/07\/Klassenzimmer_2.jpg&#8220; title_text=&#8220;Klassenzimmer_2&#8243; _builder_version=&#8220;4.17.4&#8243; _module_preset=&#8220;default&#8220; global_colors_info=&#8220;{}&#8220;][\/et_pb_image][et_pb_text _builder_version=&#8220;4.17.4&#8243; _module_preset=&#8220;default&#8220; global_colors_info=&#8220;{}&#8220;]<\/p>\n<div id=\"c418\" class=\"csc-default\">\n<div class=\"csc-textpic csc-textpic-intext-right\">\n<div class=\"csc-textpic-imagewrap\">\n<dl class=\"csc-textpic-image csc-textpic-firstcol csc-textpic-lastcol\">\n<dd class=\"csc-textpic-caption\"><span>Variable Schulm\u00f6bel erleichtern das Arbeiten in Gruppen und unterst\u00fctzen somit einen handlungsorientierten Unterricht.<\/span><\/dd>\n<\/dl>\n<\/div>\n<div class=\"csc-textpic-text\"><\/div>\n<\/div>\n<div class=\"csc-textpic-clear\"><\/div>\n<\/div>\n<div id=\"c414\" class=\"csc-default\">\n<p class=\"bodytext\">\n<\/div>\n<p>[\/et_pb_text][\/et_pb_column][\/et_pb_row][et_pb_row _builder_version=&#8220;4.17.4&#8243; _module_preset=&#8220;default&#8220; global_colors_info=&#8220;{}&#8220;][et_pb_column type=&#8220;4_4&#8243; _builder_version=&#8220;4.17.4&#8243; _module_preset=&#8220;default&#8220; global_colors_info=&#8220;{}&#8220;][et_pb_text module_id=&#8220;abt_lehr_aktuelles&#8220; _builder_version=&#8220;4.17.4&#8243; _module_preset=&#8220;default&#8220; text_font=&#8220;||||||||&#8220; header_font=&#8220;||||||||&#8220; header_2_font=&#8220;Rubik|700|||||||&#8220; header_2_text_color=&#8220;#A7C520&#8243; header_2_font_size=&#8220;42px&#8220; header_2_line_height=&#8220;1.2em&#8220; module_alignment=&#8220;center&#8220; custom_margin=&#8220;|||&#8220; custom_padding=&#8220;|||&#8220; header_2_font_size_tablet=&#8220;&#8220; header_2_font_size_phone=&#8220;36px&#8220; header_2_font_size_last_edited=&#8220;on|phone&#8220; locked=&#8220;off&#8220; global_colors_info=&#8220;{}&#8220;]<\/p>\n<h2>Pr\u00fcfungen<\/h2>\n<p>[\/et_pb_text][\/et_pb_column][\/et_pb_row][et_pb_row _builder_version=&#8220;4.17.4&#8243; _module_preset=&#8220;default&#8220; global_colors_info=&#8220;{}&#8220;][et_pb_column type=&#8220;4_4&#8243; _builder_version=&#8220;4.17.4&#8243; _module_preset=&#8220;default&#8220; global_colors_info=&#8220;{}&#8220;][et_pb_text _builder_version=&#8220;4.19.4&#8243; _module_preset=&#8220;default&#8220; hover_enabled=&#8220;0&#8243; global_colors_info=&#8220;{}&#8220; sticky_enabled=&#8220;0&#8243;]<\/p>\n<p class=\"bodytext\">Berufsschule: Abschlusszeugnis \/ Mittlere Reife<\/p>\n<p class=\"bodytext\">Die Auszubildenden im Einzelhandel schreiben in allen F\u00e4chern Extemporalen und Schulaufgaben. Au\u00dferdem werden Pr\u00e4sentationen angefertigt. Zum Schluss eines jeden Schuljahres bekommen die Sch\u00fcler ein Jahreszeugnis. Ein Abschlusszeugnis erh\u00e4lt man am Ende der Ausbildung. Den mittleren Bildungsabschluss erreicht man unter folgenden Voraussetzungen:<\/p>\n<p>&#8211; Bestandene IHK-Abschlusspr\u00fcfung<\/p>\n<p class=\"bodytext\">&#8211; Notendurchschnitt im Abschlusszeugnis der<br \/>\u00a0 \u00a0Berufsschule mindestens 3,0<\/p>\n<p class=\"bodytext\">&#8211; im Fach Englisch nach f\u00fcnf Schuljahren mindestens die Note \u201eausreichend\u201c<\/p>\n<p class=\"bodytext\">Kammerpr\u00fcfungen<\/p>\n<p class=\"bodytext\">Die Auszubildenden zum\/r Kaufmann\/-frau im Einzelhandel schreiben nach 2 Jahren den 1. Teil der Abschlusspr\u00fcfung in folgenden Bereichen:<\/p>\n<p class=\"bodytext\">1. Verkauf und Marketing<\/p>\n<p class=\"bodytext\">2. Warenwirtschaft und Rechnungswesen<\/p>\n<p class=\"bodytext\">3. Wirtschaft und Sozialkunde<\/p>\n<p class=\"bodytext\">Teil 2 der Abschlusspr\u00fcfung erfolgt am Schluss des 3. Ausbildungsjahres in folgenden Bereichen:<\/p>\n<p class=\"bodytext\">1. Gesch\u00e4ftsprozesse im Einzelhandel (schriftliche Pr\u00fcfung)<\/p>\n<p class=\"bodytext\">2. Fallbezogenes Fachgespr\u00e4ch (m\u00fcndliche Pr\u00fcfung)<\/p>\n<p class=\"bodytext\">Abschlusspr\u00fcfungen finden im Sommer und Winter statt.<\/p>\n<p class=\"bodytext\">Ansprechpartner f\u00fcr alle Fragen zur Pr\u00fcfung sowie f\u00fcr berufsbegleitende Fortbildungsma\u00dfnahmen ist die<\/p>\n<p class=\"bodytext\">IHK f\u00fcr Oberfranken<\/p>\n<p class=\"bodytext\">Bildungszentrum<\/p>\n<p class=\"bodytext\">Bahnhofstr. 25<\/p>\n<p class=\"bodytext\">95444 Bayreuth<\/p>\n<p class=\"bodytext\">Tel. 0921 886-0<\/p>\n<p class=\"bodytext\">Internet: www.bayreuth.ihk.de<\/p>\n<p>[\/et_pb_text][\/et_pb_column][\/et_pb_row][et_pb_row _builder_version=&#8220;4.17.4&#8243; _module_preset=&#8220;default&#8220; global_colors_info=&#8220;{}&#8220;][et_pb_column type=&#8220;4_4&#8243; _builder_version=&#8220;4.17.4&#8243; _module_preset=&#8220;default&#8220; global_colors_info=&#8220;{}&#8220;][et_pb_text module_id=&#8220;abt_lehr_aktuelles&#8220; _builder_version=&#8220;4.17.4&#8243; _module_preset=&#8220;default&#8220; text_font=&#8220;||||||||&#8220; header_font=&#8220;||||||||&#8220; header_2_font=&#8220;Rubik|700|||||||&#8220; header_2_text_color=&#8220;#A7C520&#8243; header_2_font_size=&#8220;42px&#8220; header_2_line_height=&#8220;1.2em&#8220; module_alignment=&#8220;center&#8220; custom_margin=&#8220;|||&#8220; custom_padding=&#8220;|||&#8220; header_2_font_size_tablet=&#8220;&#8220; header_2_font_size_phone=&#8220;36px&#8220; header_2_font_size_last_edited=&#8220;on|phone&#8220; locked=&#8220;off&#8220; global_colors_info=&#8220;{}&#8220;]<\/p>\n<h2>Englisch-Zertifikat<\/h2>\n<p>[\/et_pb_text][\/et_pb_column][\/et_pb_row][et_pb_row _builder_version=&#8220;4.17.4&#8243; _module_preset=&#8220;default&#8220; global_colors_info=&#8220;{}&#8220;][et_pb_column type=&#8220;4_4&#8243; _builder_version=&#8220;4.17.4&#8243; _module_preset=&#8220;default&#8220; global_colors_info=&#8220;{}&#8220;][et_pb_text _builder_version=&#8220;4.17.4&#8243; _module_preset=&#8220;default&#8220; global_colors_info=&#8220;{}&#8220;]<\/p>\n<p class=\"bodytext\"><span>Die Sch\u00fcler haben einmal im Jahr die M\u00f6glichkeit, an einer Pr\u00fcfung f\u00fcr ein KMK-Fremdsprachenzertifikat teilzunehmen. Es werden Englischkenntnisse \u00fcber den Berufsbereich Einzelhandel gepr\u00fcft. Die Teilnahmegeb\u00fchr betr\u00e4gt 30 Euro.<\/span><\/p>\n<p>[\/et_pb_text][\/et_pb_column][\/et_pb_row][\/et_pb_section][et_pb_section fb_built=&#8220;1&#8243; admin_label=&#8220;Fachbereiche&#8220; _builder_version=&#8220;4.16&#8243; _module_preset=&#8220;default&#8220; custom_padding=&#8220;|||&#8220; animation_style=&#8220;slide&#8220; animation_direction=&#8220;top&#8220; animation_intensity_slide=&#8220;10%&#8220; box_shadow_style=&#8220;preset3&#8243; box_shadow_vertical=&#8220;10px&#8220; box_shadow_blur=&#8220;105px&#8220; box_shadow_spread=&#8220;0px&#8220; box_shadow_color=&#8220;rgba(0,0,0,0.12)&#8220; collapsed=&#8220;on&#8220; global_colors_info=&#8220;{}&#8220;][et_pb_row _builder_version=&#8220;4.17.4&#8243; _module_preset=&#8220;default&#8220; global_colors_info=&#8220;{}&#8220;][et_pb_column type=&#8220;4_4&#8243; _builder_version=&#8220;4.17.4&#8243; _module_preset=&#8220;default&#8220; global_colors_info=&#8220;{}&#8220;][et_pb_text module_id=&#8220;Verk\u00e4ufer&#8220; _builder_version=&#8220;4.17.4&#8243; _module_preset=&#8220;default&#8220; text_font=&#8220;||||||||&#8220; header_font=&#8220;||||||||&#8220; header_2_font=&#8220;Rubik|700|||||||&#8220; header_2_text_color=&#8220;#A7C520&#8243; header_2_font_size=&#8220;42px&#8220; header_2_line_height=&#8220;1.2em&#8220; module_alignment=&#8220;center&#8220; custom_margin=&#8220;|||&#8220; custom_padding=&#8220;|||&#8220; header_2_font_size_tablet=&#8220;&#8220; header_2_font_size_phone=&#8220;36px&#8220; header_2_font_size_last_edited=&#8220;on|phone&#8220; locked=&#8220;off&#8220; global_colors_info=&#8220;{}&#8220;]<\/p>\n<h2>Verk\u00e4ufer\/in im Einzelhandel<\/h2>\n<p>[\/et_pb_text][\/et_pb_column][\/et_pb_row][et_pb_row make_equal=&#8220;on&#8220; _builder_version=&#8220;4.17.4&#8243; _module_preset=&#8220;default&#8220; background_color=&#8220;#ffffff&#8220; max_width=&#8220;80%&#8220; custom_margin=&#8220;|||&#8220; use_custom_width=&#8220;on&#8220; width_unit=&#8220;off&#8220; global_colors_info=&#8220;{}&#8220;][et_pb_column type=&#8220;4_4&#8243; _builder_version=&#8220;4.16&#8243; _module_preset=&#8220;default&#8220; custom_padding=&#8220;|||&#8220; global_colors_info=&#8220;{}&#8220; custom_padding__hover=&#8220;|||&#8220;][et_pb_image src=&#8220;https:\/\/www.bs-hof.de\/wp-content\/uploads\/2022\/07\/2400953c91.jpg&#8220; title_text=&#8220;2400953c91&#8243; _builder_version=&#8220;4.17.4&#8243; _module_preset=&#8220;default&#8220; global_colors_info=&#8220;{}&#8220;][\/et_pb_image][et_pb_text module_id=&#8220;abt_lehr_aktuelles&#8220; _builder_version=&#8220;4.17.4&#8243; _module_preset=&#8220;default&#8220; text_font=&#8220;||||||||&#8220; header_font=&#8220;||||||||&#8220; header_2_font=&#8220;Rubik|700|||||||&#8220; header_2_text_color=&#8220;#A7C520&#8243; header_2_font_size=&#8220;42px&#8220; header_2_line_height=&#8220;1.2em&#8220; module_alignment=&#8220;center&#8220; custom_margin=&#8220;|||&#8220; custom_padding=&#8220;|||&#8220; header_2_font_size_tablet=&#8220;&#8220; header_2_font_size_phone=&#8220;36px&#8220; header_2_font_size_last_edited=&#8220;on|phone&#8220; locked=&#8220;off&#8220; global_colors_info=&#8220;{}&#8220;]<\/p>\n<h2>Berufsbild<\/h2>\n<p>[\/et_pb_text][et_pb_text _builder_version=&#8220;4.17.4&#8243; _module_preset=&#8220;default&#8220; global_colors_info=&#8220;{}&#8220;]<\/p>\n<p class=\"bodytext\">Verk\u00e4ufer\/-innen im Einzelhandel<\/p>\n<p class=\"bodytext\">&#8211; beraten und bedienen ihre Kunden,<\/p>\n<p class=\"bodytext\">&#8211; haben branchenspezifische Warenkenntnisse,<\/p>\n<p class=\"bodytext\">&#8211; nehmen Lieferungen entgegen und lagern die Ware fachgerecht,<\/p>\n<p class=\"bodytext\">&#8211; zeichnen Waren aus und sortieren diese in die Regale ein,<\/p>\n<p class=\"bodytext\">&#8211; sind gewandt im Umgang mit moderner Technik, wie Computer und Scannerkassen.<\/p>\n<p class=\"bodytext\">\n<p class=\"bodytext\">Voraussetzung:<\/p>\n<p class=\"bodytext\">F\u00fcr die 2-j\u00e4hrige Ausbildung zum\/r Verk\u00e4ufer\/in im Einzelhandel wird in der Regel ein Hauptschulabschluss vorausgesetzt.<\/p>\n<p>[\/et_pb_text][et_pb_text module_id=&#8220;abt_lehr_aktuelles&#8220; _builder_version=&#8220;4.19.4&#8243; _module_preset=&#8220;default&#8220; text_font=&#8220;||||||||&#8220; header_font=&#8220;||||||||&#8220; header_2_font=&#8220;Rubik|700|||||||&#8220; header_2_text_color=&#8220;#A7C520&#8243; header_2_font_size=&#8220;42px&#8220; header_2_line_height=&#8220;1.2em&#8220; module_alignment=&#8220;center&#8220; custom_margin=&#8220;|||&#8220; custom_padding=&#8220;|||&#8220; header_2_font_size_tablet=&#8220;&#8220; header_2_font_size_phone=&#8220;32px&#8220; header_2_font_size_last_edited=&#8220;on|phone&#8220; locked=&#8220;off&#8220; global_colors_info=&#8220;{}&#8220;]<\/p>\n<h2>Ausbildungsdauer<\/h2>\n<p>[\/et_pb_text][et_pb_text _builder_version=&#8220;4.17.4&#8243; _module_preset=&#8220;default&#8220; global_colors_info=&#8220;{}&#8220;]<\/p>\n<div id=\"c394\" class=\"csc-default\">\n<p class=\"bodytext\">Die Regelausbildungsdauer betr\u00e4gt im Ausbildungsberuf Verk\u00e4ufer\/in im Einzelhandel 2 Jahre. Die Berufsschule findet nicht in der Ferienzeit statt.<\/p>\n<p class=\"bodytext\">Der Unterricht gliedert sich in diesen 2 Ausbildungsjahren wie folgt:<\/p>\n<\/div>\n<div id=\"c400\" class=\"csc-default\">\n<div class=\"csc-textpic-text\">\n<p class=\"bodytext\">\n<\/div>\n<\/div>\n<p>[\/et_pb_text][et_pb_text _builder_version=&#8220;4.17.4&#8243; _module_preset=&#8220;default&#8220; global_colors_info=&#8220;{}&#8220;]<\/p>\n<table cellspacing=\"0\" border=\"0\" cellpadding=\"0\" width=\"491\" class=\"contenttable\">\n<tbody>\n<tr height=\"42\">\n<td class=\"xl67\" height=\"42\" width=\"203\"><b>Fach<\/b><\/td>\n<td class=\"xl67\" width=\"157\">\u00a0\u00a0\u00a0\u00a0\u00a0\u00a0\u00a0\u00a0\u00a0\u00a0\u00a0<b>\u00a010.\u00a0Klasse<span>\u00a0\u00a0\u00a0\u00a0\u00a0\u00a0\u00a0\u00a0\u00a0\u00a0\u00a0\u00a0\u00a0\u00a0\u00a0\u00a0\u00a0\u00a0\u00a0\u00a0\u00a0\u00a0\u00a0\u00a0\u00a0\u00a0\u00a0\u00a0\u00a0\u00a0<\/span>\u00a0\u00a0\u00a0\u00a0\u00a01. Ausbildungsjahr<\/b><\/td>\n<td class=\"xl67\" width=\"131\"><b>\u00a0\u00a0\u00a0\u00a0\u00a0\u00a0\u00a0\u00a0\u00a0\u00a0\u00a0\u00a0<\/b><b>11.\u00a0<\/b><b>Klasse<span>\u00a0\u00a0\u00a0\u00a0\u00a0\u00a0\u00a0\u00a0\u00a0\u00a0\u00a0\u00a0\u00a0\u00a0\u00a0\u00a0\u00a0\u00a0\u00a0\u00a0\u00a0\u00a0\u00a0\u00a0\u00a0\u00a0\u00a0<\/span><\/b><b>\u00a0\u00a0\u00a0\u00a0\u00a0<\/b><b>2. Ausbildungsjahr<\/b><\/td>\n<\/tr>\n<tr height=\"21\">\n<td class=\"xl68\" height=\"21\">Einzelhandelsprozesse<\/td>\n<td class=\"xl69\">\u00a0\u00a0\u00a0\u00a0\u00a0\u00a0\u00a0\u00a0\u00a0\u00a0\u00a0\u00a0\u00a06 Std.<\/td>\n<td class=\"xl69\">\u00a0\u00a0\u00a0\u00a0\u00a0\u00a0\u00a0\u00a0\u00a0\u00a0\u00a0\u00a0\u00a02 Std.<\/td>\n<\/tr>\n<tr height=\"25\">\n<td class=\"xl70\" height=\"25\" width=\"203\">Kundenorientiertes Verkaufen<\/td>\n<td class=\"xl67\" width=\"157\">\u00a0\u00a0\u00a0\u00a0\u00a0\u00a0\u00a0\u00a0\u00a0\u00a0\u00a0\u00a0\u00a03 Std.<\/td>\n<td class=\"xl67\" width=\"131\">\u00a0\u00a0\u00a0\u00a0\u00a0\u00a0\u00a0\u00a0\u00a0\u00a0\u00a0\u00a0\u00a02 Std.<\/td>\n<\/tr>\n<tr height=\"43\">\n<td class=\"xl70\" height=\"43\" width=\"203\">Kaufm\u00e4nnische Steuerung<span>\u00a0<\/span>und Kontrolle<\/td>\n<td class=\"xl71\">\u00a0\u00a0\u00a0\u00a0\u00a0\u00a0\u00a0\u00a0\u00a0\u00a0\u00a0\u00a0\u00a02<span>\u00a0\u00a0<\/span>Std.<\/td>\n<td class=\"xl71\">\u00a0\u00a0\u00a0\u00a0\u00a0\u00a0\u00a0\u00a0\u00a0\u00a0\u00a0\u00a0\u00a01 Std.<\/td>\n<\/tr>\n<tr height=\"21\">\n<td class=\"xl70\" height=\"21\" width=\"203\">Sozialkunde<\/td>\n<td class=\"xl69\">\u00a0\u00a0\u00a0\u00a0\u00a0\u00a0\u00a0\u00a0\u00a0\u00a0\u00a0\u00a0\u00a01 Std.<\/td>\n<td class=\"xl69\">\u00a0\u00a0\u00a0\u00a0\u00a0\u00a0\u00a0\u00a0\u00a0\u00a0\u00a0\u00a0\u00a01 Std.<\/td>\n<\/tr>\n<tr height=\"21\">\n<td class=\"xl70\" height=\"21\" width=\"203\">Deutsch<\/td>\n<td class=\"xl69\">\u00a0\u00a0\u00a0\u00a0\u00a0\u00a0\u00a0\u00a0\u00a0\u00a0\u00a0\u00a0\u00a01 Std.<\/td>\n<td class=\"xl69\">\u00a0\u00a0\u00a0\u00a0\u00a0\u00a0\u00a0\u00a0\u00a0\u00a0\u00a0\u00a0\u00a01 Std.<\/td>\n<\/tr>\n<tr height=\"21\">\n<td class=\"xl70\" height=\"21\" width=\"203\">Religion\/Ethik<\/td>\n<td class=\"xl69\">\u00a0\u00a0\u00a0\u00a0\u00a0\u00a0\u00a0\u00a0\u00a0\u00a0\u00a0\u00a0\u00a01 Std.<\/td>\n<td class=\"xl69\">\u00a0\u00a0\u00a0\u00a0\u00a0\u00a0\u00a0\u00a0\u00a0\u00a0\u00a0\u00a0\u00a01 Std.<\/td>\n<\/tr>\n<tr height=\"21\">\n<td class=\"xl70\" height=\"21\" width=\"203\">Englisch<\/td>\n<td class=\"xl69\">\u00a0\u00a0\u00a0\u00a0\u00a0\u00a0\u00a0\u00a0\u00a0\u00a0\u00a0\u00a0\u00a01 Std.<\/td>\n<td class=\"xl69\">\u00a0\u00a0\u00a0\u00a0\u00a0\u00a0\u00a0\u00a0\u00a0\u00a0\u00a0\u00a0\u00a01 Std.<\/td>\n<\/tr>\n<tr height=\"21\">\n<td class=\"xl70\" height=\"21\" width=\"203\"><b>Summe<\/b><\/td>\n<td class=\"xl69\">\u00a0\u00a0\u00a0\u00a0\u00a0\u00a0\u00a0\u00a0\u00a0\u00a0\u00a0<b>15 Std.<\/b><\/td>\n<td class=\"xl69\">\u00a0\u00a0\u00a0\u00a0\u00a0\u00a0\u00a0\u00a0\u00a0\u00a0\u00a0\u00a0\u00a0<b>9 Std.<\/b><\/td>\n<\/tr>\n<tr height=\"21\">\n<td class=\"xl70\" height=\"21\" width=\"203\"><i>Schultage<\/i><\/td>\n<td class=\"xl69\"><i>1<span>\u00a0\u00a0<\/span>1\/2 Tage w\u00f6chentlich<\/i><\/td>\n<td class=\"xl69\">\u00a0\u00a0\u00a0\u00a0\u00a0\u00a0\u00a0<i>1 Tag w\u00f6chentlich<\/i><\/td>\n<\/tr>\n<\/tbody>\n<\/table>\n<p>[\/et_pb_text][et_pb_text module_id=&#8220;abt_lehr_aktuelles&#8220; _builder_version=&#8220;4.17.4&#8243; _module_preset=&#8220;default&#8220; text_font=&#8220;||||||||&#8220; header_font=&#8220;||||||||&#8220; header_2_font=&#8220;Rubik|700|||||||&#8220; header_2_text_color=&#8220;#A7C520&#8243; header_2_font_size=&#8220;42px&#8220; header_2_line_height=&#8220;1.2em&#8220; module_alignment=&#8220;center&#8220; custom_margin=&#8220;|||&#8220; custom_padding=&#8220;|||&#8220; header_2_font_size_tablet=&#8220;&#8220; header_2_font_size_phone=&#8220;36px&#8220; header_2_font_size_last_edited=&#8220;on|phone&#8220; locked=&#8220;off&#8220; global_colors_info=&#8220;{}&#8220;]<\/p>\n<h2>Lernfelder<\/h2>\n<p>[\/et_pb_text][et_pb_text _builder_version=&#8220;4.17.4&#8243; _module_preset=&#8220;default&#8220; global_colors_info=&#8220;{}&#8220;]<\/p>\n<p class=\"bodytext\">Einzelhandelsprozesse (EHP)<\/p>\n<p class=\"bodytext\">Kundenorientiertes Verkaufen (KOV)<\/p>\n<p class=\"bodytext\">Kaufm\u00e4nnische Steuerung und Kontrolle (KSK)<\/p>\n<p>[\/et_pb_text][et_pb_text _builder_version=&#8220;4.17.4&#8243; _module_preset=&#8220;default&#8220; global_colors_info=&#8220;{}&#8220;]<\/p>\n<table summary=\"\">\n<thead>\n<tr>\n<th scope=\"col\">Lernfeld \u00a0\u00a0<\/th>\n<th scope=\"col\" class=\"align-center\">\u00a0 \u00a0 Fach \u00a0 \u00a0 \u00a0\u00a0<\/th>\n<th scope=\"col\">\u00a0 \u00a0 \u00a0 \u00a0 \u00a0 \u00a0 \u00a0 \u00a0 \u00a0 \u00a0 \u00a0\u00a0Inhalt \u00a0 \u00a0 \u00a0 \u00a0 \u00a0 \u00a0 \u00a0 \u00a0 \u00a0 \u00a0 \u00a0 \u00a0 \u00a0 \u00a0 \u00a0 \u00a0 \u00a0 \u00a0 \u00a0 \u00a0 \u00a0 \u00a0 \u00a0 \u00a0 \u00a0 \u00a0<\/th>\n<th scope=\"col\">Klasse \u00a0\u00a0<\/th>\n<th scope=\"col\">Schulstunden \u00a0\u00a0<\/th>\n<\/tr>\n<\/thead>\n<tbody>\n<tr>\n<td class=\"align-center\">1<\/td>\n<td class=\"align-center\">EHP<\/td>\n<td><span>Das Einzelhandelsunternehmen repr\u00e4sent\u00ederen<\/span><\/td>\n<td class=\"align-center\">10<\/td>\n<td class=\"align-center\">80<\/td>\n<\/tr>\n<tr>\n<td class=\"align-center\">2<\/td>\n<td class=\"align-center\">KOV<\/td>\n<td><span>Verkaufsgespr\u00e4che kundenorientiert f\u00fchren<\/span><\/td>\n<td class=\"align-center\">10<\/td>\n<td class=\"align-center\">80<\/td>\n<\/tr>\n<tr>\n<td class=\"align-center\">3<\/td>\n<td class=\"align-center\">KSK<\/td>\n<td><span>Kunden im Servicebereich Kasse betreuen<\/span><\/td>\n<td class=\"align-center\">10<\/td>\n<td class=\"align-center\">80<\/td>\n<\/tr>\n<tr>\n<td class=\"align-center\">4<\/td>\n<td class=\"align-center\">KOV<\/td>\n<td><span>Waren pr\u00e4sentieren<\/span><\/td>\n<td class=\"align-center\">10<\/td>\n<td class=\"align-center\">40<\/td>\n<\/tr>\n<tr>\n<td class=\"align-center\">5<\/td>\n<td class=\"align-center\">EHP<\/td>\n<td><span>Werben und den Verkauf f\u00f6rdern<\/span><\/td>\n<td class=\"align-center\">10<\/td>\n<td class=\"align-center\">40<\/td>\n<\/tr>\n<tr>\n<td class=\"align-center\">6<\/td>\n<td class=\"align-center\">EHP<\/td>\n<td><span>Waren beschaffen<\/span><\/td>\n<td class=\"align-center\">10<\/td>\n<td class=\"align-center\">60<\/td>\n<\/tr>\n<tr class=\"align-center\">\n<td class=\"align-center\">7<\/td>\n<td class=\"align-center\">EHP<\/td>\n<td class=\"align-left\"><span>Waren annehmen, lagern und pflegen<\/span><\/td>\n<td class=\"align-center\">10<\/td>\n<td class=\"align-center\">60<\/td>\n<\/tr>\n<tr class=\"align-center\">\n<td class=\"align-center\">8<\/td>\n<td class=\"align-center\">KSK<\/td>\n<td class=\"align-left\"><span>Gesch\u00e4ftsprozesse erfassen und kontrollieren<\/span><\/td>\n<td class=\"align-center\">11<\/td>\n<td class=\"align-center\">40<\/td>\n<\/tr>\n<tr class=\"align-center\">\n<td class=\"align-center\">9<\/td>\n<td class=\"align-center\">EHP<\/td>\n<td class=\"align-left\"><span>Preispolitische Ma\u00dfnahmen vorbereiten und durchf\u00fchren<\/span><\/td>\n<td class=\"align-center\">11<\/td>\n<td class=\"align-center\">40<\/td>\n<\/tr>\n<tr class=\"align-center\">\n<td class=\"align-center\">10<\/td>\n<td class=\"align-center\">KOV<\/td>\n<td class=\"align-left\"><span>Besondere Verkaufssituationen bew\u00e4ltigen<\/span><\/td>\n<td class=\"align-center\">11<\/td>\n<td class=\"align-center\">80<\/td>\n<\/tr>\n<tr class=\"align-center\">\n<td class=\"align-center\">12<\/td>\n<td class=\"align-center\">EHP<\/td>\n<td class=\"align-left\"><span>Mit Marketingkonzepten Kunden gewinnen und binden<\/span><\/td>\n<td class=\"align-center\">11<\/td>\n<td class=\"align-center\">40<\/td>\n<\/tr>\n<\/tbody>\n<\/table>\n<p>[\/et_pb_text][et_pb_text module_id=&#8220;abt_lehr_aktuelles&#8220; _builder_version=&#8220;4.17.4&#8243; _module_preset=&#8220;default&#8220; text_font=&#8220;||||||||&#8220; header_font=&#8220;||||||||&#8220; header_2_font=&#8220;Rubik|700|||||||&#8220; header_2_text_color=&#8220;#A7C520&#8243; header_2_font_size=&#8220;42px&#8220; header_2_line_height=&#8220;1.2em&#8220; module_alignment=&#8220;center&#8220; custom_margin=&#8220;|||&#8220; custom_padding=&#8220;|||&#8220; header_2_font_size_tablet=&#8220;&#8220; header_2_font_size_phone=&#8220;36px&#8220; header_2_font_size_last_edited=&#8220;on|phone&#8220; locked=&#8220;off&#8220; global_colors_info=&#8220;{}&#8220;]<\/p>\n<h2>Unterricht<\/h2>\n<p>[\/et_pb_text][\/et_pb_column][\/et_pb_row][et_pb_row column_structure=&#8220;1_2,1_2&#8243; _builder_version=&#8220;4.17.4&#8243; _module_preset=&#8220;default&#8220; global_colors_info=&#8220;{}&#8220;][et_pb_column type=&#8220;1_2&#8243; _builder_version=&#8220;4.17.4&#8243; _module_preset=&#8220;default&#8220; global_colors_info=&#8220;{}&#8220;][et_pb_image src=&#8220;https:\/\/www.bs-hof.de\/wp-content\/uploads\/2022\/07\/Unbenannt.jpg&#8220; title_text=&#8220;Unbenannt&#8220; _builder_version=&#8220;4.17.4&#8243; _module_preset=&#8220;default&#8220; global_colors_info=&#8220;{}&#8220;][\/et_pb_image][et_pb_text _builder_version=&#8220;4.17.4&#8243; _module_preset=&#8220;default&#8220; global_colors_info=&#8220;{}&#8220;]<\/p>\n<p class=\"bodytext\"><span>Viel Raum, ergonomische Schulm\u00f6bel und moderne PC&#8217;s schaffen eine optimale Lernatmosph\u00e4re.<\/span><\/p>\n<p>[\/et_pb_text][\/et_pb_column][et_pb_column type=&#8220;1_2&#8243; _builder_version=&#8220;4.17.4&#8243; _module_preset=&#8220;default&#8220; global_colors_info=&#8220;{}&#8220;][et_pb_text _builder_version=&#8220;4.17.4&#8243; _module_preset=&#8220;default&#8220; global_colors_info=&#8220;{}&#8220;]<\/p>\n<p class=\"bodytext\"><span>Der Unterricht im Einzelhandel findet in eigens f\u00fcr diesen Bereich neu gestalteten R\u00e4umen statt. Dabei wurde viel Wert auf eine zeitgem\u00e4\u00dfe Ausstattung gelegt<\/span><\/p>\n<p>[\/et_pb_text][et_pb_image src=&#8220;https:\/\/www.bs-hof.de\/wp-content\/uploads\/2022\/07\/Klassenzimmer_2.jpg&#8220; title_text=&#8220;Klassenzimmer_2&#8243; _builder_version=&#8220;4.17.4&#8243; _module_preset=&#8220;default&#8220; global_colors_info=&#8220;{}&#8220;][\/et_pb_image][et_pb_text _builder_version=&#8220;4.17.4&#8243; _module_preset=&#8220;default&#8220; global_colors_info=&#8220;{}&#8220;]<\/p>\n<div id=\"c418\" class=\"csc-default\">\n<div class=\"csc-textpic csc-textpic-intext-right\">\n<div class=\"csc-textpic-imagewrap\">\n<dl class=\"csc-textpic-image csc-textpic-firstcol csc-textpic-lastcol\">\n<dd class=\"csc-textpic-caption\"><span>Variable Schulm\u00f6bel erleichtern das Arbeiten in Gruppen und unterst\u00fctzen somit einen handlungsorientierten Unterricht.<\/span><\/dd>\n<\/dl>\n<\/div>\n<\/div>\n<\/div>\n<div id=\"c414\" class=\"csc-default\">\n<p class=\"bodytext\">\n<\/div>\n<p>[\/et_pb_text][\/et_pb_column][\/et_pb_row][et_pb_row _builder_version=&#8220;4.17.4&#8243; _module_preset=&#8220;default&#8220; custom_padding=&#8220;||27px|||&#8220; global_colors_info=&#8220;{}&#8220;][et_pb_column type=&#8220;4_4&#8243; _builder_version=&#8220;4.17.4&#8243; _module_preset=&#8220;default&#8220; global_colors_info=&#8220;{}&#8220;][et_pb_text module_id=&#8220;abt_lehr_aktuelles&#8220; _builder_version=&#8220;4.17.4&#8243; _module_preset=&#8220;default&#8220; text_font=&#8220;||||||||&#8220; header_font=&#8220;||||||||&#8220; header_2_font=&#8220;Rubik|700|||||||&#8220; header_2_text_color=&#8220;#A7C520&#8243; header_2_font_size=&#8220;42px&#8220; header_2_line_height=&#8220;1.2em&#8220; module_alignment=&#8220;center&#8220; custom_margin=&#8220;|||&#8220; custom_padding=&#8220;|||&#8220; header_2_font_size_tablet=&#8220;&#8220; header_2_font_size_phone=&#8220;36px&#8220; header_2_font_size_last_edited=&#8220;on|phone&#8220; locked=&#8220;off&#8220; global_colors_info=&#8220;{}&#8220;]<\/p>\n<h2>Pr\u00fcfungen<\/h2>\n<p>[\/et_pb_text][\/et_pb_column][\/et_pb_row][et_pb_row _builder_version=&#8220;4.17.4&#8243; _module_preset=&#8220;default&#8220; global_colors_info=&#8220;{}&#8220;][et_pb_column type=&#8220;4_4&#8243; _builder_version=&#8220;4.17.4&#8243; _module_preset=&#8220;default&#8220; global_colors_info=&#8220;{}&#8220;][et_pb_text _builder_version=&#8220;4.17.4&#8243; _module_preset=&#8220;default&#8220; global_colors_info=&#8220;{}&#8220;]<\/p>\n<p class=\"bodytext\">Abschlusszeugnis \/ Mittlere Reife an der Berufsschule<\/p>\n<p class=\"bodytext\">Die Auszubildenden im Einzelhandel schreiben in allen F\u00e4chern Extemporalen und Schulaufgaben. Au\u00dferdem werden Pr\u00e4senationen angefertigt. Zum Schluss eines jeden Schuljahres bekommen die Sch\u00fcler ein Jahreszeugnis. Ein Abschlusszeugnis erhalten die Sch\u00fcler am Ende der Ausbildung. Den mittleren Bildungsabschluss erreicht man unter folgenden Voraussetzungen:<\/p>\n<p class=\"bodytext\">&#8211; Notendurchschnitt im Abschlusszeugnis der Berufsschule mindestens 3,0<\/p>\n<p class=\"bodytext\">&#8211; im Fach Englisch mindestens die Note \u201eausreichend\u201c<\/p>\n<p class=\"bodytext\">\n<p class=\"bodytext\">Kammerpr\u00fcfungen<\/p>\n<p class=\"bodytext\">Die Auszubildenden zum\/r Verk\u00e4ufer\/in schreiben nach etwa einem Jahr eine Zwischenpr\u00fcfung und nach 2 Jahren die Abschlusspr\u00fcfung. Diese findet jeweils im Sommer und Winter statt. Es werden 3 Pr\u00fcfungsbereiche schriftlich gepr\u00fcft:<\/p>\n<p class=\"bodytext\">1. Verkauf und Marketing<\/p>\n<p class=\"bodytext\">2. Warenwirtschaft und Rechnungswesen<\/p>\n<p class=\"bodytext\">3. Wirtschaft und Sozialkunde<\/p>\n<p class=\"bodytext\">Einige Wochen sp\u00e4ter findet die m\u00fcndliche Pr\u00fcfung in Form eines fallbezogenen Fachgespr\u00e4ches statt. Verk\u00e4ufer\/innen, die ihre Abschlusspr\u00fcfung bestehen und einen Anschlussvertrag zum\/r Kaufmann\/-frau im Einzelhandel erhalten, wird die Verk\u00e4uferpr\u00fcfung als Teil 1 angerechnet.<\/p>\n<p class=\"bodytext\">Nach Abschluss des 3. Ausbildungsjahres erfolgt dann Teil 2 der Abschlusspr\u00fcfung in folgenden Bereichen:<\/p>\n<p class=\"bodytext\">1. Gesch\u00e4ftsprozesse im Einzelhandel (schriftliche Pr\u00fcfung)<\/p>\n<p class=\"bodytext\">2. Fallbezogenes Fachgespr\u00e4ch (m\u00fcndliche Pr\u00fcfung)<\/p>\n<p class=\"bodytext\">\n<p class=\"bodytext\">Ansprechpartner f\u00fcr alle Fragen zur Pr\u00fcfung sowie f\u00fcr berufsbegleitende Fortbildungsma\u00dfnahmen ist die<\/p>\n<p class=\"bodytext\">IHK f\u00fcr Oberfranken<\/p>\n<p class=\"bodytext\">Bildungszentrum<\/p>\n<p class=\"bodytext\">Bahnhofstr. 25<\/p>\n<p class=\"bodytext\">95444 Bayreuth<\/p>\n<p class=\"bodytext\">Tel. 0921 886-0<\/p>\n<p class=\"bodytext\">Internet: www.bayreuth.ihk.de<\/p>\n<p>[\/et_pb_text][\/et_pb_column][\/et_pb_row][et_pb_row _builder_version=&#8220;4.17.4&#8243; _module_preset=&#8220;default&#8220; global_colors_info=&#8220;{}&#8220;][et_pb_column type=&#8220;4_4&#8243; _builder_version=&#8220;4.17.4&#8243; _module_preset=&#8220;default&#8220; global_colors_info=&#8220;{}&#8220;][et_pb_text module_id=&#8220;abt_lehr_aktuelles&#8220; _builder_version=&#8220;4.17.4&#8243; _module_preset=&#8220;default&#8220; text_font=&#8220;||||||||&#8220; header_font=&#8220;||||||||&#8220; header_2_font=&#8220;Rubik|700|||||||&#8220; header_2_text_color=&#8220;#A7C520&#8243; header_2_font_size=&#8220;42px&#8220; header_2_line_height=&#8220;1.2em&#8220; module_alignment=&#8220;center&#8220; custom_margin=&#8220;|||&#8220; custom_padding=&#8220;|||&#8220; header_2_font_size_tablet=&#8220;&#8220; header_2_font_size_phone=&#8220;36px&#8220; header_2_font_size_last_edited=&#8220;on|phone&#8220; locked=&#8220;off&#8220; global_colors_info=&#8220;{}&#8220;]<\/p>\n<h2>Englisch-Zertifikat<\/h2>\n<p>[\/et_pb_text][\/et_pb_column][\/et_pb_row][et_pb_row _builder_version=&#8220;4.17.4&#8243; _module_preset=&#8220;default&#8220; global_colors_info=&#8220;{}&#8220;][et_pb_column type=&#8220;4_4&#8243; _builder_version=&#8220;4.17.4&#8243; _module_preset=&#8220;default&#8220; global_colors_info=&#8220;{}&#8220;][et_pb_text _builder_version=&#8220;4.17.4&#8243; _module_preset=&#8220;default&#8220; global_colors_info=&#8220;{}&#8220;]<\/p>\n<p class=\"bodytext\"><span>Die Sch\u00fcler haben einmal im Jahr die M\u00f6glichkeit, an einer Pr\u00fcfung f\u00fcr ein KMK-Fremdsprachenzertifikat teilzunehmen. Es werden Englischkenntnisse \u00fcber den Berufsbereich Einzelhandel gepr\u00fcft. Die Teilnahmegeb\u00fchr betr\u00e4gt 30 Euro.<\/span><\/p>\n<p>[\/et_pb_text][\/et_pb_column][\/et_pb_row][\/et_pb_section][et_pb_section fb_built=&#8220;1&#8243; _builder_version=&#8220;4.17.4&#8243; _module_preset=&#8220;default&#8220; collapsed=&#8220;on&#8220; global_colors_info=&#8220;{}&#8220;][et_pb_row module_id=&#8220;eh_aktuelles&#8220; _builder_version=&#8220;4.17.4&#8243; _module_preset=&#8220;default&#8220; global_colors_info=&#8220;{}&#8220;][et_pb_column type=&#8220;4_4&#8243; _builder_version=&#8220;4.17.4&#8243; _module_preset=&#8220;default&#8220; global_colors_info=&#8220;{}&#8220;][et_pb_text module_id=&#8220;abt_lehr_aktuelles&#8220; _builder_version=&#8220;4.17.4&#8243; _module_preset=&#8220;default&#8220; text_font=&#8220;||||||||&#8220; header_font=&#8220;||||||||&#8220; header_2_font=&#8220;Rubik|700|||||||&#8220; header_2_text_color=&#8220;#A7C520&#8243; header_2_font_size=&#8220;42px&#8220; header_2_line_height=&#8220;1.2em&#8220; module_alignment=&#8220;center&#8220; custom_margin=&#8220;|||&#8220; custom_padding=&#8220;|||&#8220; header_2_font_size_tablet=&#8220;&#8220; header_2_font_size_phone=&#8220;36px&#8220; header_2_font_size_last_edited=&#8220;on|phone&#8220; locked=&#8220;off&#8220; global_colors_info=&#8220;{}&#8220;]<\/p>\n<h2>Aktuelles und Termine<\/h2>\n<p>[\/et_pb_text][et_pb_text _builder_version=&#8220;4.17.4&#8243; _module_preset=&#8220;default&#8220; global_colors_info=&#8220;{}&#8220;]<\/p>\n<div id=\"c370\" class=\"csc-default\">\n<div class=\"csc-header csc-header-n1\">\n<h1 class=\"csc-firstHeader\">Erster Schultag im Schuljahr 2022\/2023<\/h1>\n<\/div>\n<div class=\"csc-textpic-text\">\n<table height=\"511\" width=\"429\" class=\"contenttable\">\n<tbody>\n<tr>\n<td>Unterrichtsbeginn ist jeweils um 08:00 Uhr. \u00a0<\/td>\n<\/tr>\n<\/tbody>\n<thead>\n<tr>\n<th rowspan=\"1\" scope=\"col\"><\/th>\n<th rowspan=\"1\" scope=\"col\"><\/th>\n<th rowspan=\"1\" scope=\"col\"><\/th>\n<th rowspan=\"1\" scope=\"col\"><\/th>\n<\/tr>\n<\/thead>\n<tbody>\n<tr>\n<td><b>Klasse<\/b><span>\u00a0<\/span>\u00a0<\/td>\n<td><b>Tag<span>\u00a0<\/span><\/b>\u00a0<\/td>\n<td><b>Datum<\/b><span>\u00a0<\/span>\u00a0<\/td>\n<td><b>Raum<span>\u00a0<\/span><\/b>\u00a0<\/td>\n<\/tr>\n<tr>\n<td>WEH 10a<\/td>\n<td class=\"align-left\">Mittwoch<\/td>\n<td>14.09.22<\/td>\n<td>107<\/td>\n<\/tr>\n<tr>\n<td>WEH 10b<\/td>\n<td>Mittwoch<\/td>\n<td>14.09.22<\/td>\n<td>108<\/td>\n<\/tr>\n<tr>\n<td>WEH 11a<\/td>\n<td>Montag<\/td>\n<td>19.09.22<\/td>\n<td>108<\/td>\n<\/tr>\n<tr>\n<td>WEH 11b<\/td>\n<td>Dienstag<\/td>\n<td>13.09.22<\/td>\n<td>108<\/td>\n<\/tr>\n<tr>\n<td rowspan=\"1\">WEH 11c \u00a0<\/td>\n<td rowspan=\"1\">Donnerstag<\/td>\n<td rowspan=\"1\">15.09.22<\/td>\n<td rowspan=\"1\">108<\/td>\n<\/tr>\n<tr>\n<td>WEH 12a<\/td>\n<td>Mittwoch<\/td>\n<td>14.09.22<\/td>\n<td>109<\/td>\n<\/tr>\n<tr>\n<td>WEH 12b<\/td>\n<td>Donnerstag<\/td>\n<td>15.09.22<\/td>\n<td>108<\/td>\n<\/tr>\n<tr>\n<td rowspan=\"1\"><\/td>\n<td rowspan=\"1\"><\/td>\n<td rowspan=\"1\"><\/td>\n<td rowspan=\"1\"><\/td>\n<\/tr>\n<\/tbody>\n<\/table>\n<\/div>\n<\/div>\n<div id=\"c707\" class=\"csc-default\">\n<div class=\"csc-header csc-header-n2\">\n<h1>Schultage der Klassen im Schuljahr 2022\/2023<\/h1>\n<\/div>\n<div class=\"csc-textpic-text\">\n<div class=\"indent\">\n<p class=\"bodytext\">WEH 10a \u00a0 \u00a0 \u00a0 \u00a0 \u00a0 \u00a0 \u00a0 \u00a0 \u00a0 \u00a0 \u00a0 \u00a0\u00a0 Montag\/Mittwoch (halb)<\/p>\n<p class=\"bodytext\">WEH 10b \u00a0 \u00a0 \u00a0 \u00a0 \u00a0 \u00a0 \u00a0 \u00a0 \u00a0 \u00a0 \u00a0 \u00a0\u00a0 Mittwoch\/Freitag (halb)<\/p>\n<p class=\"bodytext\">WEH 11a \u00a0 \u00a0 \u00a0 \u00a0 \u00a0 \u00a0 \u00a0 \u00a0 \u00a0 \u00a0 \u00a0 \u00a0\u00a0 Montag<\/p>\n<p class=\"bodytext\">WEH 11b \u00a0 \u00a0 \u00a0 \u00a0 \u00a0 \u00a0 \u00a0 \u00a0 \u00a0 \u00a0 \u00a0 \u00a0\u00a0 Dienstag<\/p>\n<p class=\"bodytext\">WEH 11c \u00a0 \u00a0 \u00a0 \u00a0 \u00a0 \u00a0 \u00a0 \u00a0 \u00a0 \u00a0 \u00a0 \u00a0\u00a0 Donnerstag<\/p>\n<p class=\"bodytext\">WEH 12a \u00a0 \u00a0 \u00a0 \u00a0 \u00a0 \u00a0 \u00a0 \u00a0 \u00a0 \u00a0 \u00a0 \u00a0\u00a0 Mittwoch<\/p>\n<p class=\"bodytext\">WEH 12b \u00a0 \u00a0 \u00a0 \u00a0 \u00a0 \u00a0 \u00a0 \u00a0 \u00a0 \u00a0 \u00a0 \u00a0\u00a0 Donnerstag<\/p>\n<\/div>\n<\/div>\n<\/div>\n<p>[\/et_pb_text][\/et_pb_column][\/et_pb_row][\/et_pb_section][et_pb_section fb_built=&#8220;1&#8243; _builder_version=&#8220;4.17.4&#8243; _module_preset=&#8220;default&#8220; collapsed=&#8220;on&#8220; global_colors_info=&#8220;{}&#8220;][et_pb_row module_id=&#8220;eh_lehr&#8220; _builder_version=&#8220;4.17.4&#8243; _module_preset=&#8220;default&#8220; global_colors_info=&#8220;{}&#8220;][et_pb_column type=&#8220;4_4&#8243; _builder_version=&#8220;4.17.4&#8243; _module_preset=&#8220;default&#8220; global_colors_info=&#8220;{}&#8220;][et_pb_text module_id=&#8220;abt_lehr_aktuelles&#8220; _builder_version=&#8220;4.17.4&#8243; _module_preset=&#8220;default&#8220; text_font=&#8220;||||||||&#8220; header_font=&#8220;||||||||&#8220; header_2_font=&#8220;Rubik|700|||||||&#8220; header_2_text_color=&#8220;#A7C520&#8243; header_2_font_size=&#8220;42px&#8220; header_2_line_height=&#8220;1.2em&#8220; module_alignment=&#8220;center&#8220; custom_margin=&#8220;|||&#8220; custom_padding=&#8220;|||&#8220; header_2_font_size_tablet=&#8220;&#8220; header_2_font_size_phone=&#8220;36px&#8220; header_2_font_size_last_edited=&#8220;on|phone&#8220; locked=&#8220;off&#8220; global_colors_info=&#8220;{}&#8220;]<\/p>\n<h2>Abteilungsleiter und Lehrkr\u00e4fte<\/h2>\n<p>[\/et_pb_text][et_pb_text _builder_version=&#8220;4.19.4&#8243; _module_preset=&#8220;default&#8220; global_colors_info=&#8220;{}&#8220;]<\/p>\n<p class=\"bodytext\"><b>Abteilungsleiter: StD Bernhard B\u00f6ger<\/b><\/p>\n<p class=\"bodytext\">Gern k\u00f6nnen Sie uns auch per E-Mail kontaktieren.<\/p>\n<p class=\"bodytext\">Derzeit unterrichtende Lehrkr\u00e4fte:<\/p>\n<p>[\/et_pb_text][et_pb_text _builder_version=&#8220;4.19.4&#8243; _module_preset=&#8220;default&#8220; global_colors_info=&#8220;{}&#8220;]<\/p>\n<table border=\"0\" cellpadding=\"0\" cellspacing=\"0\" width=\"652\" class=\"contenttable\">\n<tbody>\n<tr>\n<td width=\"652\">\n<table border=\"0\" cellpadding=\"0\" cellspacing=\"0\" width=\"601\" class=\"contenttable\" style=\"height: 278px;\">\n<tbody>\n<tr style=\"height: 24px;\">\n<td style=\"height: 24px; width: 108.844px;\"><\/td>\n<td style=\"height: 24px; width: 202.797px;\"><b><span>Lehrer<\/span><\/b><\/td>\n<td style=\"height: 24px; width: 281.359px;\"><b><span>Kontakt per E-Mail<\/span><\/b><\/td>\n<\/tr>\n<tr style=\"height: 0px;\">\n<td style=\"height: 0px; width: 108.844px;\"><\/td>\n<td style=\"height: 0px; width: 202.797px;\"><\/td>\n<td style=\"height: 0px; width: 281.359px;\"><\/td>\n<\/tr>\n<tr style=\"height: 24px;\">\n<td style=\"height: 24px; width: 108.844px;\">StRin<\/td>\n<td style=\"height: 24px; width: 202.797px;\">Benker, Tina<\/td>\n<td style=\"height: 24px; width: 281.359px;\">benker@bs-hof.de<\/td>\n<\/tr>\n<tr style=\"height: 24px;\">\n<td style=\"height: 24px; width: 108.844px;\">StRin<\/td>\n<td style=\"height: 24px; width: 202.797px;\">Bertelshofer, Jessika<\/td>\n<td style=\"height: 24px; width: 281.359px;\">bertelshofer@bs-hof.de<\/td>\n<\/tr>\n<tr style=\"height: 24px;\">\n<td style=\"height: 24px; width: 108.844px;\">StD<\/td>\n<td style=\"height: 24px; width: 202.797px;\">B\u00f6ger, Bernhard<\/td>\n<td style=\"height: 24px; width: 281.359px;\">boeger@bs-hof.de<\/td>\n<\/tr>\n<tr style=\"height: 24px;\">\n<td style=\"height: 24px; width: 108.844px;\">OStRin<\/td>\n<td style=\"height: 24px; width: 202.797px;\">F\u00f6rster, Doreen<\/td>\n<td style=\"height: 24px; width: 281.359px;\">foerster@bs-hof.de<\/td>\n<\/tr>\n<tr style=\"height: 24px;\">\n<td style=\"height: 24px; width: 108.844px;\">StR<\/td>\n<td style=\"height: 24px; width: 202.797px;\">Gebelein, Ren\u00e9<\/td>\n<td style=\"height: 24px; width: 281.359px;\">gebelein@bs-hof.de<\/td>\n<\/tr>\n<tr style=\"height: 24px;\">\n<td style=\"height: 24px; width: 108.844px;\">OStRin<\/td>\n<td style=\"height: 24px; width: 202.797px;\">Gruner, Susann<\/td>\n<td style=\"height: 24px; width: 281.359px;\">gruner@bs-hof.de<\/td>\n<\/tr>\n<tr style=\"height: 24px;\">\n<td style=\"height: 24px; width: 108.844px;\">StRin<\/td>\n<td style=\"height: 24px; width: 202.797px;\">Hebel, Tamara<\/td>\n<td style=\"height: 24px; width: 281.359px;\">hebel@bs-hof.de<\/td>\n<\/tr>\n<tr style=\"height: 24px;\">\n<td style=\"height: 28px; width: 108.844px;\">OStRin<\/td>\n<td style=\"height: 28px; width: 202.797px;\">Heinisch-Kopp, Ina<\/td>\n<td style=\"height: 28px; width: 281.359px;\">heinisch-kopp@bs-hof.de<\/td>\n<\/tr>\n<tr style=\"height: 24px;\">\n<td style=\"height: 24px; width: 108.844px;\">OStRin<\/td>\n<td style=\"height: 24px; width: 202.797px;\">Reichelt, Sandra<\/td>\n<td style=\"height: 24px; width: 281.359px;\">reichelt@bs-hof.de<\/td>\n<\/tr>\n<tr style=\"height: 24px;\">\n<td style=\"height: 24px; width: 108.844px;\">OStR i. BV<\/td>\n<td style=\"height: 24px; width: 202.797px;\">Wagner, Peter<\/td>\n<td style=\"height: 24px; width: 281.359px;\">wagner@bs-hof.de<\/td>\n<\/tr>\n<\/tbody>\n<\/table>\n<\/td>\n<\/tr>\n<\/tbody>\n<\/table>\n<p>[\/et_pb_text][\/et_pb_column][\/et_pb_row][\/et_pb_section][et_pb_section fb_built=&#8220;1&#8243; admin_label=&#8220;Fachbereiche&#8220; _builder_version=&#8220;4.16&#8243; _module_preset=&#8220;default&#8220; custom_padding=&#8220;|||&#8220; animation_style=&#8220;slide&#8220; animation_direction=&#8220;top&#8220; animation_intensity_slide=&#8220;10%&#8220; box_shadow_style=&#8220;preset3&#8243; box_shadow_vertical=&#8220;10px&#8220; box_shadow_blur=&#8220;105px&#8220; box_shadow_spread=&#8220;0px&#8220; box_shadow_color=&#8220;rgba(0,0,0,0.12)&#8220; collapsed=&#8220;on&#8220; global_colors_info=&#8220;{}&#8220;][et_pb_row _builder_version=&#8220;4.17.4&#8243; _module_preset=&#8220;default&#8220; global_colors_info=&#8220;{}&#8220;][et_pb_column type=&#8220;4_4&#8243; _builder_version=&#8220;4.17.4&#8243; _module_preset=&#8220;default&#8220; global_colors_info=&#8220;{}&#8220;][et_pb_text module_id=&#8220;eh_projekte&#8220; _builder_version=&#8220;4.17.4&#8243; _module_preset=&#8220;default&#8220; text_font=&#8220;||||||||&#8220; header_font=&#8220;||||||||&#8220; header_2_font=&#8220;Rubik|700|||||||&#8220; header_2_text_color=&#8220;#A7C520&#8243; header_2_font_size=&#8220;42px&#8220; header_2_line_height=&#8220;1.2em&#8220; module_alignment=&#8220;center&#8220; custom_margin=&#8220;|||&#8220; custom_padding=&#8220;|||&#8220; header_2_font_size_tablet=&#8220;&#8220; header_2_font_size_phone=&#8220;36px&#8220; header_2_font_size_last_edited=&#8220;on|phone&#8220; locked=&#8220;off&#8220; global_colors_info=&#8220;{}&#8220;]<\/p>\n<h2>Projekte<\/h2>\n<p>[\/et_pb_text][\/et_pb_column][\/et_pb_row][et_pb_row column_structure=&#8220;1_2,1_2&#8243; make_equal=&#8220;on&#8220; _builder_version=&#8220;4.17.4&#8243; _module_preset=&#8220;default&#8220; background_color=&#8220;#ffffff&#8220; max_width=&#8220;80%&#8220; custom_margin=&#8220;|||&#8220; use_custom_width=&#8220;on&#8220; width_unit=&#8220;off&#8220; global_colors_info=&#8220;{}&#8220;][et_pb_column type=&#8220;1_2&#8243; _builder_version=&#8220;4.16&#8243; _module_preset=&#8220;default&#8220; custom_padding=&#8220;|||&#8220; global_colors_info=&#8220;{}&#8220; custom_padding__hover=&#8220;|||&#8220;][et_pb_image src=&#8220;https:\/\/www.bs-hof.de\/wp-content\/uploads\/2022\/08\/einzelhandel_projekte1.jpg&#8220; title_text=&#8220;einzelhandel_projekte1&#8243; _builder_version=&#8220;4.17.4&#8243; _module_preset=&#8220;default&#8220; global_colors_info=&#8220;{}&#8220;][\/et_pb_image][\/et_pb_column][et_pb_column type=&#8220;1_2&#8243; _builder_version=&#8220;4.16&#8243; _module_preset=&#8220;default&#8220; custom_padding=&#8220;|||&#8220; global_colors_info=&#8220;{}&#8220; custom_padding__hover=&#8220;|||&#8220;][et_pb_text _builder_version=&#8220;4.17.4&#8243; _module_preset=&#8220;default&#8220; global_colors_info=&#8220;{}&#8220;]<\/p>\n<h1 class=\"bodytext\"><span>Das kannst auch du!<\/span><\/h1>\n<p class=\"bodytext\">\u201eDie Zukunft ist kein Schicksalsschlag, sondern die Folge der Entscheidungen, die wir heute treffen.\u201c\u00a0 (Franz Alt)<\/p>\n<p class=\"bodytext\">Sicherlich sind wir nicht die letzte Generation auf unserem sch\u00f6nen Planeten Erde, doch wir sind hoffentlich eine Generation, die ihren Lebensstil nachhaltig gestalten wird. Das bedeutet, dass wir der Menschheit nach uns die Welt so \u00fcberlassen, dass auch sie gut leben k\u00f6nnen. Doch wie kann man sein Leben nachhaltig gestalten? Mit dieser Frage besch\u00e4ftigten wir, die angehenden Einzelh\u00e4ndler der Klasse WEH10A, uns im Juni 2018 w\u00e4hrend der UNESCO-Projektwoche.<\/p>\n<p class=\"bodytext\">Damit m\u00f6glichst zahlreiche Sch\u00fcler, Lehrer und Besucher unserer Berufsschule auf das Thema aufmerksam gemacht werden, \u00fcberlegten wir, wie wir sie visuell an unsere Informationswand \u201eDas kannst auch du!\u201c\u201efesseln\u201c k\u00f6nnen. Da eine pers\u00f6nliche Botschaft sehr wirkungsvoll ist, kamen wir auf die Idee, uns selbst an die Wand zu h\u00e4ngen. So entstanden kurzerhand 20 individuell und liebevoll gestaltete M\u00e4nnchen, die jeweils einen pers\u00f6nlichen Tipp f\u00fcr ein nachhaltigeres Leben pr\u00e4sentieren, der ganz einfach auch in deinem Alltag ungesetzt werden kann. Also sei dabei!<\/p>\n<p>[\/et_pb_text][\/et_pb_column][\/et_pb_row][et_pb_row column_structure=&#8220;1_4,1_4,1_4,1_4&#8243; make_equal=&#8220;on&#8220; _builder_version=&#8220;4.17.4&#8243; _module_preset=&#8220;default&#8220; background_color=&#8220;#ffffff&#8220; max_width=&#8220;80%&#8220; custom_margin=&#8220;|||&#8220; use_custom_width=&#8220;on&#8220; width_unit=&#8220;off&#8220; global_colors_info=&#8220;{}&#8220;][et_pb_column type=&#8220;1_4&#8243; _builder_version=&#8220;4.16&#8243; _module_preset=&#8220;default&#8220; custom_padding=&#8220;|||&#8220; global_colors_info=&#8220;{}&#8220; custom_padding__hover=&#8220;|||&#8220;][et_pb_image src=&#8220;https:\/\/www.bs-hof.de\/wp-content\/uploads\/2022\/08\/einzelhandel_projekte2.jpg&#8220; title_text=&#8220;einzelhandel_projekte2&#8243; _builder_version=&#8220;4.17.4&#8243; _module_preset=&#8220;default&#8220; global_colors_info=&#8220;{}&#8220;][\/et_pb_image][et_pb_text _builder_version=&#8220;4.17.4&#8243; _module_preset=&#8220;default&#8220; global_colors_info=&#8220;{}&#8220;]Sch\u00fclerinnen und Sch\u00fcler mit ihren Tipps f\u00fcr ein nachhaltiges Leben[\/et_pb_text][\/et_pb_column][et_pb_column type=&#8220;1_4&#8243; _builder_version=&#8220;4.16&#8243; _module_preset=&#8220;default&#8220; custom_padding=&#8220;|||&#8220; global_colors_info=&#8220;{}&#8220; custom_padding__hover=&#8220;|||&#8220;][et_pb_image src=&#8220;https:\/\/www.bs-hof.de\/wp-content\/uploads\/2022\/08\/einzelhandel_projekte3.jpg&#8220; title_text=&#8220;einzelhandel_projekte3&#8243; _builder_version=&#8220;4.17.4&#8243; _module_preset=&#8220;default&#8220; global_colors_info=&#8220;{}&#8220;][\/et_pb_image][\/et_pb_column][et_pb_column type=&#8220;1_4&#8243; _builder_version=&#8220;4.16&#8243; _module_preset=&#8220;default&#8220; custom_padding=&#8220;|||&#8220; global_colors_info=&#8220;{}&#8220; custom_padding__hover=&#8220;|||&#8220;][et_pb_image src=&#8220;https:\/\/www.bs-hof.de\/wp-content\/uploads\/2022\/08\/einzelhandel_projekte4.jpg&#8220; title_text=&#8220;einzelhandel_projekte4&#8243; _builder_version=&#8220;4.17.4&#8243; _module_preset=&#8220;default&#8220; global_colors_info=&#8220;{}&#8220;][\/et_pb_image][\/et_pb_column][et_pb_column type=&#8220;1_4&#8243; _builder_version=&#8220;4.16&#8243; _module_preset=&#8220;default&#8220; custom_padding=&#8220;|||&#8220; global_colors_info=&#8220;{}&#8220; custom_padding__hover=&#8220;|||&#8220;][et_pb_image src=&#8220;https:\/\/www.bs-hof.de\/wp-content\/uploads\/2022\/08\/einzelhandel_projekte5.jpg&#8220; title_text=&#8220;einzelhandel_projekte5&#8243; _builder_version=&#8220;4.17.4&#8243; _module_preset=&#8220;default&#8220; global_colors_info=&#8220;{}&#8220;][\/et_pb_image][\/et_pb_column][\/et_pb_row][\/et_pb_section]<\/p>\n","protected":false},"excerpt":{"rendered":"<p>EinzelhandelKaufmann\/-frau im EinzelhandelVerk\u00e4ufer\/in im EinzelhandelAbteilungsleiter und Lehrkr\u00e4fteAktuelles und TermineProjekteWillkommen zu Ihrem Start in eine erfolgreiche ZukunftDiese schulischen Ausbildungen finden in den Fachr\u00e4umen des Beruflichen Schulzentrums Hof in Teilzeit \u00fcber alle Ausbildungsjahre statt: Kaufmann\/-frau im Einzelhandel Verk\u00e4ufer\/-in im Einzelhandel Vielf\u00e4ltige &amp; interessante Aufgabengebiete warten auf euch:Kaufmann\/-frau im EinzelhandelBerufsbildKaufleute im Einzelhandel\u2026 &#8211; beraten und bedienen ihre Kunden, [&hellip;]<\/p>\n","protected":false},"author":10,"featured_media":0,"parent":224,"menu_order":0,"comment_status":"closed","ping_status":"closed","template":"","meta":{"_et_pb_use_builder":"on","_et_pb_old_content":"<!-- wp:divi\/placeholder \/-->","_et_gb_content_width":"","inline_featured_image":false,"footnotes":""},"class_list":["post-468","page","type-page","status-publish","hentry"],"_links":{"self":[{"href":"https:\/\/www.bs-hof.de\/index.php\/wp-json\/wp\/v2\/pages\/468","targetHints":{"allow":["GET"]}}],"collection":[{"href":"https:\/\/www.bs-hof.de\/index.php\/wp-json\/wp\/v2\/pages"}],"about":[{"href":"https:\/\/www.bs-hof.de\/index.php\/wp-json\/wp\/v2\/types\/page"}],"author":[{"embeddable":true,"href":"https:\/\/www.bs-hof.de\/index.php\/wp-json\/wp\/v2\/users\/10"}],"replies":[{"embeddable":true,"href":"https:\/\/www.bs-hof.de\/index.php\/wp-json\/wp\/v2\/comments?post=468"}],"version-history":[{"count":18,"href":"https:\/\/www.bs-hof.de\/index.php\/wp-json\/wp\/v2\/pages\/468\/revisions"}],"predecessor-version":[{"id":2034,"href":"https:\/\/www.bs-hof.de\/index.php\/wp-json\/wp\/v2\/pages\/468\/revisions\/2034"}],"up":[{"embeddable":true,"href":"https:\/\/www.bs-hof.de\/index.php\/wp-json\/wp\/v2\/pages\/224"}],"wp:attachment":[{"href":"https:\/\/www.bs-hof.de\/index.php\/wp-json\/wp\/v2\/media?parent=468"}],"curies":[{"name":"wp","href":"https:\/\/api.w.org\/{rel}","templated":true}]}}