{"id":474,"date":"2022-08-18T02:02:58","date_gmt":"2022-08-18T00:02:58","guid":{"rendered":"https:\/\/www.bs-hof.de\/?page_id=474"},"modified":"2025-09-05T13:28:03","modified_gmt":"2025-09-05T11:28:03","slug":"kraftfahrzeugtechnik","status":"publish","type":"page","link":"https:\/\/www.bs-hof.de\/index.php\/berufs-und-fachschulen\/berufsschule-fachbereiche\/metall-kunstofftechnik\/kraftfahrzeugtechnik\/","title":{"rendered":"Kraftfahrzeugtechnik"},"content":{"rendered":"<p>[et_pb_section fb_built=&#8220;1&#8243; admin_label=&#8220;Gr\u00fcner Balken&#8220; _builder_version=&#8220;4.17.4&#8243; _module_preset=&#8220;default&#8220; background_color=&#8220;#A7C520&#8243; height=&#8220;3vh&#8220; custom_margin=&#8220;0px|0px|0px|0px|false|false&#8220; custom_padding=&#8220;0px|0px|0px|0px|false|false&#8220; da_disable_devices=&#8220;off|off|off&#8220; collapsed=&#8220;on&#8220; global_colors_info=&#8220;{}&#8220; da_is_popup=&#8220;off&#8220; da_exit_intent=&#8220;off&#8220; da_has_close=&#8220;on&#8220; da_alt_close=&#8220;off&#8220; da_dark_close=&#8220;off&#8220; da_not_modal=&#8220;on&#8220; da_is_singular=&#8220;off&#8220; da_with_loader=&#8220;off&#8220; da_has_shadow=&#8220;on&#8220;][\/et_pb_section][et_pb_section fb_built=&#8220;1&#8243; make_equal=&#8220;on&#8220; _builder_version=&#8220;4.18.0&#8243; _module_preset=&#8220;default&#8220; use_background_color_gradient=&#8220;on&#8220; background_color_gradient_type=&#8220;elliptical&#8220; background_color_gradient_direction_radial=&#8220;bottom right&#8220; background_color_gradient_stops=&#8220;#f5f6f8 10%|#dce8a7 47%|#f5f6d4 72%&#8220; background_color_gradient_overlays_image=&#8220;on&#8220; background_color_gradient_start=&#8220;rgba(40,40,40,0.79)&#8220; background_color_gradient_end=&#8220;rgba(40,40,40,0.86)&#8220; background_enable_image=&#8220;off&#8220; background_enable_pattern_style=&#8220;on&#8220; background_pattern_style=&#8220;crosses&#8220; background_pattern_color=&#8220;rgba(0,0,0,0.05)&#8220; background_pattern_size=&#8220;custom&#8220; background_pattern_width=&#8220;53px&#8220; width=&#8220;100%&#8220; custom_margin=&#8220;||||false&#8220; custom_padding=&#8220;1vw||1vw||true|false&#8220; da_disable_devices=&#8220;off|off|off&#8220; global_colors_info=&#8220;{}&#8220; da_is_popup=&#8220;off&#8220; da_exit_intent=&#8220;off&#8220; da_has_close=&#8220;on&#8220; da_alt_close=&#8220;off&#8220; da_dark_close=&#8220;off&#8220; da_not_modal=&#8220;on&#8220; da_is_singular=&#8220;off&#8220; da_with_loader=&#8220;off&#8220; da_has_shadow=&#8220;on&#8220;][et_pb_row _builder_version=&#8220;4.18.0&#8243; _module_preset=&#8220;default&#8220; max_width=&#8220;100%&#8220; custom_margin=&#8220;2em||2em||false|false&#8220; global_colors_info=&#8220;{}&#8220;][et_pb_column type=&#8220;4_4&#8243; _builder_version=&#8220;4.17.4&#8243; _module_preset=&#8220;default&#8220; global_colors_info=&#8220;{}&#8220;][et_pb_text _builder_version=&#8220;4.18.0&#8243; _module_preset=&#8220;default&#8220; header_font=&#8220;|800|||||||&#8220; header_text_color=&#8220;#493F0B&#8220; header_font_size=&#8220;5em&#8220; header_font_size_tablet=&#8220;4em&#8220; header_font_size_phone=&#8220;2em&#8220; header_font_size_last_edited=&#8220;on|phone&#8220; global_colors_info=&#8220;{}&#8220;]<\/p>\n<h1>Kraftfahrzeug<br class=\"b-brk\" \/>technik<\/h1>\n<p>[\/et_pb_text][\/et_pb_column][\/et_pb_row][\/et_pb_section][et_pb_section fb_built=&#8220;1&#8243; _builder_version=&#8220;4.17.4&#8243; _module_preset=&#8220;default&#8220; background_color=&#8220;#F5F6F8&#8243; position_origin_f=&#8220;top_center&#8220; z_index=&#8220;500&#8243; custom_padding=&#8220;0px||0px||false|false&#8220; sticky_position=&#8220;top&#8220; custom_css_main_element=&#8220;position: sticky;||top: 30px;&#8220; da_disable_devices=&#8220;off|off|off&#8220; global_colors_info=&#8220;{}&#8220; da_is_popup=&#8220;off&#8220; da_exit_intent=&#8220;off&#8220; da_has_close=&#8220;on&#8220; da_alt_close=&#8220;off&#8220; da_dark_close=&#8220;off&#8220; da_not_modal=&#8220;on&#8220; da_is_singular=&#8220;off&#8220; da_with_loader=&#8220;off&#8220; da_has_shadow=&#8220;on&#8220;][et_pb_row column_structure=&#8220;1_4,1_4,1_4,1_4&#8243; _builder_version=&#8220;4.17.4&#8243; _module_preset=&#8220;default&#8220; global_colors_info=&#8220;{}&#8220;][et_pb_column type=&#8220;1_4&#8243; _builder_version=&#8220;4.17.4&#8243; _module_preset=&#8220;default&#8220; global_colors_info=&#8220;{}&#8220;][et_pb_text _builder_version=&#8220;4.17.4&#8243; _module_preset=&#8220;default&#8220; global_colors_info=&#8220;{}&#8220;]<\/p>\n<p style=\"text-align: center;\"><a href=\"#mecha\"><strong>Kraftfahrzeugmechatroniker<\/strong><\/a><\/p>\n<p>[\/et_pb_text][\/et_pb_column][et_pb_column type=&#8220;1_4&#8243; _builder_version=&#8220;4.17.4&#8243; _module_preset=&#8220;default&#8220; global_colors_info=&#8220;{}&#8220;][et_pb_text _builder_version=&#8220;4.17.4&#8243; _module_preset=&#8220;default&#8220; global_colors_info=&#8220;{}&#8220;]<\/p>\n<p style=\"text-align: center;\"><a href=\"#fachraeume\"><strong>Fachr\u00e4ume mit Ausstattungen<\/strong><\/a><\/p>\n<p>[\/et_pb_text][\/et_pb_column][et_pb_column type=&#8220;1_4&#8243; _builder_version=&#8220;4.17.4&#8243; _module_preset=&#8220;default&#8220; global_colors_info=&#8220;{}&#8220;][et_pb_text _builder_version=&#8220;4.19.4&#8243; _module_preset=&#8220;default&#8220; global_colors_info=&#8220;{}&#8220;]<\/p>\n<p style=\"text-align: center;\"><strong><a href=\"#auto_lehr\">Abteilungsleiter und Lehrkr\u00e4fte<\/a><\/strong><\/p>\n<p>[\/et_pb_text][\/et_pb_column][et_pb_column type=&#8220;1_4&#8243; _builder_version=&#8220;4.17.4&#8243; _module_preset=&#8220;default&#8220; global_colors_info=&#8220;{}&#8220;][et_pb_text _builder_version=&#8220;4.19.4&#8243; _module_preset=&#8220;default&#8220; global_colors_info=&#8220;{}&#8220;]<\/p>\n<p style=\"text-align: center;\"><strong><a href=\"#auto_aktuell\">Aktuelles und Termine<\/a><\/strong><\/p>\n<p>[\/et_pb_text][\/et_pb_column][\/et_pb_row][\/et_pb_section][et_pb_section fb_built=&#8220;1&#8243; admin_label=&#8220;Fachbereiche&#8220; _builder_version=&#8220;4.19.4&#8243; _module_preset=&#8220;default&#8220; background_color=&#8220;rgba(205,232,85,0.45)&#8220; custom_padding=&#8220;|||&#8220; animation_style=&#8220;slide&#8220; animation_direction=&#8220;top&#8220; animation_intensity_slide=&#8220;10%&#8220; da_disable_devices=&#8220;off|off|off&#8220; box_shadow_style=&#8220;preset3&#8243; box_shadow_vertical=&#8220;10px&#8220; box_shadow_blur=&#8220;105px&#8220; box_shadow_spread=&#8220;0px&#8220; box_shadow_color=&#8220;rgba(0,0,0,0.12)&#8220; collapsed=&#8220;on&#8220; global_colors_info=&#8220;{}&#8220; da_is_popup=&#8220;off&#8220; da_exit_intent=&#8220;off&#8220; da_has_close=&#8220;on&#8220; da_alt_close=&#8220;off&#8220; da_dark_close=&#8220;off&#8220; da_not_modal=&#8220;on&#8220; da_is_singular=&#8220;off&#8220; da_with_loader=&#8220;off&#8220; da_has_shadow=&#8220;on&#8220;][et_pb_row _builder_version=&#8220;4.17.4&#8243; _module_preset=&#8220;default&#8220; global_colors_info=&#8220;{}&#8220;][et_pb_column type=&#8220;4_4&#8243; _builder_version=&#8220;4.17.4&#8243; _module_preset=&#8220;default&#8220; global_colors_info=&#8220;{}&#8220;][et_pb_text module_id=&#8220;med_fachangestellte&#8220; _builder_version=&#8220;4.19.4&#8243; _module_preset=&#8220;default&#8220; text_font=&#8220;||||||||&#8220; header_font=&#8220;||||||||&#8220; header_2_font=&#8220;Rubik|700|||||||&#8220; header_2_text_color=&#8220;#4C331B&#8220; header_2_line_height=&#8220;1.2em&#8220; module_alignment=&#8220;center&#8220; custom_margin=&#8220;|||&#8220; custom_padding=&#8220;|||&#8220; header_2_font_size_tablet=&#8220;&#8220; header_2_font_size_phone=&#8220;36px&#8220; header_2_font_size_last_edited=&#8220;on|phone&#8220; locked=&#8220;off&#8220; global_colors_info=&#8220;{}&#8220;]<\/p>\n<h2 class=\"csc-firstHeader\">Abteilung Kraftfahrzeug<br class=\"b-brk\" \/>technik<\/h2>\n<p>[\/et_pb_text][\/et_pb_column][\/et_pb_row][et_pb_row column_structure=&#8220;3_5,2_5&#8243; make_equal=&#8220;on&#8220; _builder_version=&#8220;4.19.4&#8243; _module_preset=&#8220;default&#8220; background_color=&#8220;RGBA(255,255,255,0)&#8220; max_width=&#8220;80%&#8220; custom_margin=&#8220;|||&#8220; use_custom_width=&#8220;on&#8220; width_unit=&#8220;off&#8220; global_colors_info=&#8220;{}&#8220;][et_pb_column type=&#8220;3_5&#8243; _builder_version=&#8220;4.16&#8243; _module_preset=&#8220;default&#8220; custom_padding=&#8220;|||&#8220; global_colors_info=&#8220;{}&#8220; custom_padding__hover=&#8220;|||&#8220;][et_pb_text _builder_version=&#8220;4.19.4&#8243; _module_preset=&#8220;default&#8220; custom_padding=&#8220;|0px||||&#8220; global_colors_info=&#8220;{}&#8220;]<\/p>\n<p class=\"bodytext\">Die Ausbildung zum Kfz-Mechatroniker\u00a0findet in den Fachr\u00e4umen der Au\u00dfenstelle M\u00fcnchberg statt.<\/p>\n<p class=\"bodytext\"><i>Ausbildungsberufe im Fachbereich Kraftfahrzeugtechnik:<\/i><\/p>\n<p class=\"bodytext\">\u2022 Kfz-Mechatroniker (PKW)<br \/>\u2022 Kfz-Mechatroniker (LKW); nur erstes und zweites Lehrjahr<br \/>\u2022 Landmaschinenmechaniker; nur erstes Lehrjahr<br \/>\u2022 Zweiradmechaniker; nur erstes und zweites Lehrjahr<br \/>\u2022 Karosserie und Fahrzeugbauer; nur erstes Lehrjahr<\/p>\n<p>[\/et_pb_text][\/et_pb_column][et_pb_column type=&#8220;2_5&#8243; _builder_version=&#8220;4.17.4&#8243; _module_preset=&#8220;default&#8220; global_colors_info=&#8220;{}&#8220;][et_pb_image src=&#8220;https:\/\/www.bs-hof.de\/wp-content\/uploads\/2022\/08\/Gebaude_Muenchberg_03.jpg&#8220; title_text=&#8220;Gebaude_Muenchberg_03&#8243; _builder_version=&#8220;4.17.4&#8243; _module_preset=&#8220;default&#8220; custom_margin=&#8220;||22px|||&#8220; global_colors_info=&#8220;{}&#8220;][\/et_pb_image][\/et_pb_column][\/et_pb_row][et_pb_row _builder_version=&#8220;4.19.4&#8243; _module_preset=&#8220;default&#8220; global_colors_info=&#8220;{}&#8220;][et_pb_column type=&#8220;4_4&#8243; _builder_version=&#8220;4.19.4&#8243; _module_preset=&#8220;default&#8220; global_colors_info=&#8220;{}&#8220;][\/et_pb_column][\/et_pb_row][\/et_pb_section][et_pb_section fb_built=&#8220;1&#8243; admin_label=&#8220;Fachbereiche&#8220; _builder_version=&#8220;4.19.4&#8243; _module_preset=&#8220;default&#8220; background_color=&#8220;RGBA(255,255,255,0)&#8220; custom_padding=&#8220;|||&#8220; animation_style=&#8220;slide&#8220; animation_direction=&#8220;top&#8220; animation_intensity_slide=&#8220;10%&#8220; da_disable_devices=&#8220;off|off|off&#8220; collapsed=&#8220;on&#8220; global_colors_info=&#8220;{}&#8220; da_is_popup=&#8220;off&#8220; da_exit_intent=&#8220;off&#8220; da_has_close=&#8220;on&#8220; da_alt_close=&#8220;off&#8220; da_dark_close=&#8220;off&#8220; da_not_modal=&#8220;on&#8220; da_is_singular=&#8220;off&#8220; da_with_loader=&#8220;off&#8220; da_has_shadow=&#8220;on&#8220;][et_pb_row module_id=&#8220;mecha&#8220; _builder_version=&#8220;4.17.4&#8243; _module_preset=&#8220;default&#8220; global_colors_info=&#8220;{}&#8220;][et_pb_column type=&#8220;4_4&#8243; _builder_version=&#8220;4.17.4&#8243; _module_preset=&#8220;default&#8220; global_colors_info=&#8220;{}&#8220;][et_pb_text module_id=&#8220;automobilkauf&#8220; _builder_version=&#8220;4.18.0&#8243; _module_preset=&#8220;default&#8220; text_font=&#8220;||||||||&#8220; header_font=&#8220;||||||||&#8220; header_2_font=&#8220;Rubik|700|||||||&#8220; header_2_text_color=&#8220;#A7C520&#8243; header_2_font_size=&#8220;42px&#8220; header_2_line_height=&#8220;1.2em&#8220; module_alignment=&#8220;center&#8220; custom_margin=&#8220;|||&#8220; custom_padding=&#8220;|||&#8220; header_2_font_size_tablet=&#8220;&#8220; header_2_font_size_phone=&#8220;36px&#8220; header_2_font_size_last_edited=&#8220;on|phone&#8220; locked=&#8220;off&#8220; global_colors_info=&#8220;{}&#8220;]<\/p>\n<h2>Kraftfahrzeug<br class=\"b-brk\" \/>mechatroniker<\/h2>\n<p>[\/et_pb_text][\/et_pb_column][\/et_pb_row][et_pb_row column_structure=&#8220;2_3,1_3&#8243; make_equal=&#8220;on&#8220; _builder_version=&#8220;4.17.4&#8243; _module_preset=&#8220;default&#8220; background_color=&#8220;RGBA(255,255,255,0)&#8220; max_width=&#8220;80%&#8220; custom_margin=&#8220;|||&#8220; use_custom_width=&#8220;on&#8220; width_unit=&#8220;off&#8220; global_colors_info=&#8220;{}&#8220;][et_pb_column type=&#8220;2_3&#8243; _builder_version=&#8220;4.16&#8243; _module_preset=&#8220;default&#8220; custom_padding=&#8220;|||&#8220; global_colors_info=&#8220;{}&#8220; custom_padding__hover=&#8220;|||&#8220;][et_pb_text _builder_version=&#8220;4.17.4&#8243; _module_preset=&#8220;default&#8220; global_colors_info=&#8220;{}&#8220;]<\/p>\n<div class=\"csc-header csc-header-n1\">\n<h1 class=\"csc-firstHeader\">Fachbereich Kraftfahrzeugtechnik<\/h1>\n<\/div>\n<div class=\"csc-textpic csc-textpic-intext-right csc-textpic-equalheight\">\n<div class=\"csc-textpic-text\">\n<p class=\"bodytext\">Die Aufgabe des Kraftfahrzeugmechatronikers ist, Kraftfahrzeuge aller Art instand zu halten, d. h. zu warten, zu pr\u00fcfen und instand zu setzen. Auch der Einbau von Zubeh\u00f6r und Zusatzausr\u00fcstung ist Bestandteil des Arbeitsgebietes.<\/p>\n<p class=\"bodytext\">Kraftfahrzeugmechatroniker m\u00fcssen auf der Basis von Vorschriften, Instandhaltungsanleitungen, Einstelldaten und Arbeitsvorgaben selbst\u00e4ndig arbeiten.<\/p>\n<p class=\"bodytext\">Die Typenvielfalt und die st\u00e4ndige Erneuerung der Produkte erfordern daher f\u00fcr diesen Beruf eine breite berufliche Grundbildung. Neben der bisherigen bereits \u00fcblichen Instandhaltung von Kraftfahrzeugen treten zunehmend mehr Aufgaben aus den Bereichen der Fehlersuche (Diagnose) an komplexen elektronischen, pneumatischen und hydraulischen Systemen sowie die Karosserieinstandsetzung in den Vordergrund. Auch sind die fachgerechte Abfallbeseitigung und die Emissionskontrolle (Abgas\/Ger\u00e4usche) zu beachten.<\/p>\n<p class=\"bodytext\">Seit dem Schuljahr 2013\/14 findet auch eine Ausbildung an Hybrid-Fahrzeugen und die damit verbundenen Arbeiten an Hochvolt-Systemen statt.<\/p>\n<p class=\"bodytext\">Die Ausbildungsdauer betr\u00e4gt in der Regel 3,5 Jahre.<\/p>\n<\/div>\n<\/div>\n<p>[\/et_pb_text][\/et_pb_column][et_pb_column type=&#8220;1_3&#8243; _builder_version=&#8220;4.16&#8243; _module_preset=&#8220;default&#8220; custom_padding=&#8220;|||&#8220; global_colors_info=&#8220;{}&#8220; custom_padding__hover=&#8220;|||&#8220;][et_pb_text _builder_version=&#8220;4.17.4&#8243; _module_preset=&#8220;default&#8220; global_colors_info=&#8220;{}&#8220;]<\/p>\n<p class=\"bodytext\"><b>Unterrichtstage und Unterrichtsf\u00e4cher<\/b><\/p>\n<p class=\"bodytext\"><b><i>Unterrichtstage:<\/i><\/b><\/p>\n<p class=\"bodytext\">Die Unterrichtstage werden im Kfz-Bereich im einw\u00f6chigen Block erteilt.<\/p>\n<p>[\/et_pb_text][\/et_pb_column][\/et_pb_row][et_pb_row _builder_version=&#8220;4.17.4&#8243; _module_preset=&#8220;default&#8220; global_colors_info=&#8220;{}&#8220;][et_pb_column type=&#8220;4_4&#8243; _builder_version=&#8220;4.17.4&#8243; _module_preset=&#8220;default&#8220; global_colors_info=&#8220;{}&#8220;][et_pb_text module_id=&#8220;zahnmed_fachangestellte&#8220; _builder_version=&#8220;4.19.4&#8243; _module_preset=&#8220;default&#8220; text_font=&#8220;||||||||&#8220; header_font=&#8220;||||||||&#8220; header_2_font=&#8220;Rubik|700|||||||&#8220; header_2_text_color=&#8220;#A7C520&#8243; header_2_font_size=&#8220;42px&#8220; header_2_line_height=&#8220;1.2em&#8220; module_alignment=&#8220;center&#8220; custom_margin=&#8220;|||&#8220; custom_padding=&#8220;|||&#8220; header_2_font_size_tablet=&#8220;&#8220; header_2_font_size_phone=&#8220;32px&#8220; header_2_font_size_last_edited=&#8220;on|phone&#8220; locked=&#8220;off&#8220; global_colors_info=&#8220;{}&#8220;]<\/p>\n<h2>Unterrichtsf\u00e4cher<\/h2>\n<p>[\/et_pb_text][\/et_pb_column][\/et_pb_row][et_pb_row make_equal=&#8220;on&#8220; _builder_version=&#8220;4.17.4&#8243; _module_preset=&#8220;default&#8220; background_color=&#8220;RGBA(255,255,255,0)&#8220; max_width=&#8220;80%&#8220; custom_margin=&#8220;|||&#8220; use_custom_width=&#8220;on&#8220; width_unit=&#8220;off&#8220; global_colors_info=&#8220;{}&#8220;][et_pb_column type=&#8220;4_4&#8243; _builder_version=&#8220;4.16&#8243; _module_preset=&#8220;default&#8220; custom_padding=&#8220;|||&#8220; global_colors_info=&#8220;{}&#8220; custom_padding__hover=&#8220;|||&#8220;][et_pb_text _builder_version=&#8220;4.17.4&#8243; _module_preset=&#8220;default&#8220; global_colors_info=&#8220;{}&#8220;]<\/p>\n<p class=\"bodytext\"><span>Die Stundentafel gibt die Anzahl der Unterrichtsstunden an, die auf die jeweiligen Unterrichtsf\u00e4cher pro Blockwoche entfallen. Aus organisatorischen Gr\u00fcnden kann es zu geringen Abweichungen kommen.<\/span><\/p>\n<p>[\/et_pb_text][et_pb_text _builder_version=&#8220;4.17.4&#8243; _module_preset=&#8220;default&#8220; custom_margin=&#8220;||94px|||&#8220; global_colors_info=&#8220;{}&#8220;]<\/p>\n<table class=\"contenttable\" width=\"100%\" height=\"237\" cellspacing=\"0\" cellpadding=\"5\" border=\"2\">\n<tbody>\n<tr>\n<td rowspan=\"2\" width=\"20%\" height=\"47\" align=\"center\">Unterrichtsfach<\/td>\n<td colspan=\"4\" width=\"80%\" height=\"23\" align=\"center\">Klassen im Blockunterricht und Wochenstunden<\/td>\n<\/tr>\n<tr>\n<td width=\"20%\" height=\"23\" align=\"center\">10. Klasse<br \/>(12 Blockwochen)<\/td>\n<td width=\"20%\" height=\"23\" align=\"center\">11. Klasse<br \/>(12 Blockwochen)<\/td>\n<td width=\"20%\" height=\"23\" align=\"center\">12. Klasse<br \/>(12 Blockwochen)<\/td>\n<td width=\"20%\" height=\"23\" align=\"center\">13. Klasse<br \/>(2 Blockwochen)<\/td>\n<\/tr>\n<tr>\n<td width=\"20%\" height=\"23\">Religion (Rel) \/ Ethik (Eth)<\/td>\n<td width=\"20%\" height=\"23\" align=\"center\">3<\/td>\n<td width=\"20%\" height=\"23\" align=\"center\">3<\/td>\n<td width=\"20%\" height=\"23\" align=\"center\">3<\/td>\n<td width=\"20%\" height=\"23\" align=\"center\">3<\/td>\n<\/tr>\n<tr>\n<td width=\"20%\" height=\"23\">Deutsch (D)<\/td>\n<td width=\"20%\" height=\"23\" align=\"center\">3<\/td>\n<td width=\"20%\" height=\"23\" align=\"center\">3<\/td>\n<td width=\"20%\" height=\"23\" align=\"center\">3<\/td>\n<td width=\"20%\" height=\"23\" align=\"center\">3<\/td>\n<\/tr>\n<tr>\n<td width=\"20%\" height=\"23\">Politik und Gesellschaft (PuG)<\/td>\n<td width=\"20%\" height=\"23\" align=\"center\">3<\/td>\n<td width=\"20%\" height=\"23\" align=\"center\">3<\/td>\n<td width=\"20%\" height=\"23\" align=\"center\">3<\/td>\n<td width=\"20%\" height=\"23\" align=\"center\">3<\/td>\n<\/tr>\n<tr>\n<td width=\"20%\" height=\"23\">Sport (Sp)<\/td>\n<td width=\"20%\" height=\"23\" align=\"center\">2<\/td>\n<td width=\"20%\" height=\"23\" align=\"center\">2<\/td>\n<td width=\"20%\" height=\"23\" align=\"center\">2<\/td>\n<td width=\"20%\" height=\"23\" align=\"center\">2<\/td>\n<\/tr>\n<tr>\n<td width=\"20%\" height=\"23\">Service (Svc)<\/td>\n<td width=\"20%\" height=\"23\" align=\"center\">7<\/td>\n<td width=\"20%\" height=\"23\" align=\"center\">8<\/td>\n<td width=\"20%\" height=\"23\" align=\"center\">6<\/td>\n<td width=\"20%\" height=\"23\" align=\"center\">6<\/td>\n<\/tr>\n<tr>\n<td width=\"20%\" height=\"21\">Instandsetzen (Iss)<\/td>\n<td width=\"20%\" height=\"21\" align=\"center\">8<\/td>\n<td width=\"20%\" height=\"21\" align=\"center\">12<\/td>\n<td width=\"20%\" height=\"21\" align=\"center\">12<\/td>\n<td width=\"20%\" height=\"21\" align=\"center\">12<\/td>\n<\/tr>\n<tr>\n<td width=\"20%\" height=\"23\">Diagnose (Dia)<\/td>\n<td width=\"20%\" height=\"23\" align=\"center\">9<\/td>\n<td width=\"20%\" height=\"23\" align=\"center\">8<\/td>\n<td width=\"20%\" height=\"23\" align=\"center\">6<\/td>\n<td width=\"20%\" height=\"23\" align=\"center\">6<\/td>\n<\/tr>\n<tr>\n<td width=\"20%\" height=\"23\">Um- und Nachr\u00fcsten (UuN)<\/td>\n<td width=\"20%\" height=\"23\" align=\"center\">4<\/td>\n<td width=\"20%\" height=\"23\" align=\"center\">&#8211;<\/td>\n<td width=\"20%\" height=\"23\" align=\"center\">4<\/td>\n<td width=\"20%\" height=\"23\" align=\"center\"><\/td>\n<\/tr>\n<\/tbody>\n<\/table>\n<p>[\/et_pb_text][et_pb_text module_id=&#8220;zahnmed_fachangestellte&#8220; _builder_version=&#8220;4.17.4&#8243; _module_preset=&#8220;default&#8220; text_font=&#8220;||||||||&#8220; header_font=&#8220;||||||||&#8220; header_2_font=&#8220;Rubik|700|||||||&#8220; header_2_text_color=&#8220;#A7C520&#8243; header_2_font_size=&#8220;42px&#8220; header_2_line_height=&#8220;1.2em&#8220; module_alignment=&#8220;center&#8220; custom_margin=&#8220;||-26px|||&#8220; custom_padding=&#8220;|||&#8220; header_2_font_size_tablet=&#8220;&#8220; header_2_font_size_phone=&#8220;36px&#8220; header_2_font_size_last_edited=&#8220;on|phone&#8220; locked=&#8220;off&#8220; global_colors_info=&#8220;{}&#8220;]<\/p>\n<h2>Pr\u00fcfungen f\u00fcr Kfz-Mechatroniker<\/h2>\n<p>[\/et_pb_text][\/et_pb_column][\/et_pb_row][et_pb_row column_structure=&#8220;3_5,2_5&#8243; make_equal=&#8220;on&#8220; _builder_version=&#8220;4.17.4&#8243; _module_preset=&#8220;default&#8220; background_color=&#8220;RGBA(255,255,255,0)&#8220; max_width=&#8220;80%&#8220; custom_margin=&#8220;|auto|46px|auto||&#8220; use_custom_width=&#8220;on&#8220; width_unit=&#8220;off&#8220; global_colors_info=&#8220;{}&#8220;][et_pb_column type=&#8220;3_5&#8243; _builder_version=&#8220;4.16&#8243; _module_preset=&#8220;default&#8220; custom_padding=&#8220;|||&#8220; global_colors_info=&#8220;{}&#8220; custom_padding__hover=&#8220;|||&#8220;][et_pb_text _builder_version=&#8220;4.17.4&#8243; _module_preset=&#8220;default&#8220; global_colors_info=&#8220;{}&#8220;]<\/p>\n<p class=\"bodytext\"><span>Gesellenpr\u00fcfung Teil I gegen Ende des 2. Lehrjahres (Juni \u2013 Juli)<\/span><\/p>\n<p class=\"bodytext\"><i><span>Teil I der Gesellenpr\u00fcfung besteht aus Pr\u00fcfungsbereichen:<\/span><\/i><\/p>\n<p class=\"bodytext\"><span>&#8211; z. B. Messen und Pr\u00fcfen von Fahrzeugbauteilen, sowie Diagnostizieren von Fehlern, St\u00f6rungen und deren Ursachen. Erstellen eines Mess- oder Pr\u00fcfprotokolls.<\/span><\/p>\n<p class=\"bodytext\"><span>&#8211; z. B. Warten und Pr\u00fcfen eines Fahrzeuges oder Systems einschlie\u00dflich Erstellen einer Dokumentation.<\/span><\/p>\n<p class=\"bodytext\"><span>&#8211; z. B. Demontieren und Montieren einer fahrzeugtechnischen Baugruppe, Erstellen einer Dokumentation.<\/span><\/p>\n<p class=\"bodytext\"><span>&#8211; Fachgespr\u00e4ch<\/span><\/p>\n<p class=\"bodytext\"><span>&#8211; Schriftliche Aufgabenstellung (180 Minuten)<\/span><\/p>\n<p class=\"bodytext\"><span>Gesellenpr\u00fcfung Teil II<\/span><\/p>\n<p class=\"bodytext\"><i>Teil II der Gesellenpr\u00fcfung besteht aus Pr\u00fcfungsbereichen:<\/i><\/p>\n<p class=\"bodytext\"><span>1. Kundenauftrag<br \/>2. Kraftfahrzeug- und Instandhaltungstechnik<br \/>3. Diagnosetechnik<br \/>4. Wirtschafts- und Sozialkunde<\/span><\/p>\n<p class=\"bodytext\">\n<p class=\"bodytext\"><b><span>Mittlerer Schulabschluss<\/span><\/b>\u00a0<br \/><span>Erreicht ein Sch\u00fcler im Abschlusszeugnis der Berufsschule eine Durchschnittsnote von 3,0 oder besser und weist im Fach Englisch mindestens ausreichende Kenntnisse nach, so verleiht ihm das Abschlusszeugnis der Berufsschule in Verbindung mit einer abgeschlossenen, mindestens zweij\u00e4hrigen Berufsausbildung den &#8222;Mittleren Schulabschluss&#8220;.<\/span><\/p>\n<p>[\/et_pb_text][\/et_pb_column][et_pb_column type=&#8220;2_5&#8243; _builder_version=&#8220;4.16&#8243; _module_preset=&#8220;default&#8220; custom_padding=&#8220;|||&#8220; global_colors_info=&#8220;{}&#8220; custom_padding__hover=&#8220;|||&#8220;][et_pb_image src=&#8220;https:\/\/www.bs-hof.de\/wp-content\/uploads\/2022\/08\/kfz-mechatroniker_01-1.jpg&#8220; title_text=&#8220;kfz-mechatroniker_01&#8243; _builder_version=&#8220;4.19.4&#8243; _module_preset=&#8220;default&#8220; global_colors_info=&#8220;{}&#8220;][\/et_pb_image][et_pb_image src=&#8220;https:\/\/www.bs-hof.de\/wp-content\/uploads\/2022\/08\/kfz-mechatroniker_02-1.jpg&#8220; title_text=&#8220;kfz-mechatroniker_02&#8243; _builder_version=&#8220;4.17.4&#8243; _module_preset=&#8220;default&#8220; global_colors_info=&#8220;{}&#8220;][\/et_pb_image][\/et_pb_column][\/et_pb_row][et_pb_row make_equal=&#8220;on&#8220; module_id=&#8220;fachraeume&#8220; _builder_version=&#8220;4.17.4&#8243; _module_preset=&#8220;default&#8220; background_color=&#8220;RGBA(255,255,255,0)&#8220; max_width=&#8220;80%&#8220; custom_margin=&#8220;|||&#8220; custom_padding=&#8220;||0px|||&#8220; use_custom_width=&#8220;on&#8220; width_unit=&#8220;off&#8220; global_colors_info=&#8220;{}&#8220;][et_pb_column type=&#8220;4_4&#8243; _builder_version=&#8220;4.16&#8243; _module_preset=&#8220;default&#8220; custom_padding=&#8220;|||&#8220; global_colors_info=&#8220;{}&#8220; custom_padding__hover=&#8220;|||&#8220;][et_pb_text module_id=&#8220;zahnmed_fachangestellte&#8220; _builder_version=&#8220;4.17.4&#8243; _module_preset=&#8220;default&#8220; text_font=&#8220;||||||||&#8220; header_font=&#8220;||||||||&#8220; header_2_font=&#8220;Rubik|700|||||||&#8220; header_2_text_color=&#8220;#A7C520&#8243; header_2_font_size=&#8220;42px&#8220; header_2_line_height=&#8220;1.2em&#8220; module_alignment=&#8220;center&#8220; custom_margin=&#8220;|||&#8220; custom_padding=&#8220;|||&#8220; header_2_font_size_tablet=&#8220;&#8220; header_2_font_size_phone=&#8220;36px&#8220; header_2_font_size_last_edited=&#8220;on|phone&#8220; locked=&#8220;off&#8220; global_colors_info=&#8220;{}&#8220;]<\/p>\n<div class=\"csc-header csc-header-n4\">\n<h2>Unsere Fachr\u00e4ume mit Ausstattungen<\/h2>\n<\/div>\n<div class=\"csc-textpic csc-textpic-intext-right csc-textpic-equalheight\">\n<div class=\"csc-textpic-imagewrap\">\n<div class=\"csc-textpic-imagerow\">\n<dl class=\"csc-textpic-image csc-textpic-firstcol\">\n<dt><\/dt>\n<\/dl>\n<\/div>\n<\/div>\n<\/div>\n<p>[\/et_pb_text][\/et_pb_column][\/et_pb_row][et_pb_row column_structure=&#8220;1_3,1_3,1_3&#8243; make_equal=&#8220;on&#8220; _builder_version=&#8220;4.17.4&#8243; _module_preset=&#8220;default&#8220; background_color=&#8220;RGBA(255,255,255,0)&#8220; max_width=&#8220;80%&#8220; custom_margin=&#8220;|||&#8220; use_custom_width=&#8220;on&#8220; width_unit=&#8220;off&#8220; global_colors_info=&#8220;{}&#8220;][et_pb_column type=&#8220;1_3&#8243; _builder_version=&#8220;4.16&#8243; _module_preset=&#8220;default&#8220; custom_padding=&#8220;|||&#8220; global_colors_info=&#8220;{}&#8220; custom_padding__hover=&#8220;|||&#8220;][et_pb_text _builder_version=&#8220;4.17.4&#8243; _module_preset=&#8220;default&#8220; global_colors_info=&#8220;{}&#8220;]<\/p>\n<p class=\"bodytext\">Neben den drei Klassenzimmern im ersten Stockwerk (Raum 212, 214 und 218) befinden sich im Erdgeschoss weitere Fachr\u00e4ume, in denen praktischer Unterricht erteilt wird.<\/p>\n<p class=\"bodytext\">Mithilfe des<span>\u00a0<\/span><b>BMW Z4<\/b><span>\u00a0<\/span>(eine Schenkung der BMW AG) k\u00f6nnen Auszubildende praxisnah an modernster Automobiltechnik unterrichtet werden.<\/p>\n<p class=\"bodytext\">Durch den gro\u00dfen Einsatz der Fa. Schnurrer in M\u00fcnchberg durfte unsere Schule den<span>\u00a0<\/span><b>Touran TSI<\/b><span>\u00a0<\/span>Ecofuel 1,4 l, 110 KW mit elektronischer Differentialsperre, Direktschaltgetriebe und Doppelkupplung ihr Eigen nennen.<\/p>\n<p class=\"bodytext\">Der<span>\u00a0<\/span><b>BMW V8-Motor<\/b><span>\u00a0<\/span>330 KW\/450 PS\/4,4 Liter Hubraum &#8211; an ihm werden \u00d6ldruckmessungen und Kompressionsdruckmessungen durchgef\u00fchrt.<\/p>\n<p class=\"bodytext\">Die<span>\u00a0<\/span><b>Haldex-Kupplung<\/b><span>\u00a0<\/span>der II. Generation ist eine elektronisch gesteuerte Lamellenkupplung, die in Allradantrieben Verwendung findet.<\/p>\n<p class=\"bodytext\">Am\u00a0<span>\u00a0<\/span><b>BMW 6-Zylinder<\/b><span>\u00a0<\/span>Benzinmotor mit einem Hubraum von 3 Litern werden Messungen an Sensoren und Aktoren durchgef\u00fchrt.<\/p>\n<p class=\"bodytext\">Beim<span>\u00a0<\/span><b>Audi A3<\/b><span>\u00a0<\/span>Sportback handelt es sich um einen 2,0 Liter FSI-Motor mit Navigationssystem, der uns von der Audi AG Ingolstadt \u00fcbergeben wurde.<\/p>\n<p class=\"bodytext\">Teilzerlegter<span>\u00a0<\/span><b>4-Zylinder Motor<\/b><span>\u00a0<\/span>&#8211; Vorf\u00fchrung von Direkteinspritzung, Vanos und Valvetronic.<\/p>\n<p class=\"bodytext\">Am<span> <\/span><b><span>ABS &#8211; EDS &#8211; ASR &#8211; ESP-Stand<\/span><\/b><span> <\/span>wird der Funktionsablauf der elektronischen Stabilit\u00e4tskontrolle erarbeitet. Au\u00dferdem werden hier Bauteilmessungen an Originalkomponenten des Passat 4-motion durchgef\u00fchrt.<\/p>\n<p>[\/et_pb_text][\/et_pb_column][et_pb_column type=&#8220;1_3&#8243; _builder_version=&#8220;4.16&#8243; _module_preset=&#8220;default&#8220; custom_padding=&#8220;|||&#8220; global_colors_info=&#8220;{}&#8220; custom_padding__hover=&#8220;|||&#8220;][et_pb_image src=&#8220;https:\/\/www.bs-hof.de\/wp-content\/uploads\/2022\/08\/kfz-mechatroniker_03-1.jpg&#8220; title_text=&#8220;kfz-mechatroniker_03&#8243; _builder_version=&#8220;4.17.4&#8243; _module_preset=&#8220;default&#8220; custom_margin=&#8220;||0px||false|false&#8220; global_colors_info=&#8220;{}&#8220;][\/et_pb_image][et_pb_text _builder_version=&#8220;4.17.4&#8243; _module_preset=&#8220;default&#8220; global_colors_info=&#8220;{}&#8220;]<\/p>\n<p><span>BMW Z4 und Audi A3 vor der gro\u00dfen Schulwerkstatt<\/span><\/p>\n<p>[\/et_pb_text][et_pb_image src=&#8220;https:\/\/www.bs-hof.de\/wp-content\/uploads\/2022\/08\/kfz-mechatroniker_05-1.jpg&#8220; title_text=&#8220;kfz-mechatroniker_05&#8243; _builder_version=&#8220;4.17.4&#8243; _module_preset=&#8220;default&#8220; custom_margin=&#8220;||0px||false|false&#8220; global_colors_info=&#8220;{}&#8220;][\/et_pb_image][et_pb_text _builder_version=&#8220;4.17.4&#8243; _module_preset=&#8220;default&#8220; global_colors_info=&#8220;{}&#8220;]BMW V8-Motor[\/et_pb_text][et_pb_image src=&#8220;https:\/\/www.bs-hof.de\/wp-content\/uploads\/2022\/08\/kfz-mechatroniker_07-1.jpg&#8220; title_text=&#8220;kfz-mechatroniker_07&#8243; _builder_version=&#8220;4.17.4&#8243; _module_preset=&#8220;default&#8220; custom_margin=&#8220;||0px||false|false&#8220; global_colors_info=&#8220;{}&#8220;][\/et_pb_image][et_pb_text _builder_version=&#8220;4.17.4&#8243; _module_preset=&#8220;default&#8220; global_colors_info=&#8220;{}&#8220;]<\/p>\n<p><span>BMW 6-Zylinder<\/span><\/p>\n<p>[\/et_pb_text][et_pb_image src=&#8220;https:\/\/www.bs-hof.de\/wp-content\/uploads\/2022\/08\/kfz-mechatroniker_09-1.jpg&#8220; title_text=&#8220;kfz-mechatroniker_09&#8243; _builder_version=&#8220;4.17.4&#8243; _module_preset=&#8220;default&#8220; custom_margin=&#8220;||0px||false|false&#8220; global_colors_info=&#8220;{}&#8220;][\/et_pb_image][et_pb_text _builder_version=&#8220;4.17.4&#8243; _module_preset=&#8220;default&#8220; global_colors_info=&#8220;{}&#8220;]<\/p>\n<p><span>4-Zylinder Motor<\/span><\/p>\n<p>[\/et_pb_text][\/et_pb_column][et_pb_column type=&#8220;1_3&#8243; _builder_version=&#8220;4.16&#8243; _module_preset=&#8220;default&#8220; custom_padding=&#8220;|||&#8220; global_colors_info=&#8220;{}&#8220; custom_padding__hover=&#8220;|||&#8220;][et_pb_image src=&#8220;https:\/\/www.bs-hof.de\/wp-content\/uploads\/2022\/08\/kfz-mechatroniker_04-1.jpg&#8220; title_text=&#8220;kfz-mechatroniker_04&#8243; _builder_version=&#8220;4.17.4&#8243; _module_preset=&#8220;default&#8220; custom_margin=&#8220;||0px||false|false&#8220; global_colors_info=&#8220;{}&#8220;][\/et_pb_image][et_pb_text _builder_version=&#8220;4.17.4&#8243; _module_preset=&#8220;default&#8220; custom_margin=&#8220;||||false|false&#8220; global_colors_info=&#8220;{}&#8220;]<\/p>\n<p><span>VW Touran, Mega Macs 66-Tester (kleine Schulwerkstatt)<\/span><\/p>\n<p>[\/et_pb_text][et_pb_image src=&#8220;https:\/\/www.bs-hof.de\/wp-content\/uploads\/2022\/08\/kfz-mechatroniker_06-1.jpg&#8220; title_text=&#8220;kfz-mechatroniker_06&#8243; _builder_version=&#8220;4.17.4&#8243; _module_preset=&#8220;default&#8220; custom_margin=&#8220;||0px||false|false&#8220; global_colors_info=&#8220;{}&#8220;][\/et_pb_image][et_pb_text _builder_version=&#8220;4.17.4&#8243; _module_preset=&#8220;default&#8220; global_colors_info=&#8220;{}&#8220;]<\/p>\n<p><span>Haldex-Kupplung<\/span><\/p>\n<p>[\/et_pb_text][et_pb_image src=&#8220;https:\/\/www.bs-hof.de\/wp-content\/uploads\/2022\/08\/kfz-mechatroniker_08-1.jpg&#8220; title_text=&#8220;kfz-mechatroniker_08&#8243; _builder_version=&#8220;4.17.4&#8243; _module_preset=&#8220;default&#8220; custom_margin=&#8220;||0px||false|false&#8220; global_colors_info=&#8220;{}&#8220;][\/et_pb_image][et_pb_text _builder_version=&#8220;4.17.4&#8243; _module_preset=&#8220;default&#8220; global_colors_info=&#8220;{}&#8220;]<\/p>\n<p><span>Audi A3 Sportback<\/span><\/p>\n<p>[\/et_pb_text][et_pb_image src=&#8220;https:\/\/www.bs-hof.de\/wp-content\/uploads\/2022\/08\/kfz-mechatroniker_10-1.jpg&#8220; title_text=&#8220;kfz-mechatroniker_10&#8243; _builder_version=&#8220;4.17.4&#8243; _module_preset=&#8220;default&#8220; custom_margin=&#8220;||0px||false|false&#8220; global_colors_info=&#8220;{}&#8220;][\/et_pb_image][et_pb_text _builder_version=&#8220;4.19.4&#8243; _module_preset=&#8220;default&#8220; global_colors_info=&#8220;{}&#8220;]<\/p>\n<p><span>ABS &#8211; EDS &#8211; ASR &#8211; ESP-Stand<\/span><\/p>\n<p>[\/et_pb_text][\/et_pb_column][\/et_pb_row][\/et_pb_section][et_pb_section fb_built=&#8220;1&#8243; _builder_version=&#8220;4.17.4&#8243; _module_preset=&#8220;default&#8220; da_disable_devices=&#8220;off|off|off&#8220; global_colors_info=&#8220;{}&#8220; da_is_popup=&#8220;off&#8220; da_exit_intent=&#8220;off&#8220; da_has_close=&#8220;on&#8220; da_alt_close=&#8220;off&#8220; da_dark_close=&#8220;off&#8220; da_not_modal=&#8220;on&#8220; da_is_singular=&#8220;off&#8220; da_with_loader=&#8220;off&#8220; da_has_shadow=&#8220;on&#8220;][et_pb_row module_id=&#8220;auto_lehr&#8220; _builder_version=&#8220;4.19.4&#8243; _module_preset=&#8220;default&#8220; global_colors_info=&#8220;{}&#8220;][et_pb_column type=&#8220;4_4&#8243; _builder_version=&#8220;4.17.4&#8243; _module_preset=&#8220;default&#8220; global_colors_info=&#8220;{}&#8220;][et_pb_text module_id=&#8220;auto_lehr&#8220; _builder_version=&#8220;4.19.4&#8243; _module_preset=&#8220;default&#8220; text_font=&#8220;||||||||&#8220; header_font=&#8220;||||||||&#8220; header_2_font=&#8220;Rubik|700|||||||&#8220; header_2_text_color=&#8220;#A7C520&#8243; header_2_font_size=&#8220;42px&#8220; header_2_line_height=&#8220;1.2em&#8220; module_alignment=&#8220;center&#8220; custom_margin=&#8220;|||&#8220; custom_padding=&#8220;|||&#8220; header_2_font_size_tablet=&#8220;&#8220; header_2_font_size_phone=&#8220;36px&#8220; header_2_font_size_last_edited=&#8220;on|phone&#8220; locked=&#8220;off&#8220; global_colors_info=&#8220;{}&#8220;]<\/p>\n<div class=\"csc-header csc-header-n1\">\n<h2 class=\"csc-firstHeader\">Lehrkr\u00e4fte in den Bereichen Kfz<\/h2>\n<\/div>\n<div class=\"csc-textpic-text\"><\/div>\n<p>[\/et_pb_text][et_pb_text _builder_version=&#8220;4.19.4&#8243; _module_preset=&#8220;default&#8220; custom_margin=&#8220;||76px|||&#8220; global_colors_info=&#8220;{}&#8220;]<\/p>\n<p class=\"bodytext\"><b>StD Thomas Heinrich<\/b><span>\u00a0<\/span>(Abteilungsleiter) \u00a0<span>\u00a0<\/span><i>&#8211; Metalltechnik \/ Mathematik<\/i><\/p>\n<p class=\"bodytext\"><b>OStRin Anja Hauenschild<\/b><span>\u00a0<\/span>\u00a0<span>\u00a0<\/span><i>&#8211; Metalltechnik \/ Deutsch<\/i><\/p>\n<p class=\"bodytext\"><b>FOL Thomas Schilling<\/b><span>\u00a0<\/span>\u00a0<span>\u00a0<\/span><i>&#8211; Metalltechnik<\/i><\/p>\n<p class=\"bodytext\"><b>StR Alexander Thiel &#8211;<span>\u00a0<\/span><i><\/i><\/b><i>Metalltechnik<\/i><\/p>\n<p class=\"bodytext\"><b>StR Hans-Christian Bayreuther<\/b><span> <\/span>&#8211;<span>\u00a0<\/span><i>Metalltechnik \/ Physik<br \/><\/i><\/p>\n<p class=\"bodytext\"><b>StR Andreas Rose<\/b><span>\u00a0<\/span>\u00a0 &#8211;<span>\u00a0<\/span><i>Metalltechnik<\/i><\/p>\n<p class=\"bodytext\"><b>Aziz Maydan<\/b><span>\u00a0<\/span>(Kraftfahrzeugmeister) \u00a0 &#8211;<span>\u00a0<\/span><i>Kfz-technische Berufe<\/i><\/p>\n<p>[\/et_pb_text][\/et_pb_column][\/et_pb_row][et_pb_row module_id=&#8220;auto_aktuell&#8220; _builder_version=&#8220;4.19.4&#8243; _module_preset=&#8220;default&#8220; global_colors_info=&#8220;{}&#8220;][et_pb_column type=&#8220;4_4&#8243; _builder_version=&#8220;4.17.4&#8243; _module_preset=&#8220;default&#8220; global_colors_info=&#8220;{}&#8220;][et_pb_text module_id=&#8220;auto_lehr&#8220; _builder_version=&#8220;4.19.4&#8243; _module_preset=&#8220;default&#8220; text_font=&#8220;||||||||&#8220; header_font=&#8220;||||||||&#8220; header_2_font=&#8220;Rubik|700|||||||&#8220; header_2_text_color=&#8220;#A7C520&#8243; header_2_font_size=&#8220;42px&#8220; header_2_line_height=&#8220;1.2em&#8220; module_alignment=&#8220;center&#8220; custom_margin=&#8220;||12px|||&#8220; custom_padding=&#8220;|||&#8220; header_2_font_size_tablet=&#8220;&#8220; header_2_font_size_phone=&#8220;36px&#8220; header_2_font_size_last_edited=&#8220;on|phone&#8220; locked=&#8220;off&#8220; global_colors_info=&#8220;{}&#8220;]<\/p>\n<div class=\"csc-header csc-header-n1\">\n<h2 class=\"csc-firstHeader\">Aktuelles und Termine<\/h2>\n<\/div>\n<div class=\"csc-textpic-text\"><\/div>\n<p>[\/et_pb_text][et_pb_text _builder_version=&#8220;4.27.3&#8243; _module_preset=&#8220;default&#8220; custom_padding=&#8220;22px|||||&#8220; global_colors_info=&#8220;{}&#8220;]<\/p>\n<p class=\"bodytext\">Die Anmeldung erfolgt <strong>online<\/strong> (siehe Link auf der Startseite).<\/p>\n<p class=\"bodytext\"><b><br \/><\/b><u>Am ersten Schultag ist mitzubringen:<\/u><\/p>\n<ol class=\"align-left\">\n<li>ausgef\u00fclltes Anmeldeblatt (Ausdruck vom Online-Antrag) mit Anlagen<\/li>\n<li>Kopien aller Abschlusszeugnisse bzw. Zeugnis der letzten Schule<\/li>\n<li>Abmeldebescheinigung bei Mittelsch\u00fclern<\/li>\n<li>Kopie des Ausbildungs-\/Umschulungsvertrages (falls bereits abgeschlossen)<\/li>\n<li class=\"align-left\">ggf. Bescheinigung \u00fcber die Anerkennung eines im Ausland erworbenen Schulabschlusses<\/li>\n<li class=\"align-left\">Schreibsachen<\/li>\n<\/ol>\n<p>[\/et_pb_text][\/et_pb_column][\/et_pb_row][\/et_pb_section][et_pb_section fb_built=&#8220;1&#8243; admin_label=&#8220;Inhalt 2sp wei\u00df vollbreit&#8220; module_id=&#8220;aktuell&#8220; module_class=&#8220;popup&#8220; _builder_version=&#8220;4.19.4&#8243; _module_preset=&#8220;default&#8220; background_color=&#8220;#FFFFFF&#8220; custom_padding=&#8220;|||&#8220; animation_style=&#8220;slide&#8220; animation_direction=&#8220;top&#8220; animation_intensity_slide=&#8220;10%&#8220; da_is_popup=&#8220;on&#8220; da_popup_slug=&#8220;aktuell&#8220; da_disable_devices=&#8220;off|off|off&#8220; box_shadow_style=&#8220;preset3&#8243; box_shadow_vertical=&#8220;10px&#8220; box_shadow_blur=&#8220;105px&#8220; box_shadow_spread=&#8220;0px&#8220; box_shadow_color=&#8220;rgba(0,0,0,0.12)&#8220; collapsed=&#8220;off&#8220; global_colors_info=&#8220;{}&#8220; da_exit_intent=&#8220;off&#8220; da_has_close=&#8220;on&#8220; da_alt_close=&#8220;off&#8220; da_dark_close=&#8220;off&#8220; da_not_modal=&#8220;on&#8220; da_is_singular=&#8220;off&#8220; da_with_loader=&#8220;off&#8220; da_has_shadow=&#8220;on&#8220;][et_pb_row column_structure=&#8220;1_2,1_2&#8243; make_equal=&#8220;on&#8220; _builder_version=&#8220;4.17.4&#8243; _module_preset=&#8220;default&#8220; background_color=&#8220;RGBA(255,255,255,0)&#8220; max_width=&#8220;80%&#8220; custom_margin=&#8220;|||&#8220; use_custom_width=&#8220;on&#8220; width_unit=&#8220;off&#8220; global_colors_info=&#8220;{}&#8220;][et_pb_column type=&#8220;1_2&#8243; _builder_version=&#8220;4.16&#8243; _module_preset=&#8220;default&#8220; custom_padding=&#8220;|||&#8220; global_colors_info=&#8220;{}&#8220; custom_padding__hover=&#8220;|||&#8220;][et_pb_text module_id=&#8220;berufsaussichten&#8220; _builder_version=&#8220;4.19.4&#8243; _module_preset=&#8220;default&#8220; text_font=&#8220;||||||||&#8220; header_font=&#8220;||||||||&#8220; header_2_font=&#8220;Rubik|700|||||||&#8220; header_2_text_color=&#8220;#A7C520&#8243; header_2_font_size=&#8220;42px&#8220; header_2_line_height=&#8220;1.2em&#8220; module_alignment=&#8220;center&#8220; custom_margin=&#8220;|||&#8220; custom_padding=&#8220;|||&#8220; header_2_font_size_tablet=&#8220;&#8220; header_2_font_size_phone=&#8220;36px&#8220; header_2_font_size_last_edited=&#8220;on|phone&#8220; locked=&#8220;off&#8220; global_colors_info=&#8220;{}&#8220;]<\/p>\n<div class=\"csc-header csc-header-n1\">\n<div class=\"csc-header csc-header-n1\">\n<div class=\"csc-header csc-header-n2\">\n<div class=\"csc-header csc-header-n3\">\n<h2>Inhalt 2sp wei\u00df vollbreit\u00a0 &#8211; Popup<\/h2>\n<\/div>\n<div class=\"csc-textpic-text\"><\/div>\n<\/div>\n<div class=\"csc-textpic-text\"><\/div>\n<\/div>\n<div class=\"csc-textpic-text\"><\/div>\n<\/div>\n<div class=\"csc-textpic-text\"><\/div>\n<p>[\/et_pb_text][et_pb_text _builder_version=&#8220;4.17.4&#8243; _module_preset=&#8220;default&#8220; width=&#8220;99.7%&#8220; min_height=&#8220;77.6px&#8220; custom_padding=&#8220;|35px||||&#8220; global_colors_info=&#8220;{}&#8220;]<\/p>\n<p class=\"bodytext\">Abschlusszeugnis der Berufsschule und eine erfolgreich abgeschlossene Berufsausbildung in einem der Fachrichtung <span>Umweltschutztechnik \/ regenerative Energien<\/span><span>\u00a0<\/span>entsprechenden Zugangsberuf<\/p>\n<p class=\"align-center\">und<\/p>\n<p class=\"bodytext\">eine entsprechende Berufspraxis von mindestens einem Jahr.<\/p>\n<p class=\"align-center\">Oder:<\/p>\n<p class=\"bodytext\">Eine f\u00fcr die angestrebte Ausbildungsrichtung einschl\u00e4gige berufliche T\u00e4tigkeit (ohne Abschluss) von mindestens f\u00fcnf Jahren.<\/p>\n<p>[\/et_pb_text][et_pb_image src=&#8220;https:\/\/www.bs-hof.de\/wp-content\/uploads\/2022\/09\/umweltschutz_01.jpg&#8220; title_text=&#8220;umweltschutz_01&#8243; _builder_version=&#8220;4.17.4&#8243; _module_preset=&#8220;default&#8220; global_colors_info=&#8220;{}&#8220;][\/et_pb_image][\/et_pb_column][et_pb_column type=&#8220;1_2&#8243; _builder_version=&#8220;4.16&#8243; _module_preset=&#8220;default&#8220; custom_padding=&#8220;|||&#8220; global_colors_info=&#8220;{}&#8220; custom_padding__hover=&#8220;|||&#8220;][et_pb_text module_id=&#8220;berufsaussichten&#8220; _builder_version=&#8220;4.17.4&#8243; _module_preset=&#8220;default&#8220; text_font=&#8220;||||||||&#8220; header_font=&#8220;||||||||&#8220; header_2_font=&#8220;Rubik|700|||||||&#8220; header_2_text_color=&#8220;#A7C520&#8243; header_2_font_size=&#8220;42px&#8220; header_2_line_height=&#8220;1.2em&#8220; module_alignment=&#8220;center&#8220; custom_margin=&#8220;|||&#8220; custom_padding=&#8220;|||&#8220; header_2_font_size_tablet=&#8220;&#8220; header_2_font_size_phone=&#8220;36px&#8220; header_2_font_size_last_edited=&#8220;on|phone&#8220; locked=&#8220;off&#8220; global_colors_info=&#8220;{}&#8220;]<\/p>\n<div class=\"csc-header csc-header-n1\">\n<div class=\"csc-header csc-header-n1\">\n<div class=\"csc-header csc-header-n2\">\n<div class=\"csc-header csc-header-n3\">\n<h2>Zugangsberufe f\u00fcr die Fachrichtungen Umweltschutztechnik \/ regenerative Energien<\/h2>\n<\/div>\n<div class=\"csc-textpic-text\"><\/div>\n<\/div>\n<div class=\"csc-textpic-text\"><\/div>\n<\/div>\n<div class=\"csc-textpic-text\"><\/div>\n<\/div>\n<div class=\"csc-textpic-text\"><\/div>\n<p>[\/et_pb_text][et_pb_text _builder_version=&#8220;4.17.4&#8243; _module_preset=&#8220;default&#8220; global_colors_info=&#8220;{}&#8220;]<\/p>\n<p class=\"bodytext\"><span>Gem. \u00a7 5 Abs. 2 FSO wurden folgende einschl\u00e4gige Berufsausbildungen f\u00fcr die Fachrichtung Umweltschutztechnik und regenative Energien festgelegt.<\/span><\/p>\n<p class=\"bodytext\"><span>Alle abgeschlossenen Berufsausbildungen in einem staatlich anerkannten Ausbildungsberuf mit einer Regelausbildungszeit von mindestens 2 Jahren in den Berufsfeldern:<\/span><\/p>\n<ul>\n<li><span>Chemie<\/span><\/li>\n<li><span>Elektrotechnik<\/span><\/li>\n<li><span>Metalltechnik<\/span><\/li>\n<\/ul>\n<p class=\"bodytext\"><span>oder eine abgeschlossene Berufsausbildung in einem der folgenden staatlich anerkannten Ausbildungsberufe:<\/span><\/p>\n<ul>\n<li><span>\u00a0<\/span><span>Baustoffpr\u00fcfer<\/span><\/li>\n<li><span>\u00a0<\/span><span>Landwirt<\/span><\/li>\n<li><span>\u00a0<\/span><span>Mechatroniker f\u00fcr K\u00e4ltetechnik<\/span><\/li>\n<li><span>Schornsteinfeger<\/span><\/li>\n<li><span>Technischer Produktdesigner (FR Maschinen- und Anlagenkonstruktion)<\/span><\/li>\n<li><span>Technischer Systemplaner (FR Versorgungs- und Ausr\u00fcstungstechnik<\/span><\/li>\n<\/ul>\n<p class=\"bodytext\"><span>sowie die Absolventen der mindestens zweij\u00e4hrigen Berufsfachschulen f\u00fcr<\/span><span><\/span><\/p>\n<ul>\n<li><span>biologisch-technische Assistenten<\/span><\/li>\n<li><span>chemisch-technische Assistenten<\/span><\/li>\n<li><span>elektrotechnische Assistenten<\/span><\/li>\n<li><span>industrietechnische und elektrotechnische Assistenten<\/span><\/li>\n<li><span>Maschinenbau<\/span><\/li>\n<li><span>physikalisch-technische Assistenten<\/span><\/li>\n<li><span>umweltschutztechnische Assistenten<\/span><\/li>\n<\/ul>\n<p class=\"bodytext\">\n<p class=\"bodytext\"><span>Aufgehobene oder durch neue Berufsbezeichnungen ersetzte Berufsbilder, die den o.g. Ausbildungen entsprechen, werden ebenfalls ber\u00fccksichtigt.<\/span><\/p>\n<p class=\"bodytext\"><span>In Abstimmung mit der Schulaufsichtsbeh\u00f6rde k\u00f6nnen auch Absolventen anderer Ausbildungsberufe aufgenommen werden, sofern sie \u00fcber einschl\u00e4gige berufliche Erfahrung im Bereich Umweltschutz und regenerative Energien verf\u00fcgen.<\/span><\/p>\n<p>[\/et_pb_text][et_pb_code disabled_on=&#8220;on|on|on&#8220; _builder_version=&#8220;4.19.4&#8243; _module_preset=&#8220;default&#8220; disabled=&#8220;on&#8220; global_colors_info=&#8220;{}&#8220;]<script><!-- [et_pb_line_break_holder] -->\t(function () {<!-- [et_pb_line_break_holder] -->\t\tDiviArea.addAction('ready', function () {<!-- [et_pb_line_break_holder] -->\t\t\t\/\/ Option 1: Show the Popup instantly.<!-- [et_pb_line_break_holder] -->\t\t\tvar popupId = 'aktuell'; \/\/ TODO: \u2190 Enter the ID of your Popup here!<!-- [et_pb_line_break_holder] -->\t\t\tDiviArea.show(popupId);<!-- [et_pb_line_break_holder] -->\t\t});<!-- [et_pb_line_break_holder] -->\t})();<!-- [et_pb_line_break_holder] --><\/script>[\/et_pb_code][\/et_pb_column][\/et_pb_row][\/et_pb_section]<\/p>\n","protected":false},"excerpt":{"rendered":"<p>KraftfahrzeugtechnikKraftfahrzeugmechatronikerFachr\u00e4ume mit AusstattungenAbteilungsleiter und Lehrkr\u00e4fteAktuelles und TermineAbteilung KraftfahrzeugtechnikDie Ausbildung zum Kfz-Mechatroniker\u00a0findet in den Fachr\u00e4umen der Au\u00dfenstelle M\u00fcnchberg statt. Ausbildungsberufe im Fachbereich Kraftfahrzeugtechnik: \u2022 Kfz-Mechatroniker (PKW)\u2022 Kfz-Mechatroniker (LKW); nur erstes und zweites Lehrjahr\u2022 Landmaschinenmechaniker; nur erstes Lehrjahr\u2022 Zweiradmechaniker; nur erstes und zweites Lehrjahr\u2022 Karosserie und Fahrzeugbauer; nur erstes LehrjahrKraftfahrzeugmechatroniker Fachbereich Kraftfahrzeugtechnik Die Aufgabe des Kraftfahrzeugmechatronikers ist, [&hellip;]<\/p>\n","protected":false},"author":8,"featured_media":0,"parent":642,"menu_order":0,"comment_status":"closed","ping_status":"closed","template":"","meta":{"_et_pb_use_builder":"on","_et_pb_old_content":"","_et_gb_content_width":"","inline_featured_image":false,"footnotes":""},"class_list":["post-474","page","type-page","status-publish","hentry"],"_links":{"self":[{"href":"https:\/\/www.bs-hof.de\/index.php\/wp-json\/wp\/v2\/pages\/474","targetHints":{"allow":["GET"]}}],"collection":[{"href":"https:\/\/www.bs-hof.de\/index.php\/wp-json\/wp\/v2\/pages"}],"about":[{"href":"https:\/\/www.bs-hof.de\/index.php\/wp-json\/wp\/v2\/types\/page"}],"author":[{"embeddable":true,"href":"https:\/\/www.bs-hof.de\/index.php\/wp-json\/wp\/v2\/users\/8"}],"replies":[{"embeddable":true,"href":"https:\/\/www.bs-hof.de\/index.php\/wp-json\/wp\/v2\/comments?post=474"}],"version-history":[{"count":47,"href":"https:\/\/www.bs-hof.de\/index.php\/wp-json\/wp\/v2\/pages\/474\/revisions"}],"predecessor-version":[{"id":3339,"href":"https:\/\/www.bs-hof.de\/index.php\/wp-json\/wp\/v2\/pages\/474\/revisions\/3339"}],"up":[{"embeddable":true,"href":"https:\/\/www.bs-hof.de\/index.php\/wp-json\/wp\/v2\/pages\/642"}],"wp:attachment":[{"href":"https:\/\/www.bs-hof.de\/index.php\/wp-json\/wp\/v2\/media?parent=474"}],"curies":[{"name":"wp","href":"https:\/\/api.w.org\/{rel}","templated":true}]}}