{"id":476,"date":"2022-08-18T02:03:32","date_gmt":"2022-08-18T00:03:32","guid":{"rendered":"https:\/\/www.bs-hof.de\/?page_id=476"},"modified":"2025-09-15T16:41:52","modified_gmt":"2025-09-15T14:41:52","slug":"konstruktion","status":"publish","type":"page","link":"https:\/\/www.bs-hof.de\/index.php\/berufs-und-fachschulen\/berufsschule-fachbereiche\/metall-kunstofftechnik\/konstruktion\/","title":{"rendered":"Konstruktion, Versorgung und Systemplanung, Industriemechanik"},"content":{"rendered":"<p>[et_pb_section fb_built=&#8220;1&#8243; admin_label=&#8220;Fachbereiche&#8220; _builder_version=&#8220;4.19.4&#8243; _module_preset=&#8220;default&#8220; background_color=&#8220;RGBA(205,232,85,0.45)&#8220; background_enable_pattern_style=&#8220;on&#8220; background_pattern_style=&#8220;shippo&#8220; background_pattern_horizontal_offset=&#8220;-2%&#8220; background_pattern_vertical_offset=&#8220;-23%&#8220; background_pattern_blend_mode=&#8220;soft-light&#8220; min_height=&#8220;194.3px&#8220; custom_padding=&#8220;||1px|||&#8220; animation_style=&#8220;slide&#8220; animation_direction=&#8220;top&#8220; animation_intensity_slide=&#8220;10%&#8220; da_disable_devices=&#8220;off|off|off&#8220; box_shadow_style=&#8220;preset3&#8243; box_shadow_vertical=&#8220;10px&#8220; box_shadow_blur=&#8220;105px&#8220; box_shadow_spread=&#8220;0px&#8220; box_shadow_color=&#8220;rgba(0,0,0,0.12)&#8220; collapsed=&#8220;on&#8220; global_colors_info=&#8220;{}&#8220; da_is_popup=&#8220;off&#8220; da_exit_intent=&#8220;off&#8220; da_has_close=&#8220;on&#8220; da_alt_close=&#8220;off&#8220; da_dark_close=&#8220;off&#8220; da_not_modal=&#8220;on&#8220; da_is_singular=&#8220;off&#8220; da_with_loader=&#8220;off&#8220; da_has_shadow=&#8220;on&#8220;][et_pb_row _builder_version=&#8220;4.19.4&#8243; _module_preset=&#8220;default&#8220; width=&#8220;88%&#8220; max_width=&#8220;2338px&#8220; custom_padding=&#8220;0px|||||&#8220; global_colors_info=&#8220;{}&#8220;][et_pb_column type=&#8220;4_4&#8243; _builder_version=&#8220;4.17.4&#8243; _module_preset=&#8220;default&#8220; global_colors_info=&#8220;{}&#8220;][et_pb_text module_id=&#8220;med_fachangestellte&#8220; _builder_version=&#8220;4.19.4&#8243; _module_preset=&#8220;default&#8220; text_font=&#8220;|700|||||||&#8220; text_font_size=&#8220;10px&#8220; text_line_height=&#8220;1.6em&#8220; header_font=&#8220;||||||||&#8220; header_text_align=&#8220;center&#8220; header_font_size=&#8220;45px&#8220; header_letter_spacing=&#8220;4px&#8220; header_2_font=&#8220;Rubik|700|||||||&#8220; header_2_text_color=&#8220;#4C331B&#8220; header_2_line_height=&#8220;1.2em&#8220; background_color=&#8220;RGBA(255,255,255,0)&#8220; module_alignment=&#8220;center&#8220; custom_margin=&#8220;|||&#8220; custom_padding=&#8220;0px||0px|||&#8220; header_2_font_size_tablet=&#8220;&#8220; header_2_font_size_phone=&#8220;36px&#8220; header_2_font_size_last_edited=&#8220;on|phone&#8220; text_text_shadow_style=&#8220;preset3&#8243; text_text_shadow_color=&#8220;RGBA(255,255,255,0)&#8220; locked=&#8220;off&#8220; global_colors_info=&#8220;{}&#8220;]<\/p>\n<h1 style=\"text-align: center;\"><strong>Konstruktion, Versorgung und Systemplanung,<\/strong><\/h1>\n<h1 style=\"text-align: center;\"><strong>Industriemechanik<\/strong><\/h1>\n<p>[\/et_pb_text][\/et_pb_column][\/et_pb_row][\/et_pb_section][et_pb_section fb_built=&#8220;1&#8243; _builder_version=&#8220;4.17.4&#8243; _module_preset=&#8220;default&#8220; background_color=&#8220;#F5F6F8&#8243; position_origin_f=&#8220;top_center&#8220; z_index=&#8220;500&#8243; min_height=&#8220;92.4px&#8220; custom_padding=&#8220;0px||0px||false|false&#8220; sticky_position=&#8220;bottom&#8220; custom_css_main_element=&#8220;position: sticky;||top: 30px;&#8220; da_disable_devices=&#8220;off|off|off&#8220; global_colors_info=&#8220;{}&#8220; da_is_popup=&#8220;off&#8220; da_exit_intent=&#8220;off&#8220; da_has_close=&#8220;on&#8220; da_alt_close=&#8220;off&#8220; da_dark_close=&#8220;off&#8220; da_not_modal=&#8220;on&#8220; da_is_singular=&#8220;off&#8220; da_with_loader=&#8220;off&#8220; da_has_shadow=&#8220;on&#8220;][et_pb_row column_structure=&#8220;1_5,1_5,1_5,1_5,1_5&#8243; _builder_version=&#8220;4.17.4&#8243; _module_preset=&#8220;default&#8220; global_colors_info=&#8220;{}&#8220;][et_pb_column type=&#8220;1_5&#8243; _builder_version=&#8220;4.17.4&#8243; _module_preset=&#8220;default&#8220; global_colors_info=&#8220;{}&#8220;][et_pb_text _builder_version=&#8220;4.17.4&#8243; _module_preset=&#8220;default&#8220; global_colors_info=&#8220;{}&#8220;]<\/p>\n<p style=\"text-align: center;\"><a href=\"#anlagenm\"><strong>Anlagen-mechaniker \/in SHK<\/strong><\/a><\/p>\n<p>[\/et_pb_text][\/et_pb_column][et_pb_column type=&#8220;1_5&#8243; _builder_version=&#8220;4.17.4&#8243; _module_preset=&#8220;default&#8220; global_colors_info=&#8220;{}&#8220;][et_pb_text _builder_version=&#8220;4.19.4&#8243; _module_preset=&#8220;default&#8220; custom_padding=&#8220;|0px||||&#8220; global_colors_info=&#8220;{}&#8220;]<\/p>\n<p style=\"text-align: center;\"><a href=\"#konstrm\"><strong>Konstruktions-mechaniker<\/strong><\/a><\/p>\n<p>[\/et_pb_text][\/et_pb_column][et_pb_column type=&#8220;1_5&#8243; _builder_version=&#8220;4.17.4&#8243; _module_preset=&#8220;default&#8220; global_colors_info=&#8220;{}&#8220;][et_pb_text _builder_version=&#8220;4.17.4&#8243; _module_preset=&#8220;default&#8220; global_colors_info=&#8220;{}&#8220;]<\/p>\n<p style=\"text-align: center;\"><a href=\"#systemplaner\"><strong>Technische\/r Systemplaner \/in Stahl- u. Metallbau<\/strong><\/a><\/p>\n<p>[\/et_pb_text][\/et_pb_column][et_pb_column type=&#8220;1_5&#8243; _builder_version=&#8220;4.17.4&#8243; _module_preset=&#8220;default&#8220; global_colors_info=&#8220;{}&#8220;][et_pb_text _builder_version=&#8220;4.17.4&#8243; _module_preset=&#8220;default&#8220; global_colors_info=&#8220;{}&#8220;]<\/p>\n<p style=\"text-align: center;\"><a href=\"#industriem\"><strong>Industrie-mechaniker<\/strong><\/a><\/p>\n<p>[\/et_pb_text][\/et_pb_column][et_pb_column type=&#8220;1_5&#8243; _builder_version=&#8220;4.17.4&#8243; _module_preset=&#8220;default&#8220; global_colors_info=&#8220;{}&#8220;][et_pb_text _builder_version=&#8220;4.17.4&#8243; _module_preset=&#8220;default&#8220; global_colors_info=&#8220;{}&#8220;]<\/p>\n<p style=\"text-align: center;\"><a href=\"#lehr\"><strong>Abteilungsleiter und Lehrkr\u00e4fte<\/strong><\/a><\/p>\n<p>[\/et_pb_text][\/et_pb_column][\/et_pb_row][\/et_pb_section][et_pb_section fb_built=&#8220;1&#8243; admin_label=&#8220;Fachbereiche&#8220; _builder_version=&#8220;4.17.4&#8243; _module_preset=&#8220;default&#8220; background_color=&#8220;rgba(205,232,85,0.45)&#8220; min_height=&#8220;497.3px&#8220; custom_padding=&#8220;||1px|||&#8220; animation_style=&#8220;slide&#8220; animation_direction=&#8220;top&#8220; animation_intensity_slide=&#8220;10%&#8220; da_disable_devices=&#8220;off|off|off&#8220; box_shadow_style=&#8220;preset3&#8243; box_shadow_vertical=&#8220;10px&#8220; box_shadow_blur=&#8220;105px&#8220; box_shadow_spread=&#8220;0px&#8220; box_shadow_color=&#8220;rgba(0,0,0,0.12)&#8220; collapsed=&#8220;on&#8220; global_colors_info=&#8220;{}&#8220; da_is_popup=&#8220;off&#8220; da_exit_intent=&#8220;off&#8220; da_has_close=&#8220;on&#8220; da_alt_close=&#8220;off&#8220; da_dark_close=&#8220;off&#8220; da_not_modal=&#8220;on&#8220; da_is_singular=&#8220;off&#8220; da_with_loader=&#8220;off&#8220; da_has_shadow=&#8220;on&#8220;][et_pb_row _builder_version=&#8220;4.17.4&#8243; _module_preset=&#8220;default&#8220; global_colors_info=&#8220;{}&#8220;][et_pb_column type=&#8220;4_4&#8243; _builder_version=&#8220;4.17.4&#8243; _module_preset=&#8220;default&#8220; global_colors_info=&#8220;{}&#8220;][et_pb_text module_id=&#8220;med_fachangestellte&#8220; _builder_version=&#8220;4.19.4&#8243; _module_preset=&#8220;default&#8220; text_font=&#8220;||||||||&#8220; header_font=&#8220;||||||||&#8220; header_2_font=&#8220;Rubik|700|||||||&#8220; header_2_text_color=&#8220;#4C331B&#8220; header_2_line_height=&#8220;1.2em&#8220; module_alignment=&#8220;center&#8220; custom_margin=&#8220;|||&#8220; custom_padding=&#8220;|||&#8220; header_2_font_size_tablet=&#8220;&#8220; header_2_font_size_phone=&#8220;36px&#8220; header_2_font_size_last_edited=&#8220;on|phone&#8220; locked=&#8220;off&#8220; global_colors_info=&#8220;{}&#8220;]<\/p>\n<h2 class=\"csc-firstHeader\" style=\"text-align: center;\">Herzlich Willkommen in der Metallabteilung Hof!<\/h2>\n<p>[\/et_pb_text][\/et_pb_column][\/et_pb_row][et_pb_row column_structure=&#8220;3_5,2_5&#8243; make_equal=&#8220;on&#8220; _builder_version=&#8220;4.17.4&#8243; _module_preset=&#8220;default&#8220; background_color=&#8220;RGBA(255,255,255,0)&#8220; max_width=&#8220;80%&#8220; custom_margin=&#8220;|auto|-35px|auto||&#8220; use_custom_width=&#8220;on&#8220; width_unit=&#8220;off&#8220; global_colors_info=&#8220;{}&#8220;][et_pb_column type=&#8220;3_5&#8243; _builder_version=&#8220;4.16&#8243; _module_preset=&#8220;default&#8220; custom_padding=&#8220;|||&#8220; global_colors_info=&#8220;{}&#8220; custom_padding__hover=&#8220;|||&#8220;][et_pb_text _builder_version=&#8220;4.17.4&#8243; _module_preset=&#8220;default&#8220; custom_padding=&#8220;|0px||||&#8220; global_colors_info=&#8220;{}&#8220;]<\/p>\n<p class=\"bodytext\">Am Standort Hof arbeiten insgesamt acht Lehrkr\u00e4fte im Metallbereich der Berufsschule. Diese sind in den vier Ausbildungsberufen:<\/p>\n<ul>\n<li>Anlagenmechaniker\/-in SHK<\/li>\n<li>Konstruktionsmechaniker\/-in Stahl-\/Metallbau<\/li>\n<li>Technische(r) Systemplaner\/-in Stahl-\/Metallbau<\/li>\n<li>Industriemechaniker<\/li>\n<\/ul>\n<p class=\"bodytext\">eingesetzt.<\/p>\n<p>[\/et_pb_text][\/et_pb_column][et_pb_column type=&#8220;2_5&#8243; _builder_version=&#8220;4.17.4&#8243; _module_preset=&#8220;default&#8220; global_colors_info=&#8220;{}&#8220;][et_pb_image src=&#8220;https:\/\/www.bs-hof.de\/wp-content\/uploads\/2023\/02\/Trichter.png&#8220; title_text=&#8220;Trichter&#8220; _builder_version=&#8220;4.19.4&#8243; _module_preset=&#8220;default&#8220; custom_margin=&#8220;-67px|-112px||||&#8220; custom_padding=&#8220;||0px|0px||&#8220; global_colors_info=&#8220;{}&#8220;][\/et_pb_image][\/et_pb_column][\/et_pb_row][\/et_pb_section][et_pb_section fb_built=&#8220;1&#8243; admin_label=&#8220;Fachbereiche&#8220; _builder_version=&#8220;4.19.4&#8243; _module_preset=&#8220;default&#8220; background_color=&#8220;#F5F6F8&#8243; min_height=&#8220;1024.9px&#8220; custom_margin=&#8220;3px|||||&#8220; custom_padding=&#8220;16px||0px|||&#8220; animation_style=&#8220;slide&#8220; animation_direction=&#8220;top&#8220; animation_intensity_slide=&#8220;10%&#8220; da_disable_devices=&#8220;off|off|off&#8220; box_shadow_style=&#8220;preset3&#8243; box_shadow_vertical=&#8220;10px&#8220; box_shadow_blur=&#8220;105px&#8220; box_shadow_spread=&#8220;0px&#8220; box_shadow_color=&#8220;rgba(0,0,0,0.12)&#8220; collapsed=&#8220;off&#8220; global_colors_info=&#8220;{}&#8220; da_is_popup=&#8220;off&#8220; da_exit_intent=&#8220;off&#8220; da_has_close=&#8220;on&#8220; da_alt_close=&#8220;off&#8220; da_dark_close=&#8220;off&#8220; da_not_modal=&#8220;on&#8220; da_is_singular=&#8220;off&#8220; da_with_loader=&#8220;off&#8220; da_has_shadow=&#8220;on&#8220;][et_pb_row module_id=&#8220;anlagenm&#8220; _builder_version=&#8220;4.17.4&#8243; _module_preset=&#8220;default&#8220; global_colors_info=&#8220;{}&#8220;][et_pb_column type=&#8220;4_4&#8243; _builder_version=&#8220;4.17.4&#8243; _module_preset=&#8220;default&#8220; global_colors_info=&#8220;{}&#8220;][et_pb_text module_id=&#8220;automobilkauf&#8220; _builder_version=&#8220;4.19.4&#8243; _module_preset=&#8220;default&#8220; text_font=&#8220;||||||||&#8220; header_font=&#8220;||||||||&#8220; header_2_font=&#8220;Rubik|700|||||||&#8220; header_2_text_color=&#8220;#A7C520&#8243; header_2_font_size=&#8220;42px&#8220; header_2_line_height=&#8220;1.2em&#8220; module_alignment=&#8220;center&#8220; custom_margin=&#8220;-60px|||||&#8220; custom_padding=&#8220;26px|||||&#8220; header_2_font_size_tablet=&#8220;&#8220; header_2_font_size_phone=&#8220;36px&#8220; header_2_font_size_last_edited=&#8220;on|phone&#8220; locked=&#8220;off&#8220; global_colors_info=&#8220;{}&#8220;]<\/p>\n<h2 class=\"csc-firstHeader\" style=\"text-align: center;\">Metallgrundklasse<\/h2>\n<p>[\/et_pb_text][et_pb_text _builder_version=&#8220;4.19.4&#8243; _module_preset=&#8220;default&#8220; global_colors_info=&#8220;{}&#8220;]<\/p>\n<p><span>Die zehnten Klassen werden im Einzeltagesunterricht beschult. Der Haupttag ist der Mittwoch. Zus\u00e4tzlich findet im <\/span>Wechsel am Montag<span>\u00a0Unterricht statt.<\/span><\/p>\n<p>[\/et_pb_text][et_pb_countdown_timer title=&#8220;Schulbeginn 2025\/2026&#8243; date_time=&#8220;2025-09-15 10:52&#8243; _builder_version=&#8220;4.27.3&#8243; _module_preset=&#8220;default&#8220; header_font=&#8220;|600|||||||&#8220; header_font_size=&#8220;27px&#8220; background_color=&#8220;#f5f6d4&#8243; background_layout=&#8220;light&#8220; border_width_all=&#8220;3px&#8220; border_color_all=&#8220;#000000&#8243; global_colors_info=&#8220;{}&#8220;][\/et_pb_countdown_timer][et_pb_text module_id=&#8220;automobilkauf&#8220; _builder_version=&#8220;4.19.4&#8243; _module_preset=&#8220;default&#8220; text_font=&#8220;||||||||&#8220; header_font=&#8220;||||||||&#8220; header_2_font=&#8220;Rubik|700|||||||&#8220; header_2_text_color=&#8220;#A7C520&#8243; header_2_font_size=&#8220;42px&#8220; header_2_line_height=&#8220;1.2em&#8220; module_alignment=&#8220;center&#8220; custom_margin=&#8220;|||&#8220; custom_padding=&#8220;|||&#8220; header_2_font_size_tablet=&#8220;&#8220; header_2_font_size_phone=&#8220;36px&#8220; header_2_font_size_last_edited=&#8220;on|phone&#8220; locked=&#8220;off&#8220; global_colors_info=&#8220;{}&#8220;]<\/p>\n<h2 class=\"csc-firstHeader\" style=\"text-align: center;\">Lernfelder und F\u00e4cher<\/h2>\n<p>[\/et_pb_text][\/et_pb_column][\/et_pb_row][et_pb_row column_structure=&#8220;1_3,1_3,1_3&#8243; make_equal=&#8220;on&#8220; _builder_version=&#8220;4.17.4&#8243; _module_preset=&#8220;default&#8220; background_color=&#8220;RGBA(255,255,255,0)&#8220; max_width=&#8220;80%&#8220; custom_margin=&#8220;|||&#8220; use_custom_width=&#8220;on&#8220; width_unit=&#8220;off&#8220; global_colors_info=&#8220;{}&#8220;][et_pb_column type=&#8220;1_3&#8243; _builder_version=&#8220;4.16&#8243; _module_preset=&#8220;default&#8220; custom_padding=&#8220;|||&#8220; global_colors_info=&#8220;{}&#8220; custom_padding__hover=&#8220;|||&#8220;][et_pb_text _builder_version=&#8220;4.17.4&#8243; _module_preset=&#8220;default&#8220; global_colors_info=&#8220;{}&#8220;]<\/p>\n<table cellpadding=\"0\" cellspacing=\"2\" border=\"1\" class=\"contenttable\" width=\"100%\">\n<tbody>\n<tr>\n<th bgcolor=\"#a7c520\">1. Lehrjahr<\/th>\n<\/tr>\n<\/tbody>\n<\/table>\n<p>[\/et_pb_text][et_pb_text _builder_version=&#8220;4.17.4&#8243; _module_preset=&#8220;default&#8220; global_colors_info=&#8220;{}&#8220;]<\/p>\n<p>Schultage: 1,5<\/p>\n<ul>\n<li>Instandhaltung<\/li>\n<\/ul>\n<ul>\n<li>Fertigungstechnik<\/li>\n<\/ul>\n<ul>\n<li>Bauelemente<\/li>\n<\/ul>\n<p><span>\u00a0<\/span><\/p>\n<p><span><\/span><\/p>\n<p><span><\/span><\/p>\n<p><span><\/span><\/p>\n<ul>\n<li>Religion<\/li>\n<\/ul>\n<ul>\n<li>Politik und Gesellschaft<\/li>\n<\/ul>\n<ul>\n<li>Deutsch<\/li>\n<\/ul>\n<p>[\/et_pb_text][\/et_pb_column][et_pb_column type=&#8220;1_3&#8243; _builder_version=&#8220;4.16&#8243; _module_preset=&#8220;default&#8220; custom_padding=&#8220;|||&#8220; global_colors_info=&#8220;{}&#8220; custom_padding__hover=&#8220;|||&#8220;][et_pb_text _builder_version=&#8220;4.17.4&#8243; _module_preset=&#8220;default&#8220; global_colors_info=&#8220;{}&#8220;]<\/p>\n<table cellpadding=\"0\" cellspacing=\"2\" border=\"1\" class=\"contenttable\" width=\"100%\">\n<tbody>\n<tr>\n<th bgcolor=\"#a7c520\">2. Lehrjahr<\/th>\n<\/tr>\n<\/tbody>\n<\/table>\n<p>[\/et_pb_text][et_pb_text _builder_version=&#8220;4.17.4&#8243; _module_preset=&#8220;default&#8220; global_colors_info=&#8220;{}&#8220;]<\/p>\n<p>Schultage: 1,5<\/p>\n<ul>\n<li>Instandhaltung<\/li>\n<\/ul>\n<ul>\n<li>Fertigungstechnik<\/li>\n<\/ul>\n<ul>\n<li>Bauelemente<\/li>\n<\/ul>\n<ul>\n<li>Automatisierungstechnik<\/li>\n<\/ul>\n<p><span>\u00a0<\/span><\/p>\n<ul>\n<li>Religion<\/li>\n<\/ul>\n<ul>\n<li>Politik und Gesellschaft<\/li>\n<\/ul>\n<ul>\n<li>Deutsch<\/li>\n<\/ul>\n<p>[\/et_pb_text][\/et_pb_column][et_pb_column type=&#8220;1_3&#8243; _builder_version=&#8220;4.16&#8243; _module_preset=&#8220;default&#8220; custom_padding=&#8220;|||&#8220; global_colors_info=&#8220;{}&#8220; custom_padding__hover=&#8220;|||&#8220;][et_pb_text _builder_version=&#8220;4.17.4&#8243; _module_preset=&#8220;default&#8220; global_colors_info=&#8220;{}&#8220;]<\/p>\n<table cellpadding=\"0\" cellspacing=\"2\" border=\"1\" class=\"contenttable\" width=\"100%\">\n<tbody>\n<tr>\n<th bgcolor=\"#a7c520\">3.\/4. Lehrjahr<\/th>\n<\/tr>\n<\/tbody>\n<\/table>\n<p>[\/et_pb_text][et_pb_text _builder_version=&#8220;4.17.4&#8243; _module_preset=&#8220;default&#8220; global_colors_info=&#8220;{}&#8220;]<\/p>\n<p>Schultage: 1<\/p>\n<ul>\n<li>Instandhaltung<\/li>\n<\/ul>\n<ul>\n<li>Fertigungstechnik<\/li>\n<\/ul>\n<ul>\n<li>Bauelemente<\/li>\n<\/ul>\n<ul>\n<li>Automatisierungstechnik<\/li>\n<\/ul>\n<p><span>\u00a0<\/span><\/p>\n<ul>\n<li>Religion<\/li>\n<\/ul>\n<ul>\n<li>Politik und Gesellschaft<\/li>\n<\/ul>\n<ul>\n<li>Deutsch<\/li>\n<\/ul>\n<p>[\/et_pb_text][\/et_pb_column][\/et_pb_row][\/et_pb_section][et_pb_section fb_built=&#8220;1&#8243; admin_label=&#8220;Fachbereiche&#8220; _builder_version=&#8220;4.19.4&#8243; _module_preset=&#8220;default&#8220; background_color=&#8220;#f5f6d4&#8243; min_height=&#8220;679.6px&#8220; custom_margin=&#8220;-6px|||||&#8220; custom_padding=&#8220;0px||11px|||&#8220; animation_style=&#8220;slide&#8220; animation_direction=&#8220;top&#8220; animation_intensity_slide=&#8220;10%&#8220; da_disable_devices=&#8220;off|off|off&#8220; box_shadow_style=&#8220;preset3&#8243; box_shadow_vertical=&#8220;10px&#8220; box_shadow_blur=&#8220;105px&#8220; box_shadow_spread=&#8220;0px&#8220; box_shadow_color=&#8220;rgba(0,0,0,0.12)&#8220; collapsed=&#8220;off&#8220; global_colors_info=&#8220;{}&#8220; da_is_popup=&#8220;off&#8220; da_exit_intent=&#8220;off&#8220; da_has_close=&#8220;on&#8220; da_alt_close=&#8220;off&#8220; da_dark_close=&#8220;off&#8220; da_not_modal=&#8220;on&#8220; da_is_singular=&#8220;off&#8220; da_with_loader=&#8220;off&#8220; da_has_shadow=&#8220;on&#8220;][et_pb_row module_id=&#8220;anlagenm&#8220; _builder_version=&#8220;4.17.4&#8243; _module_preset=&#8220;default&#8220; custom_padding=&#8220;0px|||||&#8220; global_colors_info=&#8220;{}&#8220;][et_pb_column type=&#8220;4_4&#8243; _builder_version=&#8220;4.17.4&#8243; _module_preset=&#8220;default&#8220; global_colors_info=&#8220;{}&#8220;][et_pb_text module_id=&#8220;automobilkauf&#8220; _builder_version=&#8220;4.19.4&#8243; _module_preset=&#8220;default&#8220; text_font=&#8220;||||||||&#8220; header_font=&#8220;||||||||&#8220; header_2_font=&#8220;Rubik|700|||||||&#8220; header_2_text_color=&#8220;#A7C520&#8243; header_2_font_size=&#8220;42px&#8220; header_2_line_height=&#8220;1.2em&#8220; module_alignment=&#8220;center&#8220; min_height=&#8220;65.4px&#8220; custom_margin=&#8220;|||&#8220; custom_padding=&#8220;|||&#8220; header_2_font_size_tablet=&#8220;&#8220; header_2_font_size_phone=&#8220;36px&#8220; header_2_font_size_last_edited=&#8220;on|phone&#8220; locked=&#8220;off&#8220; global_colors_info=&#8220;{}&#8220;]<\/p>\n<h2 class=\"csc-firstHeader\" style=\"text-align: center;\">Anlagen<br class=\"b-brk\" \/>mechaniker\/-in SHK<\/h2>\n<p>[\/et_pb_text][\/et_pb_column][\/et_pb_row][et_pb_row column_structure=&#8220;1_2,1_2&#8243; _builder_version=&#8220;4.19.4&#8243; _module_preset=&#8220;default&#8220; global_colors_info=&#8220;{}&#8220;][et_pb_column type=&#8220;1_2&#8243; _builder_version=&#8220;4.19.4&#8243; _module_preset=&#8220;default&#8220; global_colors_info=&#8220;{}&#8220;][et_pb_text _builder_version=&#8220;4.19.4&#8243; _module_preset=&#8220;default&#8220; global_colors_info=&#8220;{}&#8220;]<\/p>\n<p><strong>Der Anlagenmechaniker ist ein sehr abwechslungsreicher, vielseitiger, aber auch anspruchsvoller Beruf.<\/strong><\/p>\n<p>Anlagenmechaniker\/innen f\u00fcr Sanit\u00e4r-, Heizungs- und Klimatechnik haben folgende Aufgaben:<\/p>\n<ul>\n<li>Rohrleitungen und Bauteile von geb\u00e4udetechnischen Anlagen montieren<\/li>\n<li>Rohrleitungen und Blechbauteile verschwei\u00dfen, l\u00f6ten, verschrauben und befestigen<\/li>\n<li>Heizungs-, Warmwasser- und Wasseraufbereitungs-, Brennstoffversorgunganlagen aufstellen, anschlie\u00dfen und einstellen<\/li>\n<li>Heizk\u00f6rper installieren, ggf. Fl\u00e4chen- oder Fu\u00dfbodenheizungen verlegen<\/li>\n<li>sanit\u00e4re Einrichtungen montieren, z.B. Waschbecken, Duschen, Toiletten<\/li>\n<li>Solaranlagen, W\u00e4rmepumpen mit zugeh\u00f6rigen Rohrleitungen, Temperaturf\u00fchlern, Steuer- und Regelger\u00e4ten installieren<\/li>\n<li>elektrische Anschl\u00fcsse von Komponenten versorgungstechnischer Anlagen und Systeme herstellen<\/li>\n<li>bei Sanierungsarbeiten Altanlagen demontieren<\/li>\n<li>versorgungstechnische Anlagen und Systeme in Betrieb nehmen, an Kunden \u00fcbergeben und diese in die Bedienung einweisen<\/li>\n<li>versorgungstechnische Anlagen warten und instand setzen<\/li>\n<li>Funktionen pr\u00fcfen, Bauteile kontrollieren, elektrische Anschl\u00fcsse pr\u00fcfen<\/li>\n<li>Anlagen einstellen, Wartungsprotokolle erstellen<\/li>\n<\/ul>\n<p>[\/et_pb_text][\/et_pb_column][et_pb_column type=&#8220;1_2&#8243; _builder_version=&#8220;4.19.4&#8243; _module_preset=&#8220;default&#8220; global_colors_info=&#8220;{}&#8220;][et_pb_text _builder_version=&#8220;4.19.4&#8243; _module_preset=&#8220;default&#8220; custom_padding=&#8220;||0px|||&#8220; global_colors_info=&#8220;{}&#8220;]<\/p>\n<p><strong>Blockplan<\/strong><\/p>\n<p>[\/et_pb_text][et_pb_image src=&#8220;https:\/\/www.bs-hof.de\/wp-content\/uploads\/2023\/02\/Blockplanbutton-1.jpg&#8220; title_text=&#8220;Blockplanbutton&#8220; url=&#8220;https:\/\/www.bs-hof.de\/wp-content\/uploads\/2025\/09\/Blockplan-Metall-II-2025_2026-MSH_n.pdf&#8220; _builder_version=&#8220;4.27.3&#8243; _module_preset=&#8220;default&#8220; width=&#8220;65%&#8220; custom_margin=&#8220;-28px||3px|||&#8220; hover_enabled=&#8220;0&#8243; global_colors_info=&#8220;{}&#8220; sticky_enabled=&#8220;0&#8243;][\/et_pb_image][et_pb_text _builder_version=&#8220;4.27.3&#8243; _module_preset=&#8220;default&#8220; hover_enabled=&#8220;0&#8243; global_colors_info=&#8220;{}&#8220; sticky_enabled=&#8220;0&#8243;]<\/p>\n<p><span>Der\u00a0<\/span><b>Blockplan<span>\u00a0<\/span><\/b><span>kann\u00a0<\/span><a href=\"https:\/\/www.bs-hof.de\/wp-content\/uploads\/2025\/09\/Blockplan-Metall-II-2025_2026-MSH_n.pdf\"><b>hier<span>\u00a0<\/span><\/b><\/a><span>im PDF-Format heruntergeladen werden.<\/span><\/p>\n<p>[\/et_pb_text][\/et_pb_column][\/et_pb_row][\/et_pb_section][et_pb_section fb_built=&#8220;1&#8243; admin_label=&#8220;Fachbereiche&#8220; _builder_version=&#8220;4.19.4&#8243; _module_preset=&#8220;default&#8220; background_color=&#8220;#F5F6F8&#8243; custom_margin=&#8220;8px|||||&#8220; custom_padding=&#8220;||1px|||&#8220; animation_style=&#8220;slide&#8220; animation_direction=&#8220;top&#8220; animation_intensity_slide=&#8220;10%&#8220; da_disable_devices=&#8220;off|off|off&#8220; box_shadow_style=&#8220;preset3&#8243; box_shadow_vertical=&#8220;10px&#8220; box_shadow_blur=&#8220;105px&#8220; box_shadow_spread=&#8220;0px&#8220; box_shadow_color=&#8220;rgba(0,0,0,0.12)&#8220; collapsed=&#8220;off&#8220; global_colors_info=&#8220;{}&#8220; da_is_popup=&#8220;off&#8220; da_exit_intent=&#8220;off&#8220; da_has_close=&#8220;on&#8220; da_alt_close=&#8220;off&#8220; da_dark_close=&#8220;off&#8220; da_not_modal=&#8220;on&#8220; da_is_singular=&#8220;off&#8220; da_with_loader=&#8220;off&#8220; da_has_shadow=&#8220;on&#8220;][et_pb_row module_id=&#8220;konstrm&#8220; _builder_version=&#8220;4.17.4&#8243; _module_preset=&#8220;default&#8220; custom_margin=&#8220;-30px|auto||auto||&#8220; custom_padding=&#8220;66px|||||&#8220; global_colors_info=&#8220;{}&#8220;][et_pb_column type=&#8220;4_4&#8243; _builder_version=&#8220;4.17.4&#8243; _module_preset=&#8220;default&#8220; global_colors_info=&#8220;{}&#8220;][et_pb_text module_id=&#8220;automobilkauf&#8220; _builder_version=&#8220;4.19.4&#8243; _module_preset=&#8220;default&#8220; text_font=&#8220;||||||||&#8220; header_font=&#8220;||||||||&#8220; header_2_font=&#8220;Rubik|700|||||||&#8220; header_2_text_color=&#8220;#A7C520&#8243; header_2_font_size=&#8220;42px&#8220; header_2_line_height=&#8220;1.2em&#8220; module_alignment=&#8220;center&#8220; custom_margin=&#8220;-42px|||||&#8220; custom_padding=&#8220;|||&#8220; header_2_font_size_tablet=&#8220;&#8220; header_2_font_size_phone=&#8220;36px&#8220; header_2_font_size_last_edited=&#8220;on|phone&#8220; locked=&#8220;off&#8220; global_colors_info=&#8220;{}&#8220;]<\/p>\n<h2 class=\"csc-firstHeader\" style=\"text-align: center;\">Konstruktions<br class=\"b-brk\" \/>mechaniker\/-in<\/h2>\n<p>[\/et_pb_text][\/et_pb_column][\/et_pb_row][et_pb_row column_structure=&#8220;1_2,1_2&#8243; _builder_version=&#8220;4.19.4&#8243; _module_preset=&#8220;default&#8220; global_colors_info=&#8220;{}&#8220;][et_pb_column type=&#8220;1_2&#8243; _builder_version=&#8220;4.19.4&#8243; _module_preset=&#8220;default&#8220; global_colors_info=&#8220;{}&#8220;][et_pb_text _builder_version=&#8220;4.19.4&#8243; _module_preset=&#8220;default&#8220; global_colors_info=&#8220;{}&#8220;]<\/p>\n<p class=\"bodytext\"><strong>Das Aufgabenfeld des Konstruktionsmechanikers ist weit gef\u00e4chert.<\/strong><\/p>\n<p class=\"bodytext\">Die Ausbildung beginnt mit dem Erlernen von Grundfertigkeiten. Darunter f\u00e4llt beispielsweise das Biegen von Blechen, das Herstellen von Bohrungen, das F\u00fcgen von Bauteilen mittels Schwei\u00dfen oder L\u00f6ten. Diese Fertigkeiten sind notwendig, um im Folgenden, zur Erstellung unterschiedlichster Stahlkonstruktionen ger\u00fcstet zu sein. Darunter fallen, um nur wenige Beispiele zu nennen:<\/p>\n<ul>\n<li>der Bau von Fassaden<\/li>\n<li>der Bau von Sicherheitst\u00fcren und Toren, inklusive der Montage ben\u00f6tigter Schl\u00f6sser und Antriebe<\/li>\n<li>die Herstellung von Maschinen<\/li>\n<li>die Herstellung von Stahlkonstruktionen, in Form von Geb\u00e4uden, aber auch Treppen und Gel\u00e4ndern.<\/li>\n<\/ul>\n<p class=\"bodytext\">Es handelt sich somit um einen Ausbildungsberuf, der weit gef\u00e4chert ist und den Einsatz in verschiedensten Bereichen erm\u00f6glicht.<\/p>\n<p class=\"bodytext\">Ausbildungsdauer: 3,5 Jahre<\/p>\n<p>[\/et_pb_text][et_pb_text module_id=&#8220;automobilkauf&#8220; _builder_version=&#8220;4.17.4&#8243; _module_preset=&#8220;default&#8220; text_font=&#8220;||||||||&#8220; header_font=&#8220;||||||||&#8220; header_2_font=&#8220;Rubik|700|||||||&#8220; header_2_text_color=&#8220;#A7C520&#8243; header_2_font_size=&#8220;42px&#8220; header_2_line_height=&#8220;1.2em&#8220; module_alignment=&#8220;center&#8220; custom_margin=&#8220;|||&#8220; custom_padding=&#8220;|||&#8220; header_2_font_size_tablet=&#8220;&#8220; header_2_font_size_phone=&#8220;36px&#8220; header_2_font_size_last_edited=&#8220;on|phone&#8220; locked=&#8220;off&#8220; global_colors_info=&#8220;{}&#8220;]<\/p>\n<h2>Zusammenarbeit mit externen Firmen<\/h2>\n<p>[\/et_pb_text][\/et_pb_column][et_pb_column type=&#8220;1_2&#8243; _builder_version=&#8220;4.19.4&#8243; _module_preset=&#8220;default&#8220; global_colors_info=&#8220;{}&#8220;][et_pb_text _builder_version=&#8220;4.19.4&#8243; _module_preset=&#8220;default&#8220; global_colors_info=&#8220;{}&#8220;]<\/p>\n<p><strong>Blockplan<\/strong><\/p>\n<p>[\/et_pb_text][et_pb_image src=&#8220;https:\/\/www.bs-hof.de\/wp-content\/uploads\/2023\/02\/Blockplanbutton-1.jpg&#8220; title_text=&#8220;Blockplanbutton&#8220; url=&#8220;https:\/\/www.bs-hof.de\/wp-content\/uploads\/2025\/07\/Blockplan-Metall-II-2025_2026-MKM-Entwurf.pdf&#8220; _builder_version=&#8220;4.27.3&#8243; _module_preset=&#8220;default&#8220; width=&#8220;65%&#8220; global_colors_info=&#8220;{}&#8220;][\/et_pb_image][et_pb_text _builder_version=&#8220;4.27.3&#8243; _module_preset=&#8220;default&#8220; global_colors_info=&#8220;{}&#8220;]<\/p>\n<ol>\n<li>Der Blockplan kann <a href=\"https:\/\/www.bs-hof.de\/wp-content\/uploads\/2025\/07\/Blockplan-Metall-II-2025_2026-MKM-Entwurf.pdf\">hier<\/a> in PDF-Format heruntergeladen werden.<\/li>\n<\/ol>\n<p>[\/et_pb_text][\/et_pb_column][\/et_pb_row][et_pb_row _builder_version=&#8220;4.19.4&#8243; _module_preset=&#8220;default&#8220; global_colors_info=&#8220;{}&#8220;][et_pb_column type=&#8220;4_4&#8243; _builder_version=&#8220;4.19.4&#8243; _module_preset=&#8220;default&#8220; global_colors_info=&#8220;{}&#8220;][et_pb_text _builder_version=&#8220;4.19.4&#8243; _module_preset=&#8220;default&#8220; global_colors_info=&#8220;{}&#8220;]<\/p>\n<p><strong>Blick \u00fcber den Tellerrand hinaus<\/strong><\/p>\n<p><strong>&#8211; unser Besuch bei der Firma Gealan<\/strong><\/p>\n<p>Das Programm klang schon sehr vielversprechend. Also machte sich die Abschlussklasse der Konstruktionsmechaniker am 12.10. auf den Weg und besuchte die Firma Gealan in Oberkotzau.<\/p>\n<p>Nach der Begr\u00fc\u00dfung durch Herrn Weinhold, f\u00fchrte uns der Ausbildungsleiter Steffen Kemnitzer durch den Werkzeugbau. Die Firma Gealan stellt die Formen f\u00fcr die Extrusion ihrer Profile selbst her. Sie z\u00e4hlt zu den besten Werkzeugbauern im deutschsprachigen Raum. Beim Wettbewerb Excellence in Production steht das Unternehmen im Finale mit der BMW AG aus Landhut und M\u00fcnchen. Wo bei den Konstruktionsmechanikern auf den Millimeter genau gearbeitet werden muss, kommt es hier auf\u00b4s Tausendstel an. Das wurde deutlich, als wir die notwendigen Bohrungen an der Drahterodiermaschine sahen. F\u00fcr einen Gro\u00dfteil der Konstruktionsmechaniker war das eine neue Welt.<\/p>\n<p>Herr Kemnitzer \u00fcbergab uns dann an Herrn Philipp Selge, der im Technikum zu finden war. Hier werden Fenstermodelle f\u00fcr Kunden, Versuche und Messest\u00e4nde gebaut. Er nahm uns beim Bau eines dieser Modelle Schritt f\u00fcr Schritt mit. Die Sch\u00fcler verglichen dabei, welche Abweichungen es zum Bau der ihnen bekannten Fensterprofile gab. Des Weiteren zeigte er uns verschiedene Profile, mit denen sich Gealan am Markt von ihrer Konkurrenz abhebt.<\/p>\n<p>Vor der kurzen Mittagspause ging es zur Stippvisite in den Versuchsraum zu Herrn Norbert Ranzinger. Die Firma Gealan hat einen zugelassenen Pr\u00fcfstand zur Schlagregendichtheit. Zudem verf\u00fcgt sie \u00fcber weitere Anlagen, um beispielsweise Klimatests selbst durchzuf\u00fchren, bevor neue Profile nach Rosenheim zur Hauptpr\u00fcfung geschickt werden.<\/p>\n<p>Nach der Mittagspause fuhr die Klasse nach Tanna, um die Fertigung zu besichtigen. Dort angekommen, wurden wir von Herrn Peter Reuter in Empfang genommen. Dieser zeigte uns das Werk, angefangen bei der Warenannahme. Das Material wird immer erst gepr\u00fcft, bevor es in die Lagersilos eingef\u00fcllt werden darf. Dies ist notwendig, um Verunreinigungen zu vermeiden. Folge w\u00e4re die komplette Leerung und Reinigung eines Silos. Dann ging es in die Fertigungshalle. Dort erkl\u00e4rte er uns den Ablauf der Extrusion, vom Aufschmelzen des Pulvers\/Granulats bis hin zum fertigen Profil. Auch an der Kaschieranlage ging es vorbei, die es erm\u00f6glicht, die Fensterprofile in verschiedenen Designs zu erhalten. Die Bandbreite an unterschiedlichen Dekorfolien wurde uns deutlich, als wir im Lager waren und sahen, wie viele unterschiedliche Farben es gab, auch in Holzoptik. Zwischendurch besuchten wir die Werkstoffpr\u00fcfung, die sicherstellt, dass die Profile qualitativ hochwertig an den Kunden versandt werden. Weiter ging es ins Lager. Das alte Lager mit \u00fcber 1000 Lagerpl\u00e4tzen wurde durch ein vollautomatisches Hochregallager, mit 520 Pl\u00e4tzen erg\u00e4nzt. Dieses soll zum Ende des Jahres 2023 in Betrieb genommen werden.<\/p>\n<p>Nach dieser interessanten F\u00fchrung verabschiedete uns Herr Reuter und wir traten die Heimfahrt an.<\/p>\n<p>R\u00fcckblickend kann man sagen, dass sich der Betriebsbesuch Voll und Ganz gelohnt hat. Jeder der Mitarbeiter verf\u00fcgt \u00fcber eine hohe fachliche Kompetenz und stellten sich gern unseren Fragen. Durch das freundliche Arbeitsklima f\u00fchlten wir uns sehr wohl und es hat Spa\u00df gemacht.<\/p>\n<p>OStRin Annette Ziegler<\/p>\n<p>[\/et_pb_text][et_pb_image src=&#8220;https:\/\/www.bs-hof.de\/wp-content\/uploads\/2024\/04\/Gealan1-min-1-scaled.jpeg&#8220; title_text=&#8220;Gealan1-min&#8220; _builder_version=&#8220;4.19.4&#8243; _module_preset=&#8220;default&#8220; global_colors_info=&#8220;{}&#8220;][\/et_pb_image][\/et_pb_column][\/et_pb_row][\/et_pb_section][et_pb_section fb_built=&#8220;1&#8243; admin_label=&#8220;Fachbereiche&#8220; _builder_version=&#8220;4.19.4&#8243; _module_preset=&#8220;default&#8220; background_color=&#8220;#f5f6d4&#8243; custom_margin=&#8220;17px|||||&#8220; custom_padding=&#8220;|||&#8220; animation_style=&#8220;slide&#8220; animation_direction=&#8220;top&#8220; animation_intensity_slide=&#8220;10%&#8220; da_disable_devices=&#8220;off|off|off&#8220; box_shadow_style=&#8220;preset3&#8243; box_shadow_vertical=&#8220;10px&#8220; box_shadow_blur=&#8220;105px&#8220; box_shadow_spread=&#8220;0px&#8220; box_shadow_color=&#8220;rgba(0,0,0,0.12)&#8220; collapsed=&#8220;off&#8220; global_colors_info=&#8220;{}&#8220; da_is_popup=&#8220;off&#8220; da_exit_intent=&#8220;off&#8220; da_has_close=&#8220;on&#8220; da_alt_close=&#8220;off&#8220; da_dark_close=&#8220;off&#8220; da_not_modal=&#8220;on&#8220; da_is_singular=&#8220;off&#8220; da_with_loader=&#8220;off&#8220; da_has_shadow=&#8220;on&#8220;][et_pb_row module_id=&#8220;systemplaner&#8220; _builder_version=&#8220;4.17.4&#8243; _module_preset=&#8220;default&#8220; custom_margin=&#8220;-34px|auto||auto||&#8220; global_colors_info=&#8220;{}&#8220;][et_pb_column type=&#8220;4_4&#8243; _builder_version=&#8220;4.17.4&#8243; _module_preset=&#8220;default&#8220; global_colors_info=&#8220;{}&#8220;][et_pb_text module_id=&#8220;automobilkauf&#8220; _builder_version=&#8220;4.19.4&#8243; _module_preset=&#8220;default&#8220; text_font=&#8220;||||||||&#8220; header_font=&#8220;||||||||&#8220; header_2_font=&#8220;Rubik|700|||||||&#8220; header_2_text_color=&#8220;#A7C520&#8243; header_2_font_size=&#8220;42px&#8220; header_2_line_height=&#8220;1.2em&#8220; module_alignment=&#8220;center&#8220; min_height=&#8220;99.8px&#8220; custom_margin=&#8220;|||&#8220; custom_padding=&#8220;|||&#8220; header_2_font_size_tablet=&#8220;&#8220; header_2_font_size_phone=&#8220;36px&#8220; header_2_font_size_last_edited=&#8220;on|phone&#8220; locked=&#8220;off&#8220; global_colors_info=&#8220;{}&#8220;]<\/p>\n<h2 class=\"csc-firstHeader\" style=\"text-align: center;\">Technische\/r Systemplaner\/-in <span>Stahl- und Metallbau<\/span><\/h2>\n<p>[\/et_pb_text][\/et_pb_column][\/et_pb_row][et_pb_row column_structure=&#8220;1_2,1_2&#8243; make_equal=&#8220;on&#8220; _builder_version=&#8220;4.17.4&#8243; _module_preset=&#8220;default&#8220; background_color=&#8220;RGBA(255,255,255,0)&#8220; max_width=&#8220;80%&#8220; custom_margin=&#8220;|||&#8220; use_custom_width=&#8220;on&#8220; width_unit=&#8220;off&#8220; global_colors_info=&#8220;{}&#8220;][et_pb_column type=&#8220;1_2&#8243; _builder_version=&#8220;4.16&#8243; _module_preset=&#8220;default&#8220; custom_padding=&#8220;|||&#8220; global_colors_info=&#8220;{}&#8220; custom_padding__hover=&#8220;|||&#8220;][et_pb_text _builder_version=&#8220;4.17.4&#8243; _module_preset=&#8220;default&#8220; global_colors_info=&#8220;{}&#8220;]<\/p>\n<div class=\"csc-header csc-header-n1\">\n<p class=\"bodytext\">Der Technische Systemplaner erstellt Zeichnungen von den unterschiedlichsten Stahl- und Metallbauten. Diese k\u00f6nnen Sicherheitst\u00fcren, Schleusenanlagen, Fassaden oder Stahlhallen sein.\u00a0<\/p>\n<\/div>\n<p>[\/et_pb_text][et_pb_text module_id=&#8220;automobilkauf&#8220; _builder_version=&#8220;4.17.4&#8243; _module_preset=&#8220;default&#8220; text_font=&#8220;||||||||&#8220; header_font=&#8220;||||||||&#8220; header_2_font=&#8220;Rubik|700|||||||&#8220; header_2_text_color=&#8220;#A7C520&#8243; header_2_font_size=&#8220;42px&#8220; header_2_line_height=&#8220;1.2em&#8220; module_alignment=&#8220;center&#8220; custom_margin=&#8220;|||&#8220; custom_padding=&#8220;|||&#8220; header_2_font_size_tablet=&#8220;&#8220; header_2_font_size_phone=&#8220;36px&#8220; header_2_font_size_last_edited=&#8220;on|phone&#8220; locked=&#8220;off&#8220; global_colors_info=&#8220;{}&#8220;]<\/p>\n<h2>Zusammenarbeit mit externen Firmen<\/h2>\n<p>[\/et_pb_text][et_pb_text _builder_version=&#8220;4.17.4&#8243; _module_preset=&#8220;default&#8220; global_colors_info=&#8220;{}&#8220;]<\/p>\n<p class=\"bodytext\">Am 18.03.2014 war Herr Joachim Espenhein \u2013 ein Vertriebsmitarbeiter der Firma Cad Plan \u2013 bei uns im Haus. Unter Einsatz der neusten Version von Athena 2014, welches ein Aufsatz auf AutoCad ist, demonstrierte er den Sch\u00fclern der Klasse XSS12 verschiedene Programmmodule zur Bearbeitung von Blechquerschnitten.<\/p>\n<p class=\"bodytext\">Das Programm Athena wird bei vielen unserer Auszubildenden aus den Klassen XSS (technische Systemplaner) verwendet. Im Metallbau bietet es zum Beispiel die M\u00f6glichkeit Dichtfolien, Bleche, Verglasungen und sonstige F\u00fcllungen, W\u00e4nde usw. relativ einfach zu erzeugen und in AutoCad Zeichnungen einzubinden. Bei uns im Unterricht ist es somit eine sinnvolle Erg\u00e4nzung zum Standard CAD System. Herr Espenhein demonstrierte den Sch\u00fcler neue Anwendungen des Programms, mit denen die Sch\u00fcler in der Schule nicht, oder nur selten in Ber\u00fchrung kommen. W\u00e4hrend des dreist\u00fcndigen Arbeitsvortrags wurde zum Beispiel ein Fensterblechanschluss gestaltet, das Blech moduliert und anschlie\u00dfend mit Biegetabellen, Schnittvorg\u00e4ngen und St\u00fcckliste automatisch generiert.<\/p>\n<p class=\"bodytext\">Nach kurzen Verhandlungen spendierte uns die Firma Cad Plan die neueste Version von Athena sowie eine Erweiterung der Sch\u00fclerlizenzen auf 30 Computer. Ebenso wie bei dem Umstieg vor zwei Jahren von Athena 2006 auf Athena 2013, konnten wir so auch diesmal wieder Lizenzgeb\u00fchren im dreistelligen Bereich einsparen.<\/p>\n<p class=\"bodytext\">An dieser Stelle noch einmal herzlichen Dank an die Firma Cad Plan.<\/p>\n<p class=\"bodytext\">StR Alexander H\u00fcttner<\/p>\n<p>[\/et_pb_text][\/et_pb_column][et_pb_column type=&#8220;1_2&#8243; _builder_version=&#8220;4.16&#8243; _module_preset=&#8220;default&#8220; custom_padding=&#8220;|||&#8220; global_colors_info=&#8220;{}&#8220; custom_padding__hover=&#8220;|||&#8220;][et_pb_text _builder_version=&#8220;4.17.4&#8243; _module_preset=&#8220;default&#8220; global_colors_info=&#8220;{}&#8220;]<\/p>\n<p class=\"bodytext\"><b>Blockplan<\/b><\/p>\n<p>[\/et_pb_text][et_pb_image src=&#8220;https:\/\/www.bs-hof.de\/wp-content\/uploads\/2023\/02\/Blockplanbutton-1.jpg&#8220; title_text=&#8220;Blockplanbutton&#8220; url=&#8220;https:\/\/www.bs-hof.de\/wp-content\/uploads\/2025\/07\/Blockplan-Metall-II-2025_2026-XSS-Entwurf.pdf&#8220; _builder_version=&#8220;4.27.3&#8243; _module_preset=&#8220;default&#8220; width=&#8220;65%&#8220; max_width=&#8220;100%&#8220; global_colors_info=&#8220;{}&#8220;][\/et_pb_image][et_pb_text _builder_version=&#8220;4.27.3&#8243; _module_preset=&#8220;default&#8220; global_colors_info=&#8220;{}&#8220;]<\/p>\n<p class=\"bodytext\"><span>Der\u00a0<\/span><b>Blockplan<span>\u00a0<\/span><\/b><span>kann\u00a0<\/span><b><a href=\"https:\/\/www.bs-hof.de\/wp-content\/uploads\/2025\/07\/Blockplan-Metall-II-2025_2026-XSS-Entwurf.pdf\" target=\"_blank\" rel=\"noopener\">hier<\/a><span>\u00a0<\/span><\/b><span>im pdf-Format heruntergeladen werden.<\/span><\/p>\n<p>[\/et_pb_text][\/et_pb_column][\/et_pb_row][\/et_pb_section][et_pb_section fb_built=&#8220;1&#8243; admin_label=&#8220;Fachbereiche&#8220; _builder_version=&#8220;4.19.4&#8243; _module_preset=&#8220;default&#8220; background_color=&#8220;#F5F6F8&#8243; min_height=&#8220;1276.7px&#8220; custom_padding=&#8220;||4px|||&#8220; animation_style=&#8220;slide&#8220; animation_direction=&#8220;top&#8220; animation_intensity_slide=&#8220;10%&#8220; da_disable_devices=&#8220;off|off|off&#8220; box_shadow_style=&#8220;preset3&#8243; box_shadow_vertical=&#8220;10px&#8220; box_shadow_blur=&#8220;105px&#8220; box_shadow_spread=&#8220;0px&#8220; box_shadow_color=&#8220;rgba(0,0,0,0.12)&#8220; collapsed=&#8220;off&#8220; global_colors_info=&#8220;{}&#8220; da_is_popup=&#8220;off&#8220; da_exit_intent=&#8220;off&#8220; da_has_close=&#8220;on&#8220; da_alt_close=&#8220;off&#8220; da_dark_close=&#8220;off&#8220; da_not_modal=&#8220;on&#8220; da_is_singular=&#8220;off&#8220; da_with_loader=&#8220;off&#8220; da_has_shadow=&#8220;on&#8220;][et_pb_row module_id=&#8220;industriem&#8220; _builder_version=&#8220;4.17.4&#8243; _module_preset=&#8220;default&#8220; custom_margin=&#8220;-40px|auto||auto||&#8220; global_colors_info=&#8220;{}&#8220;][et_pb_column type=&#8220;4_4&#8243; _builder_version=&#8220;4.17.4&#8243; _module_preset=&#8220;default&#8220; global_colors_info=&#8220;{}&#8220;][et_pb_text module_id=&#8220;automobilkauf&#8220; _builder_version=&#8220;4.19.4&#8243; _module_preset=&#8220;default&#8220; text_font=&#8220;||||||||&#8220; header_font=&#8220;||||||||&#8220; header_2_font=&#8220;Rubik|700|||||||&#8220; header_2_text_color=&#8220;#A7C520&#8243; header_2_font_size=&#8220;42px&#8220; header_2_line_height=&#8220;1.2em&#8220; module_alignment=&#8220;center&#8220; custom_margin=&#8220;|||&#8220; custom_padding=&#8220;|||&#8220; header_2_font_size_tablet=&#8220;&#8220; header_2_font_size_phone=&#8220;36px&#8220; header_2_font_size_last_edited=&#8220;on|phone&#8220; locked=&#8220;off&#8220; global_colors_info=&#8220;{}&#8220;]<\/p>\n<h2 class=\"csc-firstHeader\" style=\"text-align: center;\">Industrie<br class=\"b-brk\" \/>mechaniker\/-in<\/h2>\n<p>[\/et_pb_text][\/et_pb_column][\/et_pb_row][et_pb_row column_structure=&#8220;1_2,1_2&#8243; make_equal=&#8220;on&#8220; _builder_version=&#8220;4.27.3&#8243; _module_preset=&#8220;default&#8220; background_color=&#8220;RGBA(255,255,255,0)&#8220; max_width=&#8220;80%&#8220; min_height=&#8220;682.1px&#8220; custom_margin=&#8220;|||&#8220; custom_padding=&#8220;3px|||||&#8220; use_custom_width=&#8220;on&#8220; width_unit=&#8220;off&#8220; global_colors_info=&#8220;{}&#8220;][et_pb_column type=&#8220;1_2&#8243; _builder_version=&#8220;4.16&#8243; _module_preset=&#8220;default&#8220; custom_padding=&#8220;|||&#8220; global_colors_info=&#8220;{}&#8220; custom_padding__hover=&#8220;|||&#8220;][et_pb_text _builder_version=&#8220;4.17.4&#8243; _module_preset=&#8220;default&#8220; global_colors_info=&#8220;{}&#8220;]<\/p>\n<div class=\"csc-header csc-header-n1\">\n<p class=\"bodytext\"><b><i>Industriemechaniker<\/i><\/b><span>\u00a0<\/span>sind in der Herstellung, Instandhaltung und \u00dcberwachung von technischen Systemen eingesetzt. Sie sind t\u00e4tig in der Einrichtung, Umr\u00fcstung und Inbetriebnahme von Produktionsanlagen.<br \/>Typische Einsatzgebiete sind Instandhaltung, Maschinen- und Anlagenbau, Produktionstechnik und Feinger\u00e4tebau.<\/p>\n<p class=\"bodytext\"><i>Industriemechaniker<\/i><\/p>\n<ul>\n<li>planen und organisieren Arbeitsabl\u00e4ufe, kontrollieren und bewerten Arbeitsergebnisse,<\/li>\n<li>pr\u00fcfen mechanische und physikalische Gr\u00f6\u00dfen,<\/li>\n<li>stellen Bauelemente durch manuelle und maschinelle Fertigungsverfahren her,<\/li>\n<li>erstellen und optimieren Programme und bedienen numerisch gesteuerte Maschinen, Ger\u00e4te oder Anlagen,<\/li>\n<li>montieren und demontieren Maschinen, Ger\u00e4te, Vorrichtungen und Anlagen<\/li>\n<li>nehmen Systeme und Anlagen einschlie\u00dflich der Steuerungs- und Regeleinrichtungen in Betrieb und weisen Kunden ein,<\/li>\n<li>f\u00fchren Instandhaltungsarbeiten durch und stellen die Betriebsf\u00e4higkeit technischer Systeme sicher,<\/li>\n<li>erstellen technische Dokumentationen,<\/li>\n<li>wenden Normen und Richtlinien zur Sicherung der Prozess- und Produktqualit\u00e4t an<\/li>\n<li>und tragen im Betrieb zur st\u00e4ndigen Verbesserung von Arbeitsabl\u00e4ufen bei.\u00a0<\/li>\n<\/ul>\n<p class=\"bodytext\">\n<p class=\"bodytext\"><b><i>Ausbildungsdauer<\/i><\/b><\/p>\n<p class=\"bodytext\">Die Ausbildung findet an den Lernorten Betrieb und Berufsschule statt und betr\u00e4gt 3,5 Jahre.<\/p>\n<\/div>\n<p>[\/et_pb_text][\/et_pb_column][et_pb_column type=&#8220;1_2&#8243; _builder_version=&#8220;4.16&#8243; _module_preset=&#8220;default&#8220; custom_padding=&#8220;|||&#8220; global_colors_info=&#8220;{}&#8220; custom_padding__hover=&#8220;|||&#8220;][et_pb_text _builder_version=&#8220;4.27.3&#8243; _module_preset=&#8220;default&#8220; global_colors_info=&#8220;{}&#8220;]<\/p>\n<div id=\"c902\" class=\"csc-default\">\n<div class=\"csc-header csc-header-n2\">\n<p><strong>Unterrichtstage<\/strong><\/p>\n<\/div>\n<p class=\"bodytext\">Die Klassen der Industriemechaniker werden im Einzeltagesunterricht beschult.<\/p>\n<p class=\"bodytext\">Neben dem w\u00f6chentlichen Hauptschultag haben unsere Industriemechaniker noch einen weiteren Schultag, der im 14-t\u00e4gigen Wechsel stattfindet.<\/p>\n<\/div>\n<div id=\"c913\" class=\"csc-default\">\n<div class=\"csc-textpic-text\">\n<p class=\"bodytext\"><a href=\"https:\/\/www.bs-hof.de\/wp-content\/uploads\/2025\/07\/Wechseltage-Metall-II-2025_2026-Entwurf.pdf\" title=\"Leitet Herunterladen der Datei ein\" class=\"download\">Wechselplan<\/a><\/p>\n<\/div>\n<\/div>\n<p>[\/et_pb_text][et_pb_image src=&#8220;https:\/\/www.bs-hof.de\/wp-content\/uploads\/2023\/02\/Blockplanbutton-1.jpg&#8220; title_text=&#8220;Blockplanbutton&#8220; url=&#8220;https:\/\/www.bs-hof.de\/wp-content\/uploads\/2025\/07\/Wechseltage-Metall-II-2025_2026-Entwurf.pdf&#8220; _builder_version=&#8220;4.27.3&#8243; _module_preset=&#8220;default&#8220; width=&#8220;65%&#8220; global_colors_info=&#8220;{}&#8220;][\/et_pb_image][et_pb_text _builder_version=&#8220;4.17.4&#8243; _module_preset=&#8220;default&#8220; global_colors_info=&#8220;{}&#8220;]<\/p>\n<div class=\"csc-header csc-header-n5\">\n<p><strong>Termine &amp; Aktuelles<\/strong><\/p>\n<\/div>\n<div class=\"csc-textpic-text\">\n<p class=\"bodytext\">Sofern noch nicht geschehen, geben Sie am Anfang des Schuljahres alle noch fehlenden Unterlagen (Zeugnisse, Ausbildungsvertr\u00e4ge, &#8230;) beim Klassenleiter ab.<\/p>\n<\/div>\n<p>[\/et_pb_text][\/et_pb_column][\/et_pb_row][et_pb_row _builder_version=&#8220;4.19.4&#8243; _module_preset=&#8220;default&#8220; global_colors_info=&#8220;{}&#8220;][et_pb_column type=&#8220;4_4&#8243; _builder_version=&#8220;4.19.4&#8243; _module_preset=&#8220;default&#8220; global_colors_info=&#8220;{}&#8220;][et_pb_slider _builder_version=&#8220;4.19.4&#8243; _module_preset=&#8220;default&#8220; background_color=&#8220;#F5F6F8&#8243; min_height=&#8220;500px&#8220; min_height_tablet=&#8220;500px&#8220; min_height_phone=&#8220;500px&#8220; db_height=&#8220;migrated&#8220; global_colors_info=&#8220;{}&#8220;][et_pb_slide heading=&#8220;Automatisierung&#8220; image=&#8220;https:\/\/www.bs-hof.de\/wp-content\/uploads\/2023\/02\/02_Automatisierung_3d.png&#8220; _builder_version=&#8220;4.19.4&#8243; _module_preset=&#8220;default&#8220; text_orientation=&#8220;center&#8220; background_layout=&#8220;light&#8220; global_colors_info=&#8220;{}&#8220; sticky_transition=&#8220;on&#8220;][\/et_pb_slide][et_pb_slide heading=&#8220;Instandhaltung&#8220; image=&#8220;https:\/\/www.bs-hof.de\/wp-content\/uploads\/2023\/02\/02_Automatisierung_3e.png&#8220; _builder_version=&#8220;4.19.4&#8243; _module_preset=&#8220;default&#8220; text_orientation=&#8220;center&#8220; background_layout=&#8220;light&#8220; global_colors_info=&#8220;{}&#8220; sticky_transition=&#8220;on&#8220;][\/et_pb_slide][et_pb_slide heading=&#8220;Fertigungstechnik&#8220; image=&#8220;https:\/\/www.bs-hof.de\/wp-content\/uploads\/2023\/02\/02_Automatisierung_3c.png&#8220; _builder_version=&#8220;4.19.4&#8243; _module_preset=&#8220;default&#8220; text_orientation=&#8220;center&#8220; background_layout=&#8220;light&#8220; global_colors_info=&#8220;{}&#8220; sticky_transition=&#8220;on&#8220;][\/et_pb_slide][\/et_pb_slider][\/et_pb_column][\/et_pb_row][\/et_pb_section][et_pb_section fb_built=&#8220;1&#8243; _builder_version=&#8220;4.19.4&#8243; _module_preset=&#8220;default&#8220; background_color=&#8220;#f5f5d4&#8243; min_height=&#8220;517.4px&#8220; custom_padding=&#8220;39px|||||&#8220; da_disable_devices=&#8220;off|off|off&#8220; global_colors_info=&#8220;{}&#8220; da_is_popup=&#8220;off&#8220; da_exit_intent=&#8220;off&#8220; da_has_close=&#8220;on&#8220; da_alt_close=&#8220;off&#8220; da_dark_close=&#8220;off&#8220; da_not_modal=&#8220;on&#8220; da_is_singular=&#8220;off&#8220; da_with_loader=&#8220;off&#8220; da_has_shadow=&#8220;on&#8220;][et_pb_row module_id=&#8220;lehr&#8220; _builder_version=&#8220;4.17.4&#8243; _module_preset=&#8220;default&#8220; custom_margin=&#8220;-43px|auto||auto||&#8220; global_colors_info=&#8220;{}&#8220;][et_pb_column type=&#8220;4_4&#8243; _builder_version=&#8220;4.17.4&#8243; _module_preset=&#8220;default&#8220; global_colors_info=&#8220;{}&#8220;][et_pb_text module_id=&#8220;auto_lehr&#8220; _builder_version=&#8220;4.19.4&#8243; _module_preset=&#8220;default&#8220; text_font=&#8220;||||||||&#8220; header_font=&#8220;||||||||&#8220; header_2_font=&#8220;Rubik|700|||||||&#8220; header_2_text_color=&#8220;#A7C520&#8243; header_2_font_size=&#8220;42px&#8220; header_2_line_height=&#8220;1.2em&#8220; module_alignment=&#8220;center&#8220; custom_margin=&#8220;|||&#8220; custom_padding=&#8220;24px|||||&#8220; header_2_font_size_tablet=&#8220;&#8220; header_2_font_size_phone=&#8220;36px&#8220; header_2_font_size_last_edited=&#8220;on|phone&#8220; locked=&#8220;off&#8220; global_colors_info=&#8220;{}&#8220;]<\/p>\n<div class=\"csc-header csc-header-n1\">\n<h2 class=\"csc-firstHeader\" style=\"text-align: center;\">Abteilungsleiter und Lehrkr\u00e4fte<\/h2>\n<\/div>\n<div class=\"csc-textpic-text\"><\/div>\n<p>[\/et_pb_text][et_pb_text _builder_version=&#8220;4.19.4&#8243; _module_preset=&#8220;default&#8220; text_orientation=&#8220;center&#8220; width=&#8220;93%&#8220; custom_padding=&#8220;||4px||false|false&#8220; global_colors_info=&#8220;{}&#8220;]<\/p>\n<table border=\"1\" style=\"height: 30px; width: 95.8027%; border-collapse: collapse;\">\n<tbody>\n<tr style=\"height: 10px;\">\n<td style=\"width: 33.3333%; height: 10px; text-align: left;\"><strong>Abteilungsleiter<\/strong><\/td>\n<td style=\"width: 33.3333%; height: 10px; text-align: left;\"><strong>Lehrkr\u00e4fte<\/strong><\/td>\n<td style=\"width: 33.3333%; height: 10px; text-align: left;\"><strong>Referendare<\/strong><\/td>\n<\/tr>\n<tr style=\"height: 10px;\">\n<td style=\"width: 33.3333%; height: 10px; text-align: left;\">Gelbrich, Volker<\/td>\n<td style=\"width: 33.3333%; height: 10px; text-align: left;\">\n<p>Friedrich, Tobias<\/p>\n<\/td>\n<td style=\"width: 33.3333%; height: 10px;\">Moritz R\u00f6del<\/td>\n<\/tr>\n<tr style=\"height: 10px;\">\n<td style=\"width: 33.3333%; height: 10px; text-align: left;\"><\/td>\n<td style=\"width: 33.3333%; height: 10px; text-align: left;\">\n<p>Gemsj\u00e4ger, Franz<\/p>\n<p>H\u00fcttner, Alexander<\/p>\n<p>K\u00f6hler, Sven<\/p>\n<p>Rupprecht, Hermann<\/p>\n<p>Zettl, Dominik<\/p>\n<p>Ziegler, Annette<\/p>\n<\/td>\n<td style=\"width: 33.3333%; height: 10px; text-align: left;\"><\/td>\n<\/tr>\n<\/tbody>\n<\/table>\n<p>[\/et_pb_text][\/et_pb_column][\/et_pb_row][\/et_pb_section][et_pb_section fb_built=&#8220;1&#8243; _builder_version=&#8220;4.27.3&#8243; _module_preset=&#8220;default&#8220; da_disable_devices=&#8220;off|off|off&#8220; global_colors_info=&#8220;{}&#8220; da_is_popup=&#8220;off&#8220; da_exit_intent=&#8220;off&#8220; da_has_close=&#8220;on&#8220; da_alt_close=&#8220;off&#8220; da_dark_close=&#8220;off&#8220; da_not_modal=&#8220;on&#8220; da_is_singular=&#8220;off&#8220; da_with_loader=&#8220;off&#8220; da_has_shadow=&#8220;on&#8220;][et_pb_row _builder_version=&#8220;4.27.3&#8243; _module_preset=&#8220;default&#8220; global_colors_info=&#8220;{}&#8220;][et_pb_column type=&#8220;4_4&#8243; _builder_version=&#8220;4.27.3&#8243; _module_preset=&#8220;default&#8220; global_colors_info=&#8220;{}&#8220;][et_pb_image src=&#8220;<iframe width=%22960%22 height=%22480%22 data-original-width=%225760%22 data-original-height=%222880%22 src=%22https:\/\/www.thinglink.com\/view\/scene\/1981633094435733990%22 type=%22text\/html%22 style=%22border: none;%22 webkitallowfullscreen mozallowfullscreen allowfullscreen scrolling=%22no%22><\/iframe><script async src=%22\/\/cdn.thinglink.me\/jse\/responsive.js%22><\/script>&#8220; _builder_version=&#8220;4.27.3&#8243; _module_preset=&#8220;default&#8220; global_colors_info=&#8220;{}&#8220;][\/et_pb_image][\/et_pb_column][\/et_pb_row][\/et_pb_section]<\/p>\n","protected":false},"excerpt":{"rendered":"<p>Konstruktion, Versorgung und Systemplanung, IndustriemechanikAnlagen-mechaniker \/in SHKKonstruktions-mechanikerTechnische\/r Systemplaner \/in Stahl- u. MetallbauIndustrie-mechanikerAbteilungsleiter und Lehrkr\u00e4fteHerzlich Willkommen in der Metallabteilung Hof!Am Standort Hof arbeiten insgesamt acht Lehrkr\u00e4fte im Metallbereich der Berufsschule. Diese sind in den vier Ausbildungsberufen: Anlagenmechaniker\/-in SHK Konstruktionsmechaniker\/-in Stahl-\/Metallbau Technische(r) Systemplaner\/-in Stahl-\/Metallbau Industriemechaniker eingesetzt.MetallgrundklasseDie zehnten Klassen werden im Einzeltagesunterricht beschult. Der Haupttag ist der Mittwoch. [&hellip;]<\/p>\n","protected":false},"author":11,"featured_media":0,"parent":642,"menu_order":0,"comment_status":"closed","ping_status":"closed","template":"","meta":{"_et_pb_use_builder":"on","_et_pb_old_content":"","_et_gb_content_width":"","inline_featured_image":false,"footnotes":""},"class_list":["post-476","page","type-page","status-publish","hentry"],"_links":{"self":[{"href":"https:\/\/www.bs-hof.de\/index.php\/wp-json\/wp\/v2\/pages\/476","targetHints":{"allow":["GET"]}}],"collection":[{"href":"https:\/\/www.bs-hof.de\/index.php\/wp-json\/wp\/v2\/pages"}],"about":[{"href":"https:\/\/www.bs-hof.de\/index.php\/wp-json\/wp\/v2\/types\/page"}],"author":[{"embeddable":true,"href":"https:\/\/www.bs-hof.de\/index.php\/wp-json\/wp\/v2\/users\/11"}],"replies":[{"embeddable":true,"href":"https:\/\/www.bs-hof.de\/index.php\/wp-json\/wp\/v2\/comments?post=476"}],"version-history":[{"count":76,"href":"https:\/\/www.bs-hof.de\/index.php\/wp-json\/wp\/v2\/pages\/476\/revisions"}],"predecessor-version":[{"id":3359,"href":"https:\/\/www.bs-hof.de\/index.php\/wp-json\/wp\/v2\/pages\/476\/revisions\/3359"}],"up":[{"embeddable":true,"href":"https:\/\/www.bs-hof.de\/index.php\/wp-json\/wp\/v2\/pages\/642"}],"wp:attachment":[{"href":"https:\/\/www.bs-hof.de\/index.php\/wp-json\/wp\/v2\/media?parent=476"}],"curies":[{"name":"wp","href":"https:\/\/api.w.org\/{rel}","templated":true}]}}