{"id":488,"date":"2022-08-18T02:06:39","date_gmt":"2022-08-18T00:06:39","guid":{"rendered":"https:\/\/www.bs-hof.de\/?page_id=488"},"modified":"2024-08-07T09:47:13","modified_gmt":"2024-08-07T07:47:13","slug":"berufschulpflichtige-ohne-ausbildungsplatz","status":"publish","type":"page","link":"https:\/\/www.bs-hof.de\/index.php\/berufs-und-fachschulen\/berufsschule-fachbereiche\/berufschulpflichtige-ohne-ausbildungsplatz\/","title":{"rendered":"Berufschulpflichtige ohne Ausbildungsplatz"},"content":{"rendered":"<p>[et_pb_section fb_built=&#8220;1&#8243; admin_label=&#8220;Gr\u00fcner Balken&#8220; _builder_version=&#8220;4.17.4&#8243; _module_preset=&#8220;default&#8220; background_color=&#8220;#A7C520&#8243; height=&#8220;3vh&#8220; custom_margin=&#8220;0px|0px|0px|0px|false|false&#8220; custom_padding=&#8220;0px|0px|0px|0px|false|false&#8220; da_disable_devices=&#8220;off|off|off&#8220; collapsed=&#8220;on&#8220; global_colors_info=&#8220;{}&#8220; da_is_popup=&#8220;off&#8220; da_exit_intent=&#8220;off&#8220; da_has_close=&#8220;on&#8220; da_alt_close=&#8220;off&#8220; da_dark_close=&#8220;off&#8220; da_not_modal=&#8220;on&#8220; da_is_singular=&#8220;off&#8220; da_with_loader=&#8220;off&#8220; da_has_shadow=&#8220;on&#8220;][\/et_pb_section][et_pb_section fb_built=&#8220;1&#8243; make_equal=&#8220;on&#8220; specialty=&#8220;on&#8220; admin_label=&#8220;Titel&#8220; _builder_version=&#8220;4.17.4&#8243; _module_preset=&#8220;default&#8220; use_background_color_gradient=&#8220;on&#8220; background_color_gradient_type=&#8220;elliptical&#8220; background_color_gradient_direction_radial=&#8220;bottom right&#8220; background_color_gradient_stops=&#8220;#f5f6f8 10%|#dce8a7 47%|#f5f6d4 72%&#8220; background_color_gradient_overlays_image=&#8220;on&#8220; background_color_gradient_start=&#8220;rgba(40,40,40,0.79)&#8220; background_color_gradient_end=&#8220;rgba(40,40,40,0.86)&#8220; background_enable_image=&#8220;off&#8220; background_enable_pattern_style=&#8220;on&#8220; background_pattern_style=&#8220;crosses&#8220; background_pattern_color=&#8220;rgba(0,0,0,0.05)&#8220; background_pattern_size=&#8220;custom&#8220; background_pattern_width=&#8220;53px&#8220; width=&#8220;100%&#8220; inner_width=&#8220;100%&#8220; inner_max_width=&#8220;80vw&#8220; custom_margin=&#8220;||||false&#8220; custom_padding=&#8220;1vw||1vw||true|false&#8220; da_disable_devices=&#8220;off|off|off&#8220; collapsed=&#8220;on&#8220; global_colors_info=&#8220;{}&#8220; da_is_popup=&#8220;off&#8220; da_exit_intent=&#8220;off&#8220; da_has_close=&#8220;on&#8220; da_alt_close=&#8220;off&#8220; da_dark_close=&#8220;off&#8220; da_not_modal=&#8220;on&#8220; da_is_singular=&#8220;off&#8220; da_with_loader=&#8220;off&#8220; da_has_shadow=&#8220;on&#8220;][et_pb_column type=&#8220;2_3&#8243; specialty_columns=&#8220;2&#8243; _builder_version=&#8220;4.16&#8243; custom_padding=&#8220;|||&#8220; global_colors_info=&#8220;{}&#8220; custom_padding__hover=&#8220;|||&#8220;][et_pb_row_inner _builder_version=&#8220;4.17.4&#8243; _module_preset=&#8220;default&#8220; width=&#8220;80%&#8220; global_colors_info=&#8220;{}&#8220;][et_pb_column_inner saved_specialty_column_type=&#8220;2_3&#8243; _builder_version=&#8220;4.17.4&#8243; _module_preset=&#8220;default&#8220; global_colors_info=&#8220;{}&#8220;][et_pb_text _builder_version=&#8220;4.19.4&#8243; _module_preset=&#8220;default&#8220; header_font=&#8220;|800|||||||&#8220; header_text_color=&#8220;#493F0B&#8220; header_font_size=&#8220;5em&#8220; header_font_size_tablet=&#8220;5em&#8220; header_font_size_phone=&#8220;2.8em&#8220; header_font_size_last_edited=&#8220;on|phone&#8220; global_colors_info=&#8220;{}&#8220;]<\/p>\n<h1 class=\"csc-firstHeader\">Berufsvorbereitung<\/h1>\n<p>[\/et_pb_text][\/et_pb_column_inner][\/et_pb_row_inner][\/et_pb_column][et_pb_column type=&#8220;1_3&#8243; _builder_version=&#8220;4.16&#8243; custom_padding=&#8220;|||&#8220; global_colors_info=&#8220;{}&#8220; custom_padding__hover=&#8220;|||&#8220;][\/et_pb_column][\/et_pb_section][et_pb_section fb_built=&#8220;1&#8243; _builder_version=&#8220;4.17.4&#8243; _module_preset=&#8220;default&#8220; background_color=&#8220;#F5F6F8&#8243; position_origin_f=&#8220;top_center&#8220; z_index=&#8220;500&#8243; custom_padding=&#8220;0px||0px||false|false&#8220; sticky_position=&#8220;top&#8220; custom_css_main_element=&#8220;position: sticky;||top: 30px;&#8220; da_disable_devices=&#8220;off|off|off&#8220; global_colors_info=&#8220;{}&#8220; da_is_popup=&#8220;off&#8220; da_exit_intent=&#8220;off&#8220; da_has_close=&#8220;on&#8220; da_alt_close=&#8220;off&#8220; da_dark_close=&#8220;off&#8220; da_not_modal=&#8220;on&#8220; da_is_singular=&#8220;off&#8220; da_with_loader=&#8220;off&#8220; da_has_shadow=&#8220;on&#8220;][et_pb_row column_structure=&#8220;1_3,1_3,1_3&#8243; _builder_version=&#8220;4.17.4&#8243; _module_preset=&#8220;default&#8220; global_colors_info=&#8220;{}&#8220;][et_pb_column type=&#8220;1_3&#8243; _builder_version=&#8220;4.17.4&#8243; _module_preset=&#8220;default&#8220; global_colors_info=&#8220;{}&#8220;][et_pb_text _builder_version=&#8220;4.17.4&#8243; _module_preset=&#8220;default&#8220; global_colors_info=&#8220;{}&#8220;]<\/p>\n<p class=\"csc-firstHeader\" style=\"text-align: center;\"><a href=\"#jugendliche\"><strong>Jugendliche ohne Ausbildungsplatz<\/strong><\/a><\/p>\n<p>[\/et_pb_text][\/et_pb_column][et_pb_column type=&#8220;1_3&#8243; _builder_version=&#8220;4.17.4&#8243; _module_preset=&#8220;default&#8220; global_colors_info=&#8220;{}&#8220;][et_pb_text _builder_version=&#8220;4.17.4&#8243; _module_preset=&#8220;default&#8220; global_colors_info=&#8220;{}&#8220;]<\/p>\n<p class=\"csc-firstHeader\" style=\"text-align: center;\"><a href=\"#migranten\"><strong>Fl\u00fcchtlinge und Migranten mit Sprachf\u00f6rderbedarf<\/strong><\/a><\/p>\n<p>[\/et_pb_text][\/et_pb_column][et_pb_column type=&#8220;1_3&#8243; _builder_version=&#8220;4.17.4&#8243; _module_preset=&#8220;default&#8220; global_colors_info=&#8220;{}&#8220;][et_pb_text _builder_version=&#8220;4.19.4&#8243; _module_preset=&#8220;default&#8220; global_colors_info=&#8220;{}&#8220;]<\/p>\n<p style=\"text-align: center;\"><a href=\"#lehr\"><b>Abteilungsleiter<\/b><\/a><\/p>\n<p>[\/et_pb_text][\/et_pb_column][\/et_pb_row][\/et_pb_section][et_pb_section fb_built=&#8220;1&#8243; admin_label=&#8220;Fachbereiche&#8220; _builder_version=&#8220;4.17.4&#8243; _module_preset=&#8220;default&#8220; background_color=&#8220;#F5F6D4&#8243; custom_padding=&#8220;|||&#8220; animation_style=&#8220;slide&#8220; animation_direction=&#8220;top&#8220; animation_intensity_slide=&#8220;10%&#8220; da_disable_devices=&#8220;off|off|off&#8220; box_shadow_style=&#8220;preset3&#8243; box_shadow_vertical=&#8220;10px&#8220; box_shadow_blur=&#8220;105px&#8220; box_shadow_spread=&#8220;0px&#8220; box_shadow_color=&#8220;rgba(0,0,0,0.12)&#8220; collapsed=&#8220;on&#8220; global_colors_info=&#8220;{}&#8220; da_is_popup=&#8220;off&#8220; da_exit_intent=&#8220;off&#8220; da_has_close=&#8220;on&#8220; da_alt_close=&#8220;off&#8220; da_dark_close=&#8220;off&#8220; da_not_modal=&#8220;on&#8220; da_is_singular=&#8220;off&#8220; da_with_loader=&#8220;off&#8220; da_has_shadow=&#8220;on&#8220;][et_pb_row make_equal=&#8220;on&#8220; _builder_version=&#8220;4.19.4&#8243; _module_preset=&#8220;default&#8220; background_color=&#8220;RGBA(255,255,255,0)&#8220; max_width=&#8220;80%&#8220; custom_margin=&#8220;|||&#8220; use_custom_width=&#8220;on&#8220; width_unit=&#8220;off&#8220; global_colors_info=&#8220;{}&#8220;][et_pb_column type=&#8220;4_4&#8243; _builder_version=&#8220;4.16&#8243; _module_preset=&#8220;default&#8220; custom_padding=&#8220;|||&#8220; global_colors_info=&#8220;{}&#8220; custom_padding__hover=&#8220;|||&#8220;][et_pb_text module_id=&#8220;jugendliche&#8220; _builder_version=&#8220;4.17.4&#8243; _module_preset=&#8220;default&#8220; text_font=&#8220;||||||||&#8220; header_font=&#8220;||||||||&#8220; header_2_font=&#8220;Rubik|700|||||||&#8220; header_2_text_color=&#8220;#A7C520&#8243; header_2_font_size=&#8220;42px&#8220; header_2_line_height=&#8220;1.2em&#8220; module_alignment=&#8220;center&#8220; custom_margin=&#8220;|||&#8220; custom_padding=&#8220;|||&#8220; header_2_font_size_tablet=&#8220;&#8220; header_2_font_size_phone=&#8220;36px&#8220; header_2_font_size_last_edited=&#8220;on|phone&#8220; locked=&#8220;off&#8220; global_colors_info=&#8220;{}&#8220;]<\/p>\n<div class=\"csc-header csc-header-n1\">\n<div class=\"csc-header csc-header-n1\">\n<h2 class=\"csc-firstHeader\">Jugendliche ohne Ausbildungsplatz<\/h2>\n<\/div>\n<div class=\"csc-textpic-text\"><\/div>\n<\/div>\n<div class=\"csc-textpic-text\"><\/div>\n<p>[\/et_pb_text][\/et_pb_column][\/et_pb_row][et_pb_row column_structure=&#8220;1_2,1_2&#8243; make_equal=&#8220;on&#8220; _builder_version=&#8220;4.17.4&#8243; _module_preset=&#8220;default&#8220; background_color=&#8220;RGBA(255,255,255,0)&#8220; max_width=&#8220;80%&#8220; custom_margin=&#8220;|||&#8220; use_custom_width=&#8220;on&#8220; width_unit=&#8220;off&#8220; global_colors_info=&#8220;{}&#8220;][et_pb_column type=&#8220;1_2&#8243; _builder_version=&#8220;4.16&#8243; _module_preset=&#8220;default&#8220; custom_padding=&#8220;|||&#8220; global_colors_info=&#8220;{}&#8220; custom_padding__hover=&#8220;|||&#8220;][et_pb_text _builder_version=&#8220;4.17.4&#8243; _module_preset=&#8220;default&#8220; width=&#8220;99.7%&#8220; min_height=&#8220;77.6px&#8220; custom_padding=&#8220;|35px||||&#8220; global_colors_info=&#8220;{}&#8220;]<\/p>\n<p class=\"bodytext\"><b>Abteilungsleiter<\/b>\u00a0\u00a0\u00a0\u00a0\u00a0\u00a0\u00a0 \u00a0 \u00a0 \u00a0 \u00a0 \u00a0 \u00a0 \u00a0 \u00a0 N. N<\/p>\n<p class=\"bodytext\">\n<p class=\"bodytext\">\n<p class=\"bodytext\"><b>Berufsvorbereitungsjahr kooperativ<\/b><\/p>\n<p class=\"bodytext\">\n<p class=\"bodytext\"><b><span>Wer nimmt am Berufsvorbereitungsjahr &#8211; kooperativ teil?<\/span><\/b><\/p>\n<p class=\"bodytext\"><span>Das Berufsvorbereitungsjahr &#8211; kooperativ ist das Regelangebot f\u00fcr Berufsschulpflichtige ohne Ausbildungsplatz an den staatlichen beruflichen Schulen in Bayern. Die Zusammenarbeit mit der Berufsberatung der Arbeitsagentur ist eng. Zielsetzung ist die Vertiefung der beruflichen Orientierung durch Praxisunterricht, Werkstatttage und Praktikum sowie die Vermittlung allgemeinbildender und berufsbezogener Kompetenzen. Idealerweise m\u00fcnden die Sch\u00fclerinnen und Sch\u00fcler am Ende des Vollzeitjahres in eine berufliche Ausbildung.<\/span><\/p>\n<p>[\/et_pb_text][\/et_pb_column][et_pb_column type=&#8220;1_2&#8243; _builder_version=&#8220;4.16&#8243; _module_preset=&#8220;default&#8220; custom_padding=&#8220;|||&#8220; global_colors_info=&#8220;{}&#8220; custom_padding__hover=&#8220;|||&#8220;][et_pb_text disabled_on=&#8220;on|on|on&#8220; _builder_version=&#8220;4.17.4&#8243; _module_preset=&#8220;default&#8220; disabled=&#8220;on&#8220; global_colors_info=&#8220;{}&#8220;]<\/p>\n<p class=\"bodytext\"><b>Neustart (ESF-Projek<\/b><b>t)<\/b><\/p>\n<p class=\"bodytext\">\n<p class=\"bodytext\"><b><span>Wer nimmt an &#8222;Neustart&#8220; teil?<\/span><\/b><\/p>\n<p class=\"bodytext\"><span>\u201eNeustart\u201c ist eine aus dem Projekt des Europ\u00e4ischen Sozialfonds (ESF) gef\u00f6rderte Vollzeitklasse zur Erf\u00fcllung der Berufsschulpflicht.<\/span><\/p>\n<p class=\"bodytext\"><span>Das Bildungs- und Ausbildungspotential benachteiligter Jugendlicher und junger Erwachsener, die ohne besondere Unterst\u00fctzung mit hoher Wahrscheinlichkeit keinen oder einen unter ihren M\u00f6glichkeiten liegenden Schulabschluss bzw. Ausbildungsabschluss erreichen w\u00fcrden, soll damit erschlossen werden.<\/span><\/p>\n<p class=\"bodytext\"><span>Das Angebot richtet sich nicht an Sch\u00fcler mit sonderp\u00e4dagogischem F\u00f6rderbedarf. Die Auswahl der Projektteilnehmer erfolgt in enger Absprache mit den zuvor besuchten Schulen, der Berufsberatung und der F\u00f6rderberufsschule.<\/span><\/p>\n<p class=\"bodytext\"><span>Die aufsuchende Jugendsozialarbeit und der hohe Betreuungsschl\u00fcssel pro Teilnehmer sind dabei wesentliche Bestandteile des Projekts.<\/span><\/p>\n<p class=\"bodytext\"><b><span>Was sagen die Sch\u00fcler?<\/span><\/b><\/p>\n<p class=\"bodytext\"><span>Neustart bedeutet f\u00fcr mich:\u00a0<\/span><\/p>\n<ul>\n<li class=\"bodytext\"><span>\u201eeine neue Chance\u201c (Levi),<\/span><\/li>\n<li class=\"bodytext\"><span>\u201edass ich meinen Schulabschluss verbessern kann\u201c (Tim),<\/span><\/li>\n<li class=\"bodytext\"><span>\u201eneue Perspektiven, neue Menschen, mehr M\u00f6glichkeiten durch neues Wissen und ein Sprungbrett ins Berufsleben\u201c (Nele)\u00a0<\/span><\/li>\n<\/ul>\n<p class=\"bodytext\"><span><i>(Namen ge\u00e4ndert)<\/i><\/span><\/p>\n<p>[\/et_pb_text][et_pb_image src=&#8220;https:\/\/www.bs-hof.de\/wp-content\/uploads\/2023\/01\/ESF_Logo_4c_02.jpg&#8220; title_text=&#8220;Druck&#8220; disabled_on=&#8220;on|on|on&#8220; _builder_version=&#8220;4.19.4&#8243; _module_preset=&#8220;default&#8220; width=&#8220;61.3%&#8220; custom_margin=&#8220;|262px||||&#8220; disabled=&#8220;on&#8220; global_colors_info=&#8220;{}&#8220;][\/et_pb_image][et_pb_image src=&#8220;https:\/\/www.bs-hof.de\/wp-content\/uploads\/2023\/01\/StMAS-WBM-2018_2zre_rgb-1024&#215;165-1.jpg&#8220; title_text=&#8220;StMAS-WBM-2018_2zre_rgb-1024&#215;165&#8243; url=&#8220;https:\/\/www.stmas.bayern.de\/esf\/index.php&#8220; url_new_window=&#8220;on&#8220; disabled_on=&#8220;on|on|on&#8220; _builder_version=&#8220;4.19.4&#8243; _module_preset=&#8220;default&#8220; custom_margin=&#8220;|240px||||&#8220; disabled=&#8220;on&#8220; global_colors_info=&#8220;{}&#8220;][\/et_pb_image][\/et_pb_column][\/et_pb_row][et_pb_row _builder_version=&#8220;4.19.4&#8243; _module_preset=&#8220;default&#8220; global_colors_info=&#8220;{}&#8220;][et_pb_column type=&#8220;4_4&#8243; _builder_version=&#8220;4.19.4&#8243; _module_preset=&#8220;default&#8220; global_colors_info=&#8220;{}&#8220;][\/et_pb_column][\/et_pb_row][\/et_pb_section][et_pb_section fb_built=&#8220;1&#8243; _builder_version=&#8220;4.19.4&#8243; _module_preset=&#8220;default&#8220; da_disable_devices=&#8220;off|off|off&#8220; global_colors_info=&#8220;{}&#8220; da_is_popup=&#8220;off&#8220; da_exit_intent=&#8220;off&#8220; da_has_close=&#8220;on&#8220; da_alt_close=&#8220;off&#8220; da_dark_close=&#8220;off&#8220; da_not_modal=&#8220;on&#8220; da_is_singular=&#8220;off&#8220; da_with_loader=&#8220;off&#8220; da_has_shadow=&#8220;on&#8220;][\/et_pb_section][et_pb_section fb_built=&#8220;1&#8243; admin_label=&#8220;Fachbereiche&#8220; _builder_version=&#8220;4.16&#8243; _module_preset=&#8220;default&#8220; custom_margin=&#8220;118px|||||&#8220; custom_padding=&#8220;|||&#8220; animation_style=&#8220;slide&#8220; animation_direction=&#8220;top&#8220; animation_intensity_slide=&#8220;10%&#8220; da_disable_devices=&#8220;off|off|off&#8220; box_shadow_style=&#8220;preset3&#8243; box_shadow_vertical=&#8220;10px&#8220; box_shadow_blur=&#8220;105px&#8220; box_shadow_spread=&#8220;0px&#8220; box_shadow_color=&#8220;rgba(0,0,0,0.12)&#8220; collapsed=&#8220;on&#8220; global_colors_info=&#8220;{}&#8220; da_is_popup=&#8220;off&#8220; da_exit_intent=&#8220;off&#8220; da_has_close=&#8220;on&#8220; da_alt_close=&#8220;off&#8220; da_dark_close=&#8220;off&#8220; da_not_modal=&#8220;on&#8220; da_is_singular=&#8220;off&#8220; da_with_loader=&#8220;off&#8220; da_has_shadow=&#8220;on&#8220;][et_pb_row make_equal=&#8220;on&#8220; _builder_version=&#8220;4.17.4&#8243; _module_preset=&#8220;default&#8220; background_color=&#8220;#ffffff&#8220; max_width=&#8220;80%&#8220; custom_margin=&#8220;|||&#8220; use_custom_width=&#8220;on&#8220; width_unit=&#8220;off&#8220; global_colors_info=&#8220;{}&#8220;][et_pb_column type=&#8220;4_4&#8243; _builder_version=&#8220;4.16&#8243; _module_preset=&#8220;default&#8220; custom_padding=&#8220;|||&#8220; global_colors_info=&#8220;{}&#8220; custom_padding__hover=&#8220;|||&#8220;][et_pb_text module_id=&#8220;migranten&#8220; _builder_version=&#8220;4.18.0&#8243; _module_preset=&#8220;default&#8220; text_font=&#8220;||||||||&#8220; header_font=&#8220;||||||||&#8220; header_2_font=&#8220;Rubik|700|||||||&#8220; header_2_text_color=&#8220;#A7C520&#8243; header_2_font_size=&#8220;42px&#8220; header_2_line_height=&#8220;1.2em&#8220; module_alignment=&#8220;center&#8220; custom_margin=&#8220;|||&#8220; custom_padding=&#8220;|||&#8220; header_2_font_size_tablet=&#8220;&#8220; header_2_font_size_phone=&#8220;36px&#8220; header_2_font_size_last_edited=&#8220;on|phone&#8220; locked=&#8220;off&#8220; global_colors_info=&#8220;{}&#8220;]<\/p>\n<h2>Fl\u00fcchtlinge und Migranten mit Sprachf\u00f6rder<br class=\"b-brk\" \/>bedarf<\/h2>\n<p>[\/et_pb_text][\/et_pb_column][\/et_pb_row][et_pb_row column_structure=&#8220;1_3,1_3,1_3&#8243; make_equal=&#8220;on&#8220; _builder_version=&#8220;4.17.4&#8243; _module_preset=&#8220;default&#8220; background_color=&#8220;#ffffff&#8220; max_width=&#8220;80%&#8220; custom_margin=&#8220;|||&#8220; use_custom_width=&#8220;on&#8220; width_unit=&#8220;off&#8220; global_colors_info=&#8220;{}&#8220;][et_pb_column type=&#8220;1_3&#8243; _builder_version=&#8220;4.16&#8243; _module_preset=&#8220;default&#8220; custom_padding=&#8220;|||&#8220; global_colors_info=&#8220;{}&#8220; custom_padding__hover=&#8220;|||&#8220;][et_pb_text _builder_version=&#8220;4.17.4&#8243; _module_preset=&#8220;default&#8220; width=&#8220;99.7%&#8220; min_height=&#8220;77.6px&#8220; custom_padding=&#8220;|35px||||&#8220; global_colors_info=&#8220;{}&#8220;]<\/p>\n<div class=\"csc-header csc-header-n1\">\n<h2 class=\"csc-firstHeader\">Wer besucht die Deutschklasse?<\/h2>\n<\/div>\n<p class=\"bodytext\">Das Modell der Berufsintegration wird durch die Deutschklassen an Berufsschulen (JDK-B) erg\u00e4nzt.<\/p>\n<p class=\"bodytext\"><b>Es ist f\u00fcr Berufsschulpflichtige gedacht,<\/b><\/p>\n<p class=\"bodytext\"><span>&#8211;\u00a0\u00a0\u00a0\u00a0\u00a0\u00a0\u00a0\u00a0\u00a0\u00a0\u00a0<\/span><span>die w\u00e4hrend des Schuljahres nicht in regul\u00e4re Berufsintegrationsklassen aufgenommen,<\/span><\/p>\n<p class=\"bodytext\"><span>&#8211;\u00a0\u00a0\u00a0\u00a0\u00a0\u00a0\u00a0\u00a0\u00a0\u00a0\u00a0<\/span><span>die einen Alphabetisierungsbedarf aufweisen oder<\/span><\/p>\n<p class=\"bodytext\"><span>&#8211;\u00a0\u00a0\u00a0\u00a0\u00a0\u00a0\u00a0\u00a0\u00a0\u00a0\u00a0<\/span><span>zum Wohnen in einer AnkER-Einrichtung verpflichtet sind.<\/span><\/p>\n<p class=\"bodytext\">Die<span>\u00a0<\/span><b>Berufsschulpflicht<\/b><span>\u00a0<\/span>beginnt in der Regel drei Monate nach Zuzug aus dem Ausland in dem Schuljahr, in dem das 16. Lebensjahr vollendet wird. Die Aufnahme erfolgt dann bis zum Ende des Schuljahres, in dem das 21. Lebensjahr vollendet wird.<\/p>\n<p class=\"bodytext\"><b>In Ausnahmef\u00e4llen k\u00f6nnen junge Personen bis zum 25. Lebensjahr aufgenommen werden<\/b>, sofern sie<\/p>\n<p class=\"bodytext\"><span>1.\u00a0\u00a0\u00a0\u00a0\u00a0\u00a0\u00a0\u00a0<\/span><span>keinen in Deutschland anerkannten Schulabschluss vorweisen k\u00f6nnen oder<\/span><\/p>\n<p class=\"bodytext\"><span>2.\u00a0\u00a0\u00a0\u00a0\u00a0\u00a0\u00a0\u00a0<\/span><span>noch keinen Schulabschluss in Deutschland erwerben konnten.<\/span><\/p>\n<p class=\"bodytext\">Die JDK-B sind kooperativ angelegt, das bedeutet, dass ein Teil des Unterrichts und die sozialp\u00e4dagogische Betreuung durch einen externen Kooperationspartner \u00fcbernommen werden.<\/p>\n<p class=\"bodytext\">Der gesamte Unterricht folgt dem Ansatz der integrierten Sprachf\u00f6rderung und dem Prinzip der sprachsensiblen Unterrichtsgestaltung, dem Lehrplan f\u00fcr die Berufsintegrations- und Sprachintensivklassen und dem Basislehrplan Deutsch.<\/p>\n<p class=\"bodytext\">Bei der JDK-B handelt es sich um eine Vorbereitungsma\u00dfnahme f\u00fcr die Berufsintegrationsklassen. Auf den Besuch der JDK-B folgt im Rahmen der Erf\u00fcllung der Berufsschulpflicht i. d. R. der Besuch der Berufsintegrationsvorklasse (JBIK-V).<\/p>\n<p class=\"bodytext\">Im Unterricht bilden Deutsch, Mathematik und Wertevermittlung die Kernf\u00e4cher.<\/p>\n<p class=\"bodytext\">Die<span>\u00a0<\/span><b>Ziele dieser Klasse<\/b><span>\u00a0<\/span>sind, dass die Sch\u00fcler*innen mindestens das Sprachniveau A1 erlangen und f\u00fcr den Unterrichtsbetrieb in einer Schule (Sekundarstufe 2) vorbereitet sind.<\/p>\n<p class=\"bodytext\">Am Beruflichen Schulzentrum Hof findet in der JDK-B am Schuljahresende eine Sprachzertifikatspr\u00fcfung (A1) statt.<\/p>\n<p class=\"bodytext\">Bei ausreichenden Leistungen in den F\u00e4chern sowie gen\u00fcgend Verst\u00e4ndnis f\u00fcr die Erfordernisse einer geregelten Unterrichtsteilnahme erfolgt die Versetzung in eine Berufsintegrationsvorklasse.<\/p>\n<p class=\"bodytext\">Die Berufsschulpflicht wird mit dem erfolgreichen Besuch der Deutschklasse nicht erf\u00fcllt.<\/p>\n<p>[\/et_pb_text][\/et_pb_column][et_pb_column type=&#8220;1_3&#8243; _builder_version=&#8220;4.16&#8243; _module_preset=&#8220;default&#8220; custom_padding=&#8220;|||&#8220; global_colors_info=&#8220;{}&#8220; custom_padding__hover=&#8220;|||&#8220;][et_pb_text _builder_version=&#8220;4.17.4&#8243; _module_preset=&#8220;default&#8220; global_colors_info=&#8220;{}&#8220;]<\/p>\n<div class=\"csc-header csc-header-n1\">\n<h2 class=\"csc-firstHeader\">Wer besucht die Berufsintegrationsvorklasse?<\/h2>\n<\/div>\n<div class=\"csc-textpic-text\">\n<p class=\"bodytext\">Das Modell der Berufsintegration richtet sich vorrangig an berufsschulpflichtige<span>\u00a0<\/span><b>junge Menschen mit Flucht- bzw. Migrationshintergrund<\/b>, die einen besonderen Sprachf\u00f6rderbedarf aufweisen.<\/p>\n<p class=\"bodytext\">Es steht jungen Menschen zwischen dem 16. und 21. Lebensjahr offen, die auf Grund mangelnder Kenntnisse der deutschen Sprache dem Unterricht in den regul\u00e4ren Klassen des Berufsvorbereitungsjahres nicht folgen k\u00f6nnen.<\/p>\n<p class=\"bodytext\">Die<span>\u00a0<\/span><b>Berufsschulpflicht<\/b><span>\u00a0<\/span>beginnt i. d. R. drei Monate nach Zuzug aus dem Ausland in dem Schuljahr, in dem das 16. Lebensjahr vollendet wird. Die Aufnahme als Berufsschulpflichtiger bzw. Berufsschulpflichtige erfolgt bei Zuzug aus dem Ausland dann bis zum Ende des Schuljahres, in dem das 21. Lebensjahr vollendet wird.<\/p>\n<p class=\"bodytext\">In von der Schule zu begr\u00fcndenden<span>\u00a0<\/span><b>Ausnahmef\u00e4llen<\/b><span>\u00a0<\/span>k\u00f6nnen junge Personen<span>\u00a0<\/span><b>bis zum 25. Lebensjahr<\/b><span>\u00a0<\/span>aufgenommen werden, sofern sie<\/p>\n<p class=\"bodytext\"><span>1.\u00a0\u00a0\u00a0\u00a0\u00a0\u00a0\u00a0<\/span><span>keinen in Deutschland anerkannten Schulabschluss vorweisen k\u00f6nnen oder<\/span><\/p>\n<p class=\"bodytext\"><span>2.\u00a0\u00a0\u00a0\u00a0\u00a0\u00a0\u00a0<\/span><span>noch keinen Schulabschluss in Deutschland erwerben konnten.<\/span><\/p>\n<p class=\"bodytext\">Die Aufnahme von Berufsschulpflichtigen hat allerdings Vorrang.<\/p>\n<p class=\"bodytext\">Ein Teil des Unterrichts und die sozialp\u00e4dagogische Betreuung werden durch einen externen Kooperationspartner \u00fcbernommen.<\/p>\n<p class=\"bodytext\">\u00dcblicherweise treten die Jugendlichen und jungen Erwachsenen in eine Berufsintegrationsvorklasse (JBIK-V \u2013 1.Jahr im zweij\u00e4hrigen Modell) ein, in der die intensive Sprachf\u00f6rderung, grundlegende allgemeinbildende und berufsorientierende bzw. berufsvorbereitende Inhalte und Lerngebiete zur gesellschaftlichen Integration und Wertevermittlung im Vordergrund stehen.<\/p>\n<p class=\"bodytext\"><b>Der Unterricht zielt darauf ab, dass die Sch\u00fcler*innen am Schuljahresende das Sprachniveau A2 erreichen. Es findet dazu eine Sprachzertifikatspr\u00fcfung A2 statt.<\/b><\/p>\n<p class=\"bodytext\">Zum Ende des Schuljahres erhalten die Sch\u00fcler*innen der Berufsintegrationsvorklasse eine Bescheinigung des Leistungsstandes. Diese Bescheinigung<span>\u00a0<\/span><b>schlie\u00dft<span>\u00a0<\/span><u>nicht<\/u><\/b><span>\u00a0<\/span>die \u201eBerechtigung des erfolgreichen Abschlusses der Mittelschule\u201c mit ein.<\/p>\n<p class=\"bodytext\">Bei ausreichenden Leistungen in den F\u00e4chern sowie gen\u00fcgend Verst\u00e4ndnis f\u00fcr die Erfordernisse einer geregelten Unterrichtsteilnahme erfolgt die Versetzung in eine Berufsintegrationsklasse JBIK.<\/p>\n<p class=\"bodytext\"><b>Die Berufsschulpflicht kann mit dem erfolgreichen Besuch der Berufsintegrationsvorklasse JBIKV erf\u00fcllt sein.<\/b><\/p>\n<\/div>\n<p>[\/et_pb_text][\/et_pb_column][et_pb_column type=&#8220;1_3&#8243; _builder_version=&#8220;4.16&#8243; _module_preset=&#8220;default&#8220; custom_padding=&#8220;|||&#8220; global_colors_info=&#8220;{}&#8220; custom_padding__hover=&#8220;|||&#8220;][et_pb_text _builder_version=&#8220;4.17.4&#8243; _module_preset=&#8220;default&#8220; global_colors_info=&#8220;{}&#8220;]<\/p>\n<div class=\"csc-header csc-header-n1\">\n<h2 class=\"csc-firstHeader\">Wer besucht die Berufsintegrationsklasse?<\/h2>\n<\/div>\n<div class=\"csc-textpic-text\">\n<p class=\"bodytext\">Das Modell der Berufsintegration richtet sich vorrangig an<span>\u00a0<\/span><b>berufsschulpflichtige junge Menschen mit Flucht- bzw. Migrationshintergrund<\/b>, die einen besonderen Sprachf\u00f6rderbedarf aufweisen.<\/p>\n<p class=\"bodytext\">Es steht jungen Menschen zwischen dem 16. und 21. Lebensjahr offen, die auf Grund mangelnder Kenntnisse der deutschen Sprache dem Unterricht in den regul\u00e4ren Klassen des Berufsvorbereitungsjahres nicht folgen k\u00f6nnen.<\/p>\n<p class=\"bodytext\">Die<b><span>\u00a0<\/span>Berufsschulpflicht<\/b><span>\u00a0<\/span>beginnt i. d. R. drei Monate nach Zuzug aus dem Ausland in dem Schuljahr, in dem das 16. Lebensjahr vollendet wird. Die Aufnahme als Berufsschulpflichtiger bzw. Berufsschulpflichtige erfolgt bei Zuzug aus dem Ausland dann bis zum Ende des Schuljahres, in dem das 21. Lebensjahr vollendet wird.<\/p>\n<p class=\"bodytext\">In von der Schule zu begr\u00fcndenden<span>\u00a0<\/span><b>Ausnahmef\u00e4llen<\/b><span>\u00a0<\/span>k\u00f6nnen junge Personen<span>\u00a0<\/span><b>bis zum 25. Lebensjahr<\/b><span>\u00a0<\/span>aufgenommen werden, sofern sie<\/p>\n<p class=\"bodytext\"><span>1.\u00a0\u00a0\u00a0\u00a0\u00a0\u00a0\u00a0<\/span><span>keinen in Deutschland anerkannten Schulabschluss vorweisen k\u00f6nnen oder<\/span><\/p>\n<p class=\"bodytext\"><span>2.\u00a0\u00a0\u00a0\u00a0\u00a0\u00a0\u00a0<\/span><span>noch keinen Schulabschluss in Deutschland erwerben konnten.<\/span><\/p>\n<p class=\"bodytext\">Die Aufnahme von Berufsschulpflichtigen hat allerdings Vorrang.<\/p>\n<p class=\"bodytext\">Ein Teil des Unterrichts und die sozialp\u00e4dagogische Betreuung werden durch einen externen Kooperationspartner \u00fcbernommen.<\/p>\n<p class=\"bodytext\">Jugendliche und junge Erwachsene, die eine Berufsintegrationsvorklasse (JBIK-V) besucht oder anderweitig vergleichbare Deutschkenntnisse erworben haben, besuchen im zweiten Jahr i. d. R. eine kooperative Berufsintegrationsklasse (JBIK).<\/p>\n<p class=\"bodytext\">Neben der Allgemeinbildung, der intensiven sprachlichen F\u00f6rderung, der Integrationsarbeit und der Wertevermittlung widmet sich das zweite Jahr verst\u00e4rkt der Berufsvorbereitung.<\/p>\n<p class=\"bodytext\">Zudem k\u00f6nnen die Jugendlichen im Rahmen des Unterrichts auf allgemeinbildende Abschl\u00fcsse vorbereitet werden (v. a. externe Pr\u00fcfungen zum qualifizierenden Abschluss der Mittelschule).<\/p>\n<p class=\"bodytext\">\n<p class=\"bodytext\"><b>Der Unterricht zielt darauf ab, dass die Sch\u00fcler*innen am Schuljahresende das Sprachniveau B1 erreichen. Es findet dazu eine Sprachzertifikatspr\u00fcfung statt.<\/b><\/p>\n<p class=\"bodytext\"><b>Bei ausreichenden Leistungen<\/b><span>\u00a0<\/span>in den F\u00e4chern sowie gen\u00fcgend Verst\u00e4ndnis f\u00fcr die Erfordernisse einer geregelten Unterrichts- und Praktikumsteilnahme erhalten die Sch\u00fcler*innen die<span>\u00a0<\/span><b>\u201eBerechtigung des erfolgreichen Abschlusses der Mittelschule\u201c.<\/b><\/p>\n<p class=\"bodytext\"><b>Die Berufsschulpflicht ist mit dem erfolgreichen Besuch der Berufsintegrationsklasse JBIK erf\u00fcllt.<\/b><\/p>\n<\/div>\n<p>[\/et_pb_text][\/et_pb_column][\/et_pb_row][et_pb_row column_structure=&#8220;1_2,1_2&#8243; make_equal=&#8220;on&#8220; _builder_version=&#8220;4.17.4&#8243; _module_preset=&#8220;default&#8220; background_color=&#8220;#ffffff&#8220; max_width=&#8220;80%&#8220; custom_margin=&#8220;|||&#8220; use_custom_width=&#8220;on&#8220; width_unit=&#8220;off&#8220; global_colors_info=&#8220;{}&#8220;][et_pb_column type=&#8220;1_2&#8243; _builder_version=&#8220;4.16&#8243; _module_preset=&#8220;default&#8220; custom_padding=&#8220;|||&#8220; global_colors_info=&#8220;{}&#8220; custom_padding__hover=&#8220;|||&#8220;][et_pb_text module_id=&#8220;lehr&#8220; _builder_version=&#8220;4.17.4&#8243; _module_preset=&#8220;default&#8220; text_font=&#8220;||||||||&#8220; header_font=&#8220;||||||||&#8220; header_2_font=&#8220;Rubik|700|||||||&#8220; header_2_text_color=&#8220;#A7C520&#8243; header_2_font_size=&#8220;42px&#8220; header_2_line_height=&#8220;1.2em&#8220; module_alignment=&#8220;center&#8220; custom_margin=&#8220;|||&#8220; custom_padding=&#8220;|||&#8220; header_2_font_size_tablet=&#8220;&#8220; header_2_font_size_phone=&#8220;36px&#8220; header_2_font_size_last_edited=&#8220;on|phone&#8220; locked=&#8220;off&#8220; global_colors_info=&#8220;{}&#8220;]<\/p>\n<div class=\"csc-header csc-header-n1\">\n<div class=\"csc-header csc-header-n1\">\n<div class=\"csc-header csc-header-n1\">\n<h2 class=\"csc-firstHeader\">Abteilungsleiter<\/h2>\n<\/div>\n<div class=\"csc-textpic-text\"><\/div>\n<\/div>\n<div class=\"csc-textpic-text\"><\/div>\n<\/div>\n<div class=\"csc-textpic-text\"><\/div>\n<p>[\/et_pb_text][et_pb_text _builder_version=&#8220;4.19.4&#8243; _module_preset=&#8220;default&#8220; width=&#8220;99.7%&#8220; min_height=&#8220;77.6px&#8220; custom_padding=&#8220;|35px||||&#8220; hover_enabled=&#8220;0&#8243; global_colors_info=&#8220;{}&#8220; sticky_enabled=&#8220;0&#8243;]<\/p>\n<p class=\"bodytext\">StD Michael Forst<\/p>\n<p>[\/et_pb_text][\/et_pb_column][et_pb_column type=&#8220;1_2&#8243; _builder_version=&#8220;4.16&#8243; _module_preset=&#8220;default&#8220; custom_padding=&#8220;|||&#8220; global_colors_info=&#8220;{}&#8220; custom_padding__hover=&#8220;|||&#8220;][\/et_pb_column][\/et_pb_row][\/et_pb_section]<\/p>\n","protected":false},"excerpt":{"rendered":"<p>BerufsvorbereitungJugendliche ohne AusbildungsplatzFl\u00fcchtlinge und Migranten mit Sprachf\u00f6rderbedarfAbteilungsleiter Jugendliche ohne Ausbildungsplatz Abteilungsleiter\u00a0\u00a0\u00a0\u00a0\u00a0\u00a0\u00a0 \u00a0 \u00a0 \u00a0 \u00a0 \u00a0 \u00a0 \u00a0 \u00a0 N. N Berufsvorbereitungsjahr kooperativ Wer nimmt am Berufsvorbereitungsjahr &#8211; kooperativ teil? Das Berufsvorbereitungsjahr &#8211; kooperativ ist das Regelangebot f\u00fcr Berufsschulpflichtige ohne Ausbildungsplatz an den staatlichen beruflichen Schulen in Bayern. Die Zusammenarbeit mit der Berufsberatung der Arbeitsagentur [&hellip;]<\/p>\n","protected":false},"author":9,"featured_media":0,"parent":117,"menu_order":0,"comment_status":"closed","ping_status":"closed","template":"","meta":{"_et_pb_use_builder":"on","_et_pb_old_content":"<!-- wp:divi\/placeholder \/-->","_et_gb_content_width":"","inline_featured_image":false,"footnotes":""},"class_list":["post-488","page","type-page","status-publish","hentry"],"_links":{"self":[{"href":"https:\/\/www.bs-hof.de\/index.php\/wp-json\/wp\/v2\/pages\/488","targetHints":{"allow":["GET"]}}],"collection":[{"href":"https:\/\/www.bs-hof.de\/index.php\/wp-json\/wp\/v2\/pages"}],"about":[{"href":"https:\/\/www.bs-hof.de\/index.php\/wp-json\/wp\/v2\/types\/page"}],"author":[{"embeddable":true,"href":"https:\/\/www.bs-hof.de\/index.php\/wp-json\/wp\/v2\/users\/9"}],"replies":[{"embeddable":true,"href":"https:\/\/www.bs-hof.de\/index.php\/wp-json\/wp\/v2\/comments?post=488"}],"version-history":[{"count":16,"href":"https:\/\/www.bs-hof.de\/index.php\/wp-json\/wp\/v2\/pages\/488\/revisions"}],"predecessor-version":[{"id":2926,"href":"https:\/\/www.bs-hof.de\/index.php\/wp-json\/wp\/v2\/pages\/488\/revisions\/2926"}],"up":[{"embeddable":true,"href":"https:\/\/www.bs-hof.de\/index.php\/wp-json\/wp\/v2\/pages\/117"}],"wp:attachment":[{"href":"https:\/\/www.bs-hof.de\/index.php\/wp-json\/wp\/v2\/media?parent=488"}],"curies":[{"name":"wp","href":"https:\/\/api.w.org\/{rel}","templated":true}]}}