{"id":516,"date":"2022-08-18T02:17:38","date_gmt":"2022-08-18T00:17:38","guid":{"rendered":"https:\/\/www.bs-hof.de\/?page_id=516"},"modified":"2023-01-27T08:24:38","modified_gmt":"2023-01-27T07:24:38","slug":"die-schule","status":"publish","type":"page","link":"https:\/\/www.bs-hof.de\/index.php\/berufsfachschule-fuer-informatik\/die-schule\/","title":{"rendered":"Berufsfachschule f\u00fcr Informatik &#8211; Die Schule"},"content":{"rendered":"<p>[et_pb_section fb_built=&#8220;1&#8243; admin_label=&#8220;Gr\u00fcner Balken&#8220; _builder_version=&#8220;4.17.4&#8243; _module_preset=&#8220;default&#8220; background_color=&#8220;#A7C520&#8243; height=&#8220;3vh&#8220; custom_margin=&#8220;0px|0px|0px|0px|false|false&#8220; custom_padding=&#8220;0px|0px|0px|0px|false|false&#8220; collapsed=&#8220;on&#8220; global_colors_info=&#8220;{}&#8220;][\/et_pb_section][et_pb_section fb_built=&#8220;1&#8243; make_equal=&#8220;on&#8220; specialty=&#8220;on&#8220; admin_label=&#8220;Titel&#8220; _builder_version=&#8220;4.17.4&#8243; _module_preset=&#8220;default&#8220; use_background_color_gradient=&#8220;on&#8220; background_color_gradient_type=&#8220;elliptical&#8220; background_color_gradient_direction_radial=&#8220;bottom right&#8220; background_color_gradient_stops=&#8220;#f5f6f8 10%|#dce8a7 47%|#f5f6d4 72%&#8220; background_color_gradient_overlays_image=&#8220;on&#8220; background_color_gradient_start=&#8220;rgba(40,40,40,0.79)&#8220; background_color_gradient_end=&#8220;rgba(40,40,40,0.86)&#8220; background_enable_image=&#8220;off&#8220; background_enable_pattern_style=&#8220;on&#8220; background_pattern_style=&#8220;crosses&#8220; background_pattern_color=&#8220;rgba(0,0,0,0.05)&#8220; background_pattern_size=&#8220;custom&#8220; background_pattern_width=&#8220;53px&#8220; width=&#8220;100%&#8220; inner_width=&#8220;100%&#8220; inner_max_width=&#8220;80vw&#8220; custom_margin=&#8220;||||false&#8220; custom_padding=&#8220;1vw||1vw||true|false&#8220; collapsed=&#8220;on&#8220; global_colors_info=&#8220;{}&#8220;][et_pb_column type=&#8220;2_3&#8243; specialty_columns=&#8220;2&#8243; _builder_version=&#8220;4.16&#8243; custom_padding=&#8220;|||&#8220; global_colors_info=&#8220;{}&#8220; custom_padding__hover=&#8220;|||&#8220;][et_pb_row_inner _builder_version=&#8220;4.17.4&#8243; _module_preset=&#8220;default&#8220; width=&#8220;80%&#8220; global_colors_info=&#8220;{}&#8220;][et_pb_column_inner saved_specialty_column_type=&#8220;2_3&#8243; _builder_version=&#8220;4.17.4&#8243; _module_preset=&#8220;default&#8220; global_colors_info=&#8220;{}&#8220;][et_pb_text _builder_version=&#8220;4.19.4&#8243; _module_preset=&#8220;default&#8220; header_font=&#8220;|800|||||||&#8220; header_text_color=&#8220;#493F0B&#8220; header_font_size=&#8220;5em&#8220; hover_enabled=&#8220;0&#8243; header_font_size_tablet=&#8220;5em&#8220; header_font_size_phone=&#8220;3em&#8220; header_font_size_last_edited=&#8220;on|phone&#8220; global_colors_info=&#8220;{}&#8220; sticky_enabled=&#8220;0&#8243;]<\/p>\n<h1 class=\"csc-firstHeader\">Berufs<br class=\"b-brk\" \/>fachschule f\u00fcr Informatik<br \/>\u2013 Die Schule<\/h1>\n<p>[\/et_pb_text][\/et_pb_column_inner][\/et_pb_row_inner][\/et_pb_column][et_pb_column type=&#8220;1_3&#8243; _builder_version=&#8220;4.16&#8243; custom_padding=&#8220;|||&#8220; global_colors_info=&#8220;{}&#8220; custom_padding__hover=&#8220;|||&#8220;][\/et_pb_column][\/et_pb_section][et_pb_section fb_built=&#8220;1&#8243; _builder_version=&#8220;4.17.4&#8243; _module_preset=&#8220;default&#8220; background_color=&#8220;#F5F6F8&#8243; position_origin_f=&#8220;top_center&#8220; z_index=&#8220;500&#8243; custom_padding=&#8220;0px||0px||false|false&#8220; sticky_position=&#8220;top&#8220; custom_css_main_element=&#8220;position: sticky;||top: 30px;&#8220; global_colors_info=&#8220;{}&#8220;][et_pb_row column_structure=&#8220;1_3,1_3,1_3&#8243; _builder_version=&#8220;4.17.4&#8243; _module_preset=&#8220;default&#8220; global_colors_info=&#8220;{}&#8220;][et_pb_column type=&#8220;1_3&#8243; _builder_version=&#8220;4.17.4&#8243; _module_preset=&#8220;default&#8220; global_colors_info=&#8220;{}&#8220;][et_pb_text _builder_version=&#8220;4.17.4&#8243; _module_preset=&#8220;default&#8220; global_colors_info=&#8220;{}&#8220;]<\/p>\n<p class=\"csc-firstHeader\" style=\"text-align: center;\"><a href=\"#lehr\"><strong>Abteilungsleiter und Lehrkr\u00e4fte<\/strong><\/a><\/p>\n<p>[\/et_pb_text][\/et_pb_column][et_pb_column type=&#8220;1_3&#8243; _builder_version=&#8220;4.17.4&#8243; _module_preset=&#8220;default&#8220; global_colors_info=&#8220;{}&#8220;][et_pb_text _builder_version=&#8220;4.17.4&#8243; _module_preset=&#8220;default&#8220; global_colors_info=&#8220;{}&#8220;]<\/p>\n<p class=\"csc-firstHeader\" style=\"text-align: center;\"><a href=\"#anmeldung\"><strong>Aufnahme\/Anmeldung<\/strong><\/a><\/p>\n<p>[\/et_pb_text][\/et_pb_column][et_pb_column type=&#8220;1_3&#8243; _builder_version=&#8220;4.17.4&#8243; _module_preset=&#8220;default&#8220; global_colors_info=&#8220;{}&#8220;][et_pb_text _builder_version=&#8220;4.17.4&#8243; _module_preset=&#8220;default&#8220; global_colors_info=&#8220;{}&#8220;]<\/p>\n<p style=\"text-align: center;\"><a href=\"#flyer\"><strong>Flyer <\/strong><\/a><\/p>\n<p>[\/et_pb_text][\/et_pb_column][\/et_pb_row][\/et_pb_section][et_pb_section fb_built=&#8220;1&#8243; admin_label=&#8220;Fachbereiche&#8220; _builder_version=&#8220;4.19.4&#8243; _module_preset=&#8220;default&#8220; background_color=&#8220;RGBA(255,255,255,0)&#8220; custom_padding=&#8220;|||&#8220; animation_style=&#8220;slide&#8220; animation_direction=&#8220;top&#8220; animation_intensity_slide=&#8220;10%&#8220; collapsed=&#8220;on&#8220; global_colors_info=&#8220;{}&#8220;][et_pb_row make_equal=&#8220;on&#8220; module_id=&#8220;informationen&#8220; _builder_version=&#8220;4.17.4&#8243; _module_preset=&#8220;default&#8220; background_color=&#8220;RGBA(255,255,255,0)&#8220; max_width=&#8220;80%&#8220; custom_margin=&#8220;|||&#8220; use_custom_width=&#8220;on&#8220; width_unit=&#8220;off&#8220; global_colors_info=&#8220;{}&#8220;][et_pb_column type=&#8220;4_4&#8243; _builder_version=&#8220;4.16&#8243; _module_preset=&#8220;default&#8220; custom_padding=&#8220;|||&#8220; global_colors_info=&#8220;{}&#8220; custom_padding__hover=&#8220;|||&#8220;][et_pb_text module_id=&#8220;lehr&#8220; _builder_version=&#8220;4.17.4&#8243; _module_preset=&#8220;default&#8220; text_font=&#8220;||||||||&#8220; header_font=&#8220;||||||||&#8220; header_2_font=&#8220;Rubik|700|||||||&#8220; header_2_text_color=&#8220;#A7C520&#8243; header_2_font_size=&#8220;42px&#8220; header_2_line_height=&#8220;1.2em&#8220; module_alignment=&#8220;center&#8220; custom_margin=&#8220;|||&#8220; custom_padding=&#8220;|||&#8220; header_2_font_size_tablet=&#8220;&#8220; header_2_font_size_phone=&#8220;36px&#8220; header_2_font_size_last_edited=&#8220;on|phone&#8220; locked=&#8220;off&#8220; global_colors_info=&#8220;{}&#8220;]<\/p>\n<div class=\"csc-header csc-header-n1\">\n<div class=\"csc-header csc-header-n1\">\n<div class=\"csc-header csc-header-n2\">\n<div class=\"csc-header csc-header-n3\">\n<div class=\"csc-header csc-header-n1\">\n<div id=\"c549\" class=\"csc-default\">\n<div class=\"csc-header csc-header-n1\">\n<h2 class=\"csc-firstHeader\">Abteilungsleiter und Lehrkr\u00e4fte<\/h2>\n<\/div>\n<div class=\"csc-textpic-text\"><\/div>\n<\/div>\n<div id=\"c887\" class=\"csc-default\">\n<div class=\"csc-textpic csc-textpic-intext-right\">\n<div class=\"csc-textpic-imagewrap\"><\/div>\n<\/div>\n<\/div>\n<\/div>\n<div class=\"csc-textpic csc-textpic-intext-right\"><\/div>\n<\/div>\n<div class=\"csc-textpic-text\"><\/div>\n<\/div>\n<div class=\"csc-textpic-text\"><\/div>\n<\/div>\n<div class=\"csc-textpic-text\"><\/div>\n<\/div>\n<div class=\"csc-textpic-text\"><\/div>\n<p>[\/et_pb_text][\/et_pb_column][\/et_pb_row][et_pb_row make_equal=&#8220;on&#8220; _builder_version=&#8220;4.17.4&#8243; _module_preset=&#8220;default&#8220; background_color=&#8220;RGBA(255,255,255,0)&#8220; max_width=&#8220;80%&#8220; custom_margin=&#8220;|||&#8220; use_custom_width=&#8220;on&#8220; width_unit=&#8220;off&#8220; global_colors_info=&#8220;{}&#8220;][et_pb_column type=&#8220;4_4&#8243; _builder_version=&#8220;4.16&#8243; _module_preset=&#8220;default&#8220; custom_padding=&#8220;|||&#8220; global_colors_info=&#8220;{}&#8220; custom_padding__hover=&#8220;|||&#8220;][et_pb_text _builder_version=&#8220;4.17.4&#8243; _module_preset=&#8220;default&#8220; global_colors_info=&#8220;{}&#8220;]<\/p>\n<table class=\"contenttable\">\n<tbody>\n<tr>\n<td rowspan=\"1\">StD Alexander Ott<\/td>\n<td rowspan=\"1\">Metalltechnik, Mathematik<\/td>\n<\/tr>\n<tr>\n<td rowspan=\"1\">Leiter der Berufsfachschule<\/td>\n<td rowspan=\"1\"><\/td>\n<\/tr>\n<tr>\n<td><\/td>\n<td rowspan=\"1\"><\/td>\n<td rowspan=\"1\"><\/td>\n<\/tr>\n<tr height=\"10\"><\/tr>\n<tr>\n<td rowspan=\"1\">OStRin Christina Binder<\/td>\n<td>Ern\u00e4hrungswissenschaften, Politik und Gesellschaft<\/td>\n<\/tr>\n<tr>\n<td rowspan=\"1\">StRin Theresa Degelmann<\/td>\n<td rowspan=\"1\">Wirtschaftswissenschaften, Informatik<\/td>\n<\/tr>\n<tr>\n<td rowspan=\"1\">OStR Andy Dick<\/td>\n<td>Elektrotechnik, Informatik<\/td>\n<\/tr>\n<tr>\n<td rowspan=\"1\">StR Ren\u00e9 Gebelein<\/td>\n<td>Wirtschaftswissenschaften, Informatik<\/td>\n<\/tr>\n<tr>\n<td rowspan=\"1\">OStR Jens Geipel<\/td>\n<td>Elektrotechnik, Informatik<\/td>\n<\/tr>\n<tr>\n<td rowspan=\"1\">StD Volker Gelbrich<\/td>\n<td>Metalltechnik, Informatik<\/td>\n<\/tr>\n<tr>\n<td rowspan=\"1\">StD Alexander H\u00fcttner<\/td>\n<td>Metalltechnik, Informatik<\/td>\n<\/tr>\n<tr>\n<td rowspan=\"1\">FOL Thomas K\u00e4ppel<\/td>\n<td>Elektrotechnik<\/td>\n<\/tr>\n<tr>\n<td rowspan=\"1\">Rel.-P\u00e4d. Wolfgang Herbig<\/td>\n<td>evang. Religionslehre<\/td>\n<\/tr>\n<tr>\n<td rowspan=\"1\">FremdSprPrV Sh\u00fcnessin Washington\u00a0<\/td>\n<td>Englisch<\/td>\n<\/tr>\n<\/tbody>\n<\/table>\n<p>[\/et_pb_text][\/et_pb_column][\/et_pb_row][\/et_pb_section][et_pb_section fb_built=&#8220;1&#8243; admin_label=&#8220;Fachbereiche&#8220; _builder_version=&#8220;4.17.4&#8243; _module_preset=&#8220;default&#8220; background_color=&#8220;#F5F6D4&#8243; custom_padding=&#8220;|||&#8220; animation_style=&#8220;slide&#8220; animation_direction=&#8220;top&#8220; animation_intensity_slide=&#8220;10%&#8220; box_shadow_style=&#8220;preset3&#8243; box_shadow_vertical=&#8220;10px&#8220; box_shadow_blur=&#8220;105px&#8220; box_shadow_spread=&#8220;0px&#8220; box_shadow_color=&#8220;rgba(0,0,0,0.12)&#8220; collapsed=&#8220;on&#8220; global_colors_info=&#8220;{}&#8220;][et_pb_row column_structure=&#8220;1_3,1_3,1_3&#8243; make_equal=&#8220;on&#8220; module_id=&#8220;anmeldung&#8220; _builder_version=&#8220;4.17.4&#8243; _module_preset=&#8220;default&#8220; background_color=&#8220;RGBA(255,255,255,0)&#8220; max_width=&#8220;80%&#8220; custom_margin=&#8220;|||&#8220; use_custom_width=&#8220;on&#8220; width_unit=&#8220;off&#8220; global_colors_info=&#8220;{}&#8220;][et_pb_column type=&#8220;1_3&#8243; _builder_version=&#8220;4.16&#8243; _module_preset=&#8220;default&#8220; custom_padding=&#8220;|||&#8220; global_colors_info=&#8220;{}&#8220; custom_padding__hover=&#8220;|||&#8220;][et_pb_text module_id=&#8220;berufsaussichten&#8220; _builder_version=&#8220;4.19.4&#8243; _module_preset=&#8220;default&#8220; text_font=&#8220;||||||||&#8220; header_font=&#8220;||||||||&#8220; header_2_font=&#8220;Rubik|700|||||||&#8220; header_2_text_color=&#8220;#A7C520&#8243; header_2_font_size=&#8220;42px&#8220; header_2_line_height=&#8220;1.2em&#8220; module_alignment=&#8220;center&#8220; custom_margin=&#8220;|||&#8220; custom_padding=&#8220;|||&#8220; header_2_font_size_tablet=&#8220;&#8220; header_2_font_size_phone=&#8220;32px&#8220; header_2_font_size_last_edited=&#8220;on|phone&#8220; locked=&#8220;off&#8220; global_colors_info=&#8220;{}&#8220;]<\/p>\n<div class=\"csc-header csc-header-n1\">\n<div class=\"csc-header csc-header-n1\">\n<div class=\"csc-header csc-header-n2\">\n<div class=\"csc-header csc-header-n3\">\n<div class=\"csc-header csc-header-n1\">\n<div id=\"c549\" class=\"csc-default\">\n<div class=\"csc-header csc-header-n1\">\n<div class=\"csc-header csc-header-n1\">\n<h2 class=\"csc-firstHeader\">Voraussetzungen f\u00fcr die Aufnahme<\/h2>\n<\/div>\n<div class=\"csc-textpic-text\">\n<div><\/div>\n<\/div>\n<\/div>\n<div class=\"csc-textpic-text\"><\/div>\n<\/div>\n<div id=\"c887\" class=\"csc-default\">\n<div class=\"csc-textpic csc-textpic-intext-right\">\n<div class=\"csc-textpic-imagewrap\"><\/div>\n<\/div>\n<\/div>\n<\/div>\n<div class=\"csc-textpic csc-textpic-intext-right\"><\/div>\n<\/div>\n<div class=\"csc-textpic-text\"><\/div>\n<\/div>\n<div class=\"csc-textpic-text\"><\/div>\n<\/div>\n<div class=\"csc-textpic-text\"><\/div>\n<\/div>\n<div class=\"csc-textpic-text\"><\/div>\n<p>[\/et_pb_text][et_pb_text _builder_version=&#8220;4.17.4&#8243; _module_preset=&#8220;default&#8220; global_colors_info=&#8220;{}&#8220;]<\/p>\n<p><span>F\u00fcr die Aufnahme an der Berufsfachschule ben\u00f6tigen Sie den mittleren Bildungsabschluss, z. B. von der Realschule,<\/span><br \/><span>der Wirtschaftsschule oder dem M-Zug der Mittelschule.<\/span><\/p>\n<p>[\/et_pb_text][\/et_pb_column][et_pb_column type=&#8220;1_3&#8243; _builder_version=&#8220;4.16&#8243; _module_preset=&#8220;default&#8220; custom_padding=&#8220;|||&#8220; global_colors_info=&#8220;{}&#8220; custom_padding__hover=&#8220;|||&#8220;][et_pb_text module_id=&#8220;berufsaussichten&#8220; _builder_version=&#8220;4.17.4&#8243; _module_preset=&#8220;default&#8220; text_font=&#8220;||||||||&#8220; header_font=&#8220;||||||||&#8220; header_2_font=&#8220;Rubik|700|||||||&#8220; header_2_text_color=&#8220;#A7C520&#8243; header_2_font_size=&#8220;42px&#8220; header_2_line_height=&#8220;1.2em&#8220; module_alignment=&#8220;center&#8220; custom_margin=&#8220;|||&#8220; custom_padding=&#8220;|||&#8220; header_2_font_size_tablet=&#8220;&#8220; header_2_font_size_phone=&#8220;36px&#8220; header_2_font_size_last_edited=&#8220;on|phone&#8220; locked=&#8220;off&#8220; global_colors_info=&#8220;{}&#8220;]<\/p>\n<div class=\"csc-header csc-header-n1\">\n<div class=\"csc-header csc-header-n1\">\n<div class=\"csc-header csc-header-n2\">\n<div class=\"csc-header csc-header-n3\">\n<div class=\"csc-header csc-header-n1\">\n<div id=\"c549\" class=\"csc-default\">\n<div class=\"csc-header csc-header-n1\">\n<div class=\"csc-header csc-header-n1\">\n<h2>Anmeldung<\/h2>\n<\/div>\n<div class=\"csc-textpic-text\">\n<div><\/div>\n<\/div>\n<\/div>\n<div class=\"csc-textpic-text\"><\/div>\n<\/div>\n<div id=\"c887\" class=\"csc-default\">\n<div class=\"csc-textpic csc-textpic-intext-right\">\n<div class=\"csc-textpic-imagewrap\"><\/div>\n<\/div>\n<\/div>\n<\/div>\n<div class=\"csc-textpic csc-textpic-intext-right\"><\/div>\n<\/div>\n<div class=\"csc-textpic-text\"><\/div>\n<\/div>\n<div class=\"csc-textpic-text\"><\/div>\n<\/div>\n<div class=\"csc-textpic-text\"><\/div>\n<\/div>\n<div class=\"csc-textpic-text\"><\/div>\n<p>[\/et_pb_text][et_pb_text _builder_version=&#8220;4.19.4&#8243; _module_preset=&#8220;default&#8220; hover_enabled=&#8220;0&#8243; global_colors_info=&#8220;{}&#8220; sticky_enabled=&#8220;0&#8243;]<\/p>\n<p class=\"bodytext\">Klicken Sie auf &#8222;Anmeldeformular&#8220;,<br \/>f\u00fcllen Sie dieses am Computer aus und senden Sie es per E-Mail an unsere Schulverwaltung unter<span>\u00a0<\/span><a href=\"mailto:verwaltung@bs-hof.de\">verwaltung@bs-hof.de<\/a>.<br \/>F\u00fcr das \u00d6ffnen des Formulars ben\u00f6tigen Sie den Adobe Reader.<\/p>\n<p class=\"bodytext\"><a href=\"https:\/\/www.bs-hof.de\/wp-content\/uploads\/2023\/01\/bfsanm.pdf\" title=\"Leitet Herunterladen der Datei ein\" target=\"_blank\" rel=\"noopener\"><b>Anmeldeformular<\/b><\/a><\/p>\n<p>[\/et_pb_text][\/et_pb_column][et_pb_column type=&#8220;1_3&#8243; _builder_version=&#8220;4.16&#8243; _module_preset=&#8220;default&#8220; custom_padding=&#8220;|||&#8220; global_colors_info=&#8220;{}&#8220; custom_padding__hover=&#8220;|||&#8220;][et_pb_image src=&#8220;https:\/\/www.bs-hof.de\/wp-content\/uploads\/2022\/09\/informatik_form.jpg&#8220; title_text=&#8220;informatik_form&#8220; _builder_version=&#8220;4.17.4&#8243; _module_preset=&#8220;default&#8220; custom_margin=&#8220;||0px||false|false&#8220; global_colors_info=&#8220;{}&#8220;][\/et_pb_image][\/et_pb_column][\/et_pb_row][\/et_pb_section][et_pb_section fb_built=&#8220;1&#8243; admin_label=&#8220;Fachbereiche&#8220; _builder_version=&#8220;4.17.4&#8243; _module_preset=&#8220;default&#8220; background_color=&#8220;RGBA(255,255,255,0)&#8220; custom_padding=&#8220;|||&#8220; animation_style=&#8220;slide&#8220; animation_direction=&#8220;top&#8220; animation_intensity_slide=&#8220;10%&#8220; box_shadow_style=&#8220;preset3&#8243; box_shadow_vertical=&#8220;10px&#8220; box_shadow_blur=&#8220;105px&#8220; box_shadow_spread=&#8220;0px&#8220; box_shadow_color=&#8220;rgba(0,0,0,0.12)&#8220; collapsed=&#8220;on&#8220; global_colors_info=&#8220;{}&#8220;][et_pb_row column_structure=&#8220;1_3,2_3&#8243; make_equal=&#8220;on&#8220; module_id=&#8220;flyer&#8220; _builder_version=&#8220;4.17.4&#8243; _module_preset=&#8220;default&#8220; background_color=&#8220;RGBA(255,255,255,0)&#8220; max_width=&#8220;80%&#8220; custom_margin=&#8220;|||&#8220; use_custom_width=&#8220;on&#8220; width_unit=&#8220;off&#8220; global_colors_info=&#8220;{}&#8220;][et_pb_column type=&#8220;1_3&#8243; _builder_version=&#8220;4.16&#8243; _module_preset=&#8220;default&#8220; custom_padding=&#8220;|||&#8220; global_colors_info=&#8220;{}&#8220; custom_padding__hover=&#8220;|||&#8220;][et_pb_text module_id=&#8220;berufsaussichten&#8220; _builder_version=&#8220;4.17.4&#8243; _module_preset=&#8220;default&#8220; text_font=&#8220;||||||||&#8220; header_font=&#8220;||||||||&#8220; header_2_font=&#8220;Rubik|700|||||||&#8220; header_2_text_color=&#8220;#A7C520&#8243; header_2_font_size=&#8220;42px&#8220; header_2_line_height=&#8220;1.2em&#8220; module_alignment=&#8220;center&#8220; custom_margin=&#8220;|||&#8220; custom_padding=&#8220;|||&#8220; header_2_font_size_tablet=&#8220;&#8220; header_2_font_size_phone=&#8220;36px&#8220; header_2_font_size_last_edited=&#8220;on|phone&#8220; locked=&#8220;off&#8220; global_colors_info=&#8220;{}&#8220;]<\/p>\n<div class=\"csc-header csc-header-n1\">\n<div class=\"csc-header csc-header-n1\">\n<div class=\"csc-header csc-header-n2\">\n<div class=\"csc-header csc-header-n3\">\n<div class=\"csc-header csc-header-n1\">\n<div id=\"c549\" class=\"csc-default\">\n<div class=\"csc-header csc-header-n1\">\n<div class=\"csc-header csc-header-n1\">\n<div class=\"csc-header csc-header-n1\">\n<h2 class=\"csc-firstHeader\">Flyer<\/h2>\n<\/div>\n<div class=\"csc-textpic-text\"><\/div>\n<\/div>\n<div class=\"csc-textpic-text\">\n<div><\/div>\n<\/div>\n<\/div>\n<div class=\"csc-textpic-text\"><\/div>\n<\/div>\n<div id=\"c887\" class=\"csc-default\">\n<div class=\"csc-textpic csc-textpic-intext-right\">\n<div class=\"csc-textpic-imagewrap\"><\/div>\n<\/div>\n<\/div>\n<\/div>\n<div class=\"csc-textpic csc-textpic-intext-right\"><\/div>\n<\/div>\n<div class=\"csc-textpic-text\"><\/div>\n<\/div>\n<div class=\"csc-textpic-text\"><\/div>\n<\/div>\n<div class=\"csc-textpic-text\"><\/div>\n<\/div>\n<div class=\"csc-textpic-text\"><\/div>\n<p>[\/et_pb_text][et_pb_button button_url=&#8220;https:\/\/www.bs-hof.de\/wp-content\/uploads\/2023\/01\/VA_Final_-_Flyer_Berufliches_Schulzentrum_Hof_DIN_Lang_hoch.pdf&#8220; button_text=&#8220;Download Flyer&#8220; _builder_version=&#8220;4.19.4&#8243; _module_preset=&#8220;default&#8220; hover_enabled=&#8220;0&#8243; global_colors_info=&#8220;{}&#8220; url_new_window=&#8220;on&#8220; sticky_enabled=&#8220;0&#8243;][\/et_pb_button][\/et_pb_column][et_pb_column type=&#8220;2_3&#8243; _builder_version=&#8220;4.16&#8243; _module_preset=&#8220;default&#8220; custom_padding=&#8220;|||&#8220; global_colors_info=&#8220;{}&#8220; custom_padding__hover=&#8220;|||&#8220;][et_pb_image src=&#8220;https:\/\/www.bs-hof.de\/wp-content\/uploads\/2022\/09\/informatik_flyer.jpg&#8220; title_text=&#8220;informatik_flyer&#8220; _builder_version=&#8220;4.17.4&#8243; _module_preset=&#8220;default&#8220; custom_margin=&#8220;||0px||false|false&#8220; global_colors_info=&#8220;{}&#8220;][\/et_pb_image][\/et_pb_column][\/et_pb_row][\/et_pb_section]<\/p>\n","protected":false},"excerpt":{"rendered":"<p>Berufsfachschule f\u00fcr Informatik\u2013 Die SchuleAbteilungsleiter und Lehrkr\u00e4fteAufnahme\/AnmeldungFlyer Abteilungsleiter und Lehrkr\u00e4fte StD Alexander Ott Metalltechnik, Mathematik Leiter der Berufsfachschule OStRin Christina Binder Ern\u00e4hrungswissenschaften, Politik und Gesellschaft StRin Theresa Degelmann Wirtschaftswissenschaften, Informatik OStR Andy Dick Elektrotechnik, Informatik StR Ren\u00e9 Gebelein Wirtschaftswissenschaften, Informatik OStR Jens Geipel Elektrotechnik, Informatik StD Volker Gelbrich Metalltechnik, Informatik StD Alexander H\u00fcttner Metalltechnik, Informatik [&hellip;]<\/p>\n","protected":false},"author":7,"featured_media":0,"parent":123,"menu_order":0,"comment_status":"closed","ping_status":"closed","template":"","meta":{"_et_pb_use_builder":"on","_et_pb_old_content":"","_et_gb_content_width":"","inline_featured_image":false,"footnotes":""},"class_list":["post-516","page","type-page","status-publish","hentry"],"_links":{"self":[{"href":"https:\/\/www.bs-hof.de\/index.php\/wp-json\/wp\/v2\/pages\/516","targetHints":{"allow":["GET"]}}],"collection":[{"href":"https:\/\/www.bs-hof.de\/index.php\/wp-json\/wp\/v2\/pages"}],"about":[{"href":"https:\/\/www.bs-hof.de\/index.php\/wp-json\/wp\/v2\/types\/page"}],"author":[{"embeddable":true,"href":"https:\/\/www.bs-hof.de\/index.php\/wp-json\/wp\/v2\/users\/7"}],"replies":[{"embeddable":true,"href":"https:\/\/www.bs-hof.de\/index.php\/wp-json\/wp\/v2\/comments?post=516"}],"version-history":[{"count":8,"href":"https:\/\/www.bs-hof.de\/index.php\/wp-json\/wp\/v2\/pages\/516\/revisions"}],"predecessor-version":[{"id":1810,"href":"https:\/\/www.bs-hof.de\/index.php\/wp-json\/wp\/v2\/pages\/516\/revisions\/1810"}],"up":[{"embeddable":true,"href":"https:\/\/www.bs-hof.de\/index.php\/wp-json\/wp\/v2\/pages\/123"}],"wp:attachment":[{"href":"https:\/\/www.bs-hof.de\/index.php\/wp-json\/wp\/v2\/media?parent=516"}],"curies":[{"name":"wp","href":"https:\/\/api.w.org\/{rel}","templated":true}]}}